{"id":363,"date":"2019-05-31T06:33:11","date_gmt":"2019-05-31T06:33:11","guid":{"rendered":"https:\/\/memoria2018.sigaus.es\/?page_id=363"},"modified":"2019-08-12T07:14:05","modified_gmt":"2019-08-12T07:14:05","slug":"nuestros-valores","status":"publish","type":"page","link":"https:\/\/memoria2018.sigaus.es\/index.php\/nuestros-valores\/","title":{"rendered":"Nuestros valores"},"content":{"rendered":"<p>[vc_row type=\u00bbfull-width-section\u00bb content_placement=\u00bbtop\u00bb css=\u00bb.vc_custom_1563368986428{margin-top: 0px !important;padding-top: 0px !important;background-image: url(https:\/\/memoria2018.sigaus.es\/wp-content\/uploads\/2019\/05\/fondoNubes.jpg?id=803) !important;background-position: center !important;background-repeat: no-repeat !important;background-size: cover !important;}\u00bb][vc_column css=\u00bb.vc_custom_1563368977868{margin-top: 0px !important;margin-bottom: 0px !important;padding-top: 0px !important;padding-bottom: 0px !important;}\u00bb][vc_row_inner content_placement=\u00bbmiddle\u00bb css=\u00bb.vc_custom_1563368970844{margin-top: 0px !important;padding-top: 0px !important;}\u00bb][vc_column_inner el_class=\u00bbiv-hidden-c\u00bb animation=\u00bbrda_fadeInRight\u00bb offset=\u00bbvc_hidden-lg vc_hidden-md vc_hidden-sm\u00bb css=\u00bb.vc_custom_1563368796864{margin-top: 0px !important;margin-bottom: 0px !important;padding-top: 0px !important;padding-bottom: 0px !important;}\u00bb][vc_single_image image=\u00bb2683&#8243; img_size=\u00bbfull\u00bb alignment=\u00bbcenter\u00bb css=\u00bb.vc_custom_1563368962428{margin-top: 0px !important;padding-top: 0px !important;}\u00bb][\/vc_column_inner][\/vc_row_inner][vc_row_inner equal_height=\u00bbyes\u00bb content_placement=\u00bbmiddle\u00bb css=\u00bb.vc_custom_1563527491891{margin-top: 0px !important;padding-top: 0px !important;}\u00bb][vc_column_inner width=\u00bb1\/2&#8243; animation=\u00bbrda_fadeIn\u00bb][vc_column_text]<\/p>\n<h2 class=\"iv\">Cristina Gallach<\/h2>\n<h3 class=\"iv\">Alta Comisionada para la Agenda 2030 en Espa\u00f1a<\/h3>\n<div class=\"iv-linea\"><\/div>\n<h4>Espa\u00f1a ha situado el desarrollo sostenible en el centro de su acci\u00f3n pol\u00edtica, como un compromiso de Estado que interpela a la sociedad en su conjunto para dejar un pa\u00eds mejor a las futuras generaciones.<\/h4>\n<p>[\/vc_column_text]<div class=\"ult_exp_section_layer ult-adjust-bottom-margin  \" >\r\n\t<div id=\"uvc-exp-wrap-2839\"   data-ultimate-target='#uvc-exp-wrap-2839'  data-responsive-json-new='{\"font-size\":\"desktop:24px;\",\"line-height\":\"desktop:20px;\"}'  class=\"ult_exp_section  ult-responsive \" style=\"color:#1b1464;background-color:rgba(255,255,255,0.01);font-family:Zilla Slab;font-weight:300; padding-top:0px;padding-right:15px;padding-bottom:0px;padding-left:15px;text-align:left;\" data-textcolor=\"#1b1464\"data-texthover=\"#1b1464\"data-icncolor=\"#1b1464\"data-ihover=\"#1b1464\"data-height=\"0\"data-cntbg=\"rgba(255,255,255,0.01)\"data-cnthvrbg=\"rgba(255,255,255,0.01)\"data-headerbg=\"rgba(255,255,255,0.01)\"data-headerhover=\"rgba(255,255,255,0.01)\"data-title=\"Leer m\u00e1s\"data-newtitle=\"Leer menos\"data-icon=\"Defaults-plus\"data-newicon=\"Defaults-minus\"data-activeicon=\"#1b1464\"data-effect=\"slideToggle\"data-override=\"0\"data-activetitle=\"#1b1464\"data-activebg=\"rgba(255,255,255,0.01)\"data-img=\"\"data-newimg=\"\"><div  class=\"ult_exp_section-main ult_expright_icon\">\r\n\t\t\t\t\t<div class=\"ult_expheader\" >Leer m\u00e1s\r\n\t\t\t\t\t <\/div>\t<div class=\"ult-just-icon-wrapper ult_exp_icon\">\r\n\t\t\t\t\t<div class=\"align-icon \">\r\n\t\t\t\t\t\t\n<span class=\"aio-icon  none  ult_expsection_icon \"  style=\"color:#1b1464;font-size:20px;display:inline-block;\">\n\t<i class=\"Defaults-plus ult_ex_icon\"  ><\/i>\n<\/span>\r\n\t\t\t\t\t<\/div>\r\n\t\t\t\t<\/div><\/div>\r\n\t\t\t\t<\/div><div class=\"ult_exp_content \" style=\"background-color:rgba(255,255,255,0.01);  \"><div class=\"ult_ecpsub_cont\" style=\" \" >[vc_column_text]<\/p>\n<p style=\"text-align: left;\">Con la creaci\u00f3n del Alto Comisionado para la Agenda 2030 hace ya un a\u00f1o, el Presidente del Gobierno puso de manifiesto el compromiso adquirido por Espa\u00f1a cuando, el 25 de septiembre de 2015, los 193 pa\u00edses miembros de Naciones Unidas aprobaron la Agenda 2030.<\/p>\n<p style=\"text-align: left;\">Espa\u00f1a ha situado el desarrollo sostenible en el centro de su acci\u00f3n pol\u00edtica, como un compromiso de Estado que interpela a la sociedad en su conjunto para dejar un pa\u00eds mejor a las futuras generaciones. Por ello, es necesario promover las alianzas para alcanzar los ODS, desde el liderazgo y la movilizaci\u00f3n ciudadana. Un proyecto de pa\u00eds donde el desarrollo sostenible se sit\u00faa como eje vertebrador.<\/p>\n<p style=\"text-align: left;\">Los principios de los Objetivos de Desarrollo Sostenible son tambi\u00e9n los valores que dan sentido a Europa: el respeto al Estado de Derecho, el di\u00e1logo y la tolerancia, la igualdad de oportunidades, la paz y la convivencia. Una Europa que protege los derechos de los m\u00e1s vulnerables, que se compromete con los Acuerdos de Par\u00eds para frenar el cambio clim\u00e1tico, que hace de la igualdad de g\u00e9nero una de sus prioridades. En definitiva, avanzar en la construcci\u00f3n de un Estado Social cada vez m\u00e1s fuerte e inclusivo es comprometerse con el desarrollo sostenible.<\/p>\n<p style=\"text-align: left;\">Con la elaboraci\u00f3n de esta Memoria de Sostenibilidad, SIGAUS, como empresa comprometida en la promoci\u00f3n y difusi\u00f3n de los Objetivos de Desarrollo Sostenible, incorpora la Agenda 2030 a su estrategia de negocio para que los cambios sean estructurales y no superficiales, medir su desempe\u00f1o en el cumplimiento de los ODS, as\u00ed como establecer objetivos claros de manera transversal hacia todos y cada uno de los 17 Objetivos de Desarrollo Sostenible.<\/p>\n<p>[\/vc_column_text]<\/div><\/div>\r\n\r\n\t\t\t<\/div>[vc_single_image image=\u00bb505&#8243; img_size=\u00bbfull\u00bb css=\u00bb.vc_custom_1561633997427{margin-top: 0px !important;padding-top: 0px !important;}\u00bb][\/vc_column_inner][vc_column_inner width=\u00bb1\/2&#8243; animation=\u00bbrda_fadeInRight\u00bb offset=\u00bbvc_hidden-xs\u00bb][vc_single_image image=\u00bb2683&#8243; img_size=\u00bbfull\u00bb alignment=\u00bbcenter\u00bb][\/vc_column_inner][\/vc_row_inner][vc_row_inner][vc_column_inner el_class=\u00bbiv-hidden-s iv-visible-xs\u00bb offset=\u00bbvc_hidden-lg vc_hidden-md vc_hidden-sm\u00bb][vc_empty_space height=\u00bb100px\u00bb][\/vc_column_inner][\/vc_row_inner][\/vc_column][\/vc_row][vc_row type=\u00bbfull-width-content\u00bb bg_type=\u00bbimage\u00bb parallax_style=\u00bbvcpb-default\u00bb bg_image_new=\u00bbid^683|url^https:\/\/memoria2018.sigaus.es\/wp-content\/uploads\/2019\/06\/bg-water-2.png|caption^null|alt^null|title^bg-water-2|description^null\u00bb bg_override=\u00bbfull\u00bb el_class=\u00bbiv-bg-water-marco iv-hidden-m\u00bb][vc_column offset=\u00bbvc_hidden-xs\u00bb el_class=\u00bbiv-hidden-m\u00bb][vc_raw_html]JTNDJTIxLS0lMjBFZmVjdG8lMjBhY3VhcmVsYSUyMHYxLS0lM0UlMEElM0MlMjEtLSUyMEVmZWN0byUyMGFjdWFyZWxhJTNBJTIwRXN0YSUyMGNhcGElMjBzZSUyMHBvbmUlMjBzb2JyZSUyMGxhJTIwYW50ZXJpb3IlMkMlMjBoYWNpZW5kbyUyMHF1ZSUyMGFsJTIwcGllJTIwZGUlMjBsYSUyMGNhcGElMjBhbnRlcmlvciUyMGJnJTIwYXBhcmV6Y2ElMjB1bmElMjBpbWFnZW4lMjBkZSUyMGFjdWFyZWxhLS0lM0U=[\/vc_raw_html][vc_empty_space height=\u00bb100px\u00bb][\/vc_column][\/vc_row][vc_row el_id=\u00bbvalores\u00bb][vc_column][vc_column_text animation=\u00bbrda_fadeIn\u00bb css=\u00bb.vc_custom_1561370877292{margin-bottom: 0px !important;padding-bottom: 0px !important;}\u00bb]<\/p>\n<div style=\"text-align: center;\">\n<h2 class=\"iv\" style=\"text-align: center;\">Visi\u00f3n, Misi\u00f3n y Valores<i class=\"iv-linea\"><\/i><\/h2>\n<\/div>\n<p>[\/vc_column_text][vc_tabs interval=\u00bb0&#8243;][vc_tab title=\u00bbVisi\u00f3n estrat\u00e9gica\u00bb tab_id=\u00bb69452b6a-a468-4&#8243;][vc_row_inner equal_height=\u00bbyes\u00bb content_placement=\u00bbmiddle\u00bb][vc_column_inner el_class=\u00bbiv-hidden-c iv-col-8-m iv-mar-2-m\u00bb animation=\u00bbrda_fadeInUp\u00bb offset=\u00bbvc_hidden-lg vc_hidden-md vc_hidden-sm\u00bb][vc_single_image image=\u00bb2238&#8243; img_size=\u00bbfull\u00bb alignment=\u00bbcenter\u00bb][vc_empty_space height=\u00bb10px\u00bb][\/vc_column_inner][\/vc_row_inner][vc_row_inner equal_height=\u00bbyes\u00bb content_placement=\u00bbmiddle\u00bb][vc_column_inner width=\u00bb3\/4&#8243; animation=\u00bbrda_fadeInUp\u00bb][vc_column_text animation=\u00bbrda_fadeInDown\u00bb]<\/p>\n<h3 class=\"iv iv-big\" style=\"text-align: left;\">Visi\u00f3n estrat\u00e9gica<\/h3>\n<p>Como principal Sistema Integrado de Gesti\u00f3n del aceite industrial usado en Espa\u00f1a, nuestra visi\u00f3n estrat\u00e9gica se centra en <strong>cumplir con los objetivos ecol\u00f3gicos que fija la legislaci\u00f3n ambiental<\/strong>, garantizando la recogida y posterior tratamiento de los aceites industriales usados que se generan en Espa\u00f1a, contribuyendo as\u00ed a una sociedad m\u00e1s sostenible que redunde en beneficio de nuestro entorno.[\/vc_column_text][\/vc_column_inner][vc_column_inner el_class=\u00bbiv-hidden-m\u00bb width=\u00bb1\/4&#8243; animation=\u00bbrda_fadeInUp\u00bb offset=\u00bbvc_hidden-xs\u00bb][vc_single_image image=\u00bb2238&#8243; img_size=\u00bbfull\u00bb alignment=\u00bbcenter\u00bb][\/vc_column_inner][\/vc_row_inner][\/vc_tab][vc_tab title=\u00bbMisi\u00f3n operativa\u00bb tab_id=\u00bb6d51aeaf-32bc-7&#8243;][vc_row_inner equal_height=\u00bbyes\u00bb content_placement=\u00bbmiddle\u00bb][vc_column_inner el_class=\u00bbiv-hidden-c iv-col-8-m iv-mar-2-m\u00bb animation=\u00bbrda_fadeInUp\u00bb offset=\u00bbvc_hidden-lg vc_hidden-md vc_hidden-sm\u00bb][vc_single_image image=\u00bb2243&#8243; img_size=\u00bbfull\u00bb alignment=\u00bbcenter\u00bb][vc_empty_space height=\u00bb10px\u00bb][\/vc_column_inner][\/vc_row_inner][vc_row_inner equal_height=\u00bbyes\u00bb content_placement=\u00bbmiddle\u00bb][vc_column_inner width=\u00bb3\/4&#8243; animation=\u00bbrda_fadeInUp\u00bb][vc_column_text animation=\u00bbrda_fadeInDown\u00bb]<\/p>\n<h3 class=\"iv iv-big\" style=\"text-align: left;\">Misi\u00f3n operativa<\/h3>\n<p>Nuestra misi\u00f3n radica en <strong>servir de instrumento a nuestras empresas adheridas<\/strong> (fabricantes e importadoras de lubricantes) para que puedan cumplir con los objetivos ecol\u00f3gicos que establece la ley, disponiendo para ello de los <strong>recursos econ\u00f3micos y log\u00edsticos necesarios<\/strong> que permitan recoger y tratar el residuo adecuadamente, fomentando al mismo tiempo la regeneraci\u00f3n y prevenci\u00f3n.[\/vc_column_text][\/vc_column_inner][vc_column_inner el_class=\u00bbiv-hidden-m\u00bb width=\u00bb1\/4&#8243; animation=\u00bbrda_fadeInUp\u00bb][vc_single_image image=\u00bb2243&#8243; img_size=\u00bbfull\u00bb alignment=\u00bbcenter\u00bb][\/vc_column_inner][\/vc_row_inner][\/vc_tab][vc_tab title=\u00bbValores corporativos\u00bb tab_id=\u00bb1561527347417-2-3&#8243;][vc_column_text animation=\u00bbrda_fadeInUp\u00bb]<\/p>\n<h3 class=\"iv iv-big\" style=\"text-align: left;\">Valores corporativos<\/h3>\n<p>A trav\u00e9s de cuatro principios fundamentales trabajamos para conseguir una sociedad m\u00e1s sostenible, articulando los mecanismos necesarios para transformar el aceite usado en nuevos productos, evitando as\u00ed el consumo de recursos naturales y protegiendo nuestro entorno.[\/vc_column_text][vc_row_inner equal_height=\u00bbyes\u00bb][vc_column_inner el_class=\u00bbiv-col-12-s iv-col-6-m\u00bb width=\u00bb1\/4&#8243; animation=\u00bbrda_fadeInUp\u00bb][vc_single_image image=\u00bb2291&#8243; img_size=\u00bbfull\u00bb alignment=\u00bbcenter\u00bb][vc_column_text]<\/p>\n<h4 style=\"text-align: center;\">Compromiso medioambiental:<\/h4>\n<p style=\"text-align: center;\">Nuestras acciones se centran en prevenir el impacto negativo de este residuo peligroso en nuestro entorno y en la salud de las personas, d\u00e1ndole un nuevo valor como materia prima y reduciendo as\u00ed el uso de recursos naturales. Tambi\u00e9n desarrollamos actividades de responsabilidad social que contribuyen a la protecci\u00f3n ambiental.<\/p>\n<p>[\/vc_column_text][vc_empty_space height=\u00bb10px\u00bb][\/vc_column_inner][vc_column_inner el_class=\u00bbiv-col-12-s iv-col-6-m\u00bb width=\u00bb1\/4&#8243; animation=\u00bbrda_fadeInUp\u00bb][vc_single_image image=\u00bb4751&#8243; img_size=\u00bbfull\u00bb alignment=\u00bbcenter\u00bb][vc_column_text]<\/p>\n<h4 style=\"text-align: center;\">Eficiencia econ\u00f3mica:<\/h4>\n<p style=\"text-align: center;\">Desarrollamos nuestra labor optimizando los costes y aprovechando al m\u00e1ximo nuestros recursos, garantizando as\u00ed la correcta gesti\u00f3n del aceite usado de una manera asumible para el sector y que cumpla con los objetivos ecol\u00f3gicos que exige la ley.<\/p>\n<p>[\/vc_column_text][\/vc_column_inner][vc_column_inner el_class=\u00bbiv-col-12-s iv-col-6-m\u00bb width=\u00bb1\/4&#8243; animation=\u00bbrda_fadeInUp\u00bb][vc_single_image image=\u00bb4752&#8243; img_size=\u00bbfull\u00bb alignment=\u00bbcenter\u00bb][vc_column_text]<\/p>\n<h4 style=\"text-align: center;\">Representatividad:<\/h4>\n<p style=\"text-align: center;\">En SIGAUS estamos abiertos a todas las empresas afectadas por el Real Decreto 679\/2006 que deseen participar en nuestro Sistema para cumplir con las obligaciones medioambientales que en \u00e9l se recogen, con independencia del sector econ\u00f3mico al que pertenezcan.<\/p>\n<p>[\/vc_column_text][\/vc_column_inner][vc_column_inner el_class=\u00bbiv-col-12-s iv-col-6-m\u00bb width=\u00bb1\/4&#8243; animation=\u00bbrda_fadeInUp\u00bb][vc_single_image image=\u00bb2294&#8243; img_size=\u00bbfull\u00bb alignment=\u00bbcenter\u00bb][vc_column_text]<\/p>\n<h4 style=\"text-align: center;\">Transparencia y colaboraci\u00f3n:<\/h4>\n<p style=\"text-align: center;\">Al ser una entidad sin \u00e1nimo de lucro estamos obligados a reinvertir los ingresos y posibles beneficios de nuestra actividad en nuestro fin social, lo que conlleva un ejercicio de m\u00e1xima transparencia con todos los agentes que participan en el SIG, as\u00ed como informar de manera puntual a las Administraciones P\u00fablicas.<\/p>\n<p>[\/vc_column_text][\/vc_column_inner][\/vc_row_inner][\/vc_tab][\/vc_tabs][\/vc_column][\/vc_row][vc_row css=\u00bb.vc_custom_1563450337950{margin-bottom: 0px !important;padding-bottom: 0px !important;}\u00bb el_id=\u00bbmarcolegal\u00bb][vc_column][vc_empty_space][vc_column_text animation=\u00bbrda_fadeIn\u00bb css=\u00bb.vc_custom_1561370900672{margin-bottom: 0px !important;padding-bottom: 0px !important;}\u00bb]<\/p>\n<div style=\"text-align: center;\">\n<h2 class=\"iv\" style=\"text-align: center;\">Marco legal<i class=\"iv-linea\"><\/i><\/h2>\n<\/div>\n<p>[\/vc_column_text][\/vc_column][\/vc_row][vc_row css=\u00bb.vc_custom_1561635631146{margin-bottom: 0px !important;padding-bottom: 0px !important;}\u00bb][vc_column width=\u00bb1\/2&#8243; css=\u00bb.vc_custom_1561635527387{margin-bottom: 0px !important;padding-bottom: 0px !important;}\u00bb][vc_row_inner][vc_column_inner][vc_column_text animation=\u00bbrda_fadeIn\u00bb]La actividad que desarrollamos en SIGAUS se regula por el <strong>Real Decreto 679\/2006<\/strong>, en el que se establece que la responsabilidad de recoger y tratar correctamente el residuo generado por los aceites lubricantes recae en las empresas fabricantes que comercializan estos productos, una responsabilidad que en SIGAUS asumimos en su nombre.[\/vc_column_text][vc_column_text animation=\u00bbrda_fadeIn\u00bb]Adem\u00e1s de esta norma, en 2018 hubo una <strong>renovaci\u00f3n del marco jur\u00eddico general de los residuos en Europa<\/strong>. En concreto hubo una modificaci\u00f3n de directivas fundamentales en este \u00e1mbito, como la directiva \u2018marco\u2019 de residuos, envases y residuos de envases, vertido de residuos, veh\u00edculos al final de su vida \u00fatil, pilas y acumuladores y sus residuos, y residuos de aparatos el\u00e9ctricos y electr\u00f3nicos<em>.<\/em>[\/vc_column_text][\/vc_column_inner][\/vc_row_inner][vc_column_text animation=\u00bbrda_fadeIn\u00bb]<\/p>\n<h4 class=\"iv iv-big\" style=\"text-align: center;\">Cambios tras la nueva directiva \u201cmarco\u201d<\/h4>\n<p>[\/vc_column_text][vc_row_inner][vc_column_inner el_class=\u00bbiv-col-12-s iv-col-6-m\u00bb width=\u00bb1\/2&#8243;]<div class=\"ult_exp_section_layer ult-adjust-bottom-margin iv-desplegable\" >\r\n\t<div id=\"uvc-exp-wrap-9229\"   data-ultimate-target='#uvc-exp-wrap-9229'  data-responsive-json-new='{\"font-size\":\"desktop:20px;\",\"line-height\":\"desktop:20px;\"}'  class=\"ult_exp_section  ult-responsive \" style=\"color:#292956;background-color:#ffffff;font-family:Zilla Slab;font-weight:600;  text-align:center;\" data-textcolor=\"#292956\"data-texthover=\"#292956\"data-icncolor=\"#333333\"data-ihover=\"#333333\"data-height=\"0\"data-cntbg=\"#ffffff\"data-cnthvrbg=\"#ffffff\"data-headerbg=\"#ffffff\"data-headerhover=\"#ffffff\"data-title=\"RAP\"data-newtitle=\"RAP\"data-icon=\"\"data-newicon=\"\"data-activeicon=\"#333333\"data-effect=\"slideToggle\"data-override=\"0\"data-activetitle=\"#292956\"data-activebg=\"#ffffff\"data-img=\"https:\/\/memoria2018.sigaus.es\/wp-content\/uploads\/2019\/06\/icon-RAP-1.png\"data-newimg=\"https:\/\/memoria2018.sigaus.es\/wp-content\/uploads\/2019\/06\/icon-RAP-.png\"><div class=\"ult_exp_section-main \">\r\n\t\t\t\t\t\t\t<div class=\"ult-just-icon-wrapper ult_exp_icon\">\r\n\t\t\t\t\t<div class=\"align-icon \">\r\n\t\t\t\t\t\t\n<span class=\"aio-icon-img  ult_expsection_icon \" style=\"font-size:150px;\" >\n\t<img decoding=\"async\" class=\"img-icon ult_exp_img \" alt=\"null\" src=\"https:\/\/memoria2018.sigaus.es\/wp-content\/uploads\/2019\/06\/icon-RAP-1.png\" \/>\n<\/span>\r\n\t\t\t\t\t<\/div>\r\n\t\t\t\t<\/div>\r\n\t\t\t\t\t\t<div class=\"ult_expheader\" >RAP\r\n\t\t\t\t\t\t <\/div><\/div>\r\n\t\t\t\t<\/div><div class=\"ult_exp_content \" style=\"background-color:#ffffff;  \"><div class=\"ult_ecpsub_cont\" style=\" \" >[vc_column_text]<\/p>\n<ul class=\"iv-list\">\n<li>Consideraci\u00f3n de los sistemas de RAP como \u2018parte esencial de la gesti\u00f3n eficiente de residuos\u2019.<\/li>\n<li>Exigencia a los Estados miembros de una regulaci\u00f3n m\u00e1s precisa (funciones, objetivos, informes\u2026).<\/li>\n<li>Exigencia de mecanismos de autocontrol y transparencia para los sistemas colectivos de RAP.<\/li>\n<\/ul>\n<p>[\/vc_column_text]<\/div><\/div>\r\n\r\n\t\t\t<\/div>[\/vc_column_inner][vc_column_inner el_class=\u00bbiv-col-12-s iv-col-6-m\u00bb width=\u00bb1\/2&#8243;]<div class=\"ult_exp_section_layer ult-adjust-bottom-margin iv-desplegable\" >\r\n\t<div id=\"uvc-exp-wrap-1885\"   data-ultimate-target='#uvc-exp-wrap-1885'  data-responsive-json-new='{\"font-size\":\"desktop:20px;\",\"line-height\":\"desktop:20px;\"}'  class=\"ult_exp_section  ult-responsive \" style=\"color:#292956;background-color:#ffffff;font-family:Zilla Slab;font-weight:600;  text-align:center;\" data-textcolor=\"#292956\"data-texthover=\"#292956\"data-icncolor=\"#333333\"data-ihover=\"#333333\"data-height=\"0\"data-cntbg=\"#ffffff\"data-cnthvrbg=\"#ffffff\"data-headerbg=\"#ffffff\"data-headerhover=\"#ffffff\"data-title=\"ACEITES USADOS\"data-newtitle=\"ACEITES USADOS\"data-icon=\"\"data-newicon=\"\"data-activeicon=\"#333333\"data-effect=\"slideToggle\"data-override=\"0\"data-activetitle=\"#292956\"data-activebg=\"#ffffff\"data-img=\"https:\/\/memoria2018.sigaus.es\/wp-content\/uploads\/2019\/06\/icon-Aceite-usado-1.png\"data-newimg=\"https:\/\/memoria2018.sigaus.es\/wp-content\/uploads\/2019\/06\/icon-Aceite-usado-.png\"><div class=\"ult_exp_section-main \">\r\n\t\t\t\t\t\t\t<div class=\"ult-just-icon-wrapper ult_exp_icon\">\r\n\t\t\t\t\t<div class=\"align-icon \">\r\n\t\t\t\t\t\t\n<span class=\"aio-icon-img  ult_expsection_icon \" style=\"font-size:150px;\" >\n\t<img decoding=\"async\" class=\"img-icon ult_exp_img \" alt=\"null\" src=\"https:\/\/memoria2018.sigaus.es\/wp-content\/uploads\/2019\/06\/icon-Aceite-usado-1.png\" \/>\n<\/span>\r\n\t\t\t\t\t<\/div>\r\n\t\t\t\t<\/div>\r\n\t\t\t\t\t\t<div class=\"ult_expheader\" >ACEITES USADOS\r\n\t\t\t\t\t\t <\/div><\/div>\r\n\t\t\t\t<\/div><div class=\"ult_exp_content \" style=\"background-color:#ffffff;  \"><div class=\"ult_ecpsub_cont\" style=\" \" >[vc_column_text]<\/p>\n<ul class=\"iv-list\">\n<li>Reconocimiento expreso de la regeneraci\u00f3n como m\u00e9todo de gesti\u00f3n prioritario.<\/li>\n<li>Los Estados miembros deber\u00e1n aportar informaci\u00f3n sobre el mercado de aceites industriales y la gesti\u00f3n de aceites usados desde 2020.<\/li>\n<li>Posibilidad de establecer objetivos de regeneraci\u00f3n para los aceites usados en toda Europa.<\/li>\n<\/ul>\n<p>[\/vc_column_text]<\/div><\/div>\r\n\r\n\t\t\t<\/div>[\/vc_column_inner][\/vc_row_inner][vc_row_inner][vc_column_inner el_class=\u00bbiv-col-12-s iv-col-6-m\u00bb width=\u00bb1\/2&#8243;]<div class=\"ult_exp_section_layer ult-adjust-bottom-margin iv-desplegable\" >\r\n\t<div id=\"uvc-exp-wrap-7346\"   data-ultimate-target='#uvc-exp-wrap-7346'  data-responsive-json-new='{\"font-size\":\"desktop:20px;\",\"line-height\":\"desktop:20px;\"}'  class=\"ult_exp_section  ult-responsive \" style=\"color:#292956;background-color:#ffffff;font-family:Zilla Slab;font-weight:600;  text-align:center;\" data-textcolor=\"#292956\"data-texthover=\"#292956\"data-icncolor=\"#333333\"data-ihover=\"#333333\"data-height=\"0\"data-cntbg=\"#ffffff\"data-cnthvrbg=\"#ffffff\"data-headerbg=\"#ffffff\"data-headerhover=\"#ffffff\"data-title=\"ENVASES\"data-newtitle=\"ENVASES\"data-icon=\"\"data-newicon=\"\"data-activeicon=\"#333333\"data-effect=\"slideToggle\"data-override=\"0\"data-activetitle=\"#292956\"data-activebg=\"#ffffff\"data-img=\"https:\/\/memoria2018.sigaus.es\/wp-content\/uploads\/2019\/06\/icon-Envases-1.png\"data-newimg=\"https:\/\/memoria2018.sigaus.es\/wp-content\/uploads\/2019\/06\/icon-Envases-.png\"><div class=\"ult_exp_section-main \">\r\n\t\t\t\t\t\t\t<div class=\"ult-just-icon-wrapper ult_exp_icon\">\r\n\t\t\t\t\t<div class=\"align-icon \">\r\n\t\t\t\t\t\t\n<span class=\"aio-icon-img  ult_expsection_icon \" style=\"font-size:150px;\" >\n\t<img decoding=\"async\" class=\"img-icon ult_exp_img \" alt=\"null\" src=\"https:\/\/memoria2018.sigaus.es\/wp-content\/uploads\/2019\/06\/icon-Envases-1.png\" \/>\n<\/span>\r\n\t\t\t\t\t<\/div>\r\n\t\t\t\t<\/div>\r\n\t\t\t\t\t\t<div class=\"ult_expheader\" >ENVASES\r\n\t\t\t\t\t\t <\/div><\/div>\r\n\t\t\t\t<\/div><div class=\"ult_exp_content \" style=\"background-color:#ffffff;  \"><div class=\"ult_ecpsub_cont\" style=\" \" >[vc_column_text]<\/p>\n<ul class=\"iv-list\">\n<li>Como consecuencia de la modificaci\u00f3n de la directiva de envases, ser\u00e1 obligatorio aplicar el principio de RAP a los envases comerciales e industriales (incluyendo los de lubricantes) antes de 2025.<\/li>\n<\/ul>\n<p>[\/vc_column_text]<\/div><\/div>\r\n\r\n\t\t\t<\/div>[\/vc_column_inner][vc_column_inner el_class=\u00bbiv-col-12-s iv-col-6-m\u00bb width=\u00bb1\/2&#8243;]<div class=\"ult_exp_section_layer ult-adjust-bottom-margin iv-desplegable\" >\r\n\t<div id=\"uvc-exp-wrap-9283\"   data-ultimate-target='#uvc-exp-wrap-9283'  data-responsive-json-new='{\"font-size\":\"desktop:20px;\",\"line-height\":\"desktop:20px;\"}'  class=\"ult_exp_section  ult-responsive \" style=\"color:#292956;background-color:#ffffff;font-family:Zilla Slab;font-weight:600;  text-align:center;\" data-textcolor=\"#292956\"data-texthover=\"#292956\"data-icncolor=\"#333333\"data-ihover=\"#333333\"data-height=\"0\"data-cntbg=\"#ffffff\"data-cnthvrbg=\"#ffffff\"data-headerbg=\"#ffffff\"data-headerhover=\"#ffffff\"data-title=\"CAR\u00c1CTER GENERAL\"data-newtitle=\"CAR\u00c1CTER GENERAL\"data-icon=\"\"data-newicon=\"\"data-activeicon=\"#333333\"data-effect=\"slideToggle\"data-override=\"0\"data-activetitle=\"#292956\"data-activebg=\"#ffffff\"data-img=\"https:\/\/memoria2018.sigaus.es\/wp-content\/uploads\/2019\/06\/icon-Caracter-general-1.png\"data-newimg=\"https:\/\/memoria2018.sigaus.es\/wp-content\/uploads\/2019\/06\/icon-Caracter-general-.png\"><div class=\"ult_exp_section-main \">\r\n\t\t\t\t\t\t\t<div class=\"ult-just-icon-wrapper ult_exp_icon\">\r\n\t\t\t\t\t<div class=\"align-icon \">\r\n\t\t\t\t\t\t\n<span class=\"aio-icon-img  ult_expsection_icon \" style=\"font-size:150px;\" >\n\t<img decoding=\"async\" class=\"img-icon ult_exp_img \" alt=\"null\" src=\"https:\/\/memoria2018.sigaus.es\/wp-content\/uploads\/2019\/06\/icon-Caracter-general-1.png\" \/>\n<\/span>\r\n\t\t\t\t\t<\/div>\r\n\t\t\t\t<\/div>\r\n\t\t\t\t\t\t<div class=\"ult_expheader\" >CAR\u00c1CTER GENERAL\r\n\t\t\t\t\t\t <\/div><\/div>\r\n\t\t\t\t<\/div><div class=\"ult_exp_content \" style=\"background-color:#ffffff;  \"><div class=\"ult_ecpsub_cont\" style=\" \" >[vc_column_text]<\/p>\n<ul class=\"iv-list\">\n<li>Recogida separada de residuos dom\u00e9sticos peligrosos antes de 2025, como envases de lubricantes de menos de 5 litros.<\/li>\n<li>Posibilidad de que los Estados miembros adopten medidas del principio de jerarqu\u00eda, como la \u201ccontrataci\u00f3n p\u00fablica verde\u201d o incentivos fiscales y no fiscales al uso de materiales reciclados.<\/li>\n<\/ul>\n<p>[\/vc_column_text]<\/div><\/div>\r\n\r\n\t\t\t<\/div>[\/vc_column_inner][\/vc_row_inner][\/vc_column][vc_column width=\u00bb1\/2&#8243; css=\u00bb.vc_custom_1561635536802{margin-bottom: 0px !important;padding-bottom: 0px !important;}\u00bb][vc_row_inner][vc_column_inner animation=\u00bbrda_fadeInUp\u00bb][vc_column_text]En el \u00e1mbito nacional, en marzo de 2018 el antiguo MAPAMA (Ministerio de Agricultura y Pesca, Alimentaci\u00f3n y Medio Ambiente) public\u00f3 una Orden Ministerial para establecer los requisitos que deber\u00e1 cumplir el <strong>aceite usado procesado <\/strong>para ser comercializado como<strong> combustible asimilable al fuel \u00f3leo.<\/strong> Estos nuevos requisitos est\u00e1n relacionados con el tratamiento realizado (que debe incluir un procesado t\u00e9rmico) y con la presencia de sustancias contaminantes:[\/vc_column_text][vc_column_text]<\/p>\n<table class=\"iv-table iv-table02\" border=\"0\" cellspacing=\"0\" cellpadding=\"0\">\n<tbody>\n<tr>\n<th valign=\"top\">\n<p align=\"center\"><strong>Sustancias<\/strong><\/p>\n<\/th>\n<th valign=\"top\">\n<p align=\"center\"><strong>Concentraci\u00f3n m\u00e1xima<\/strong><br \/>\n<em>(partes por mill\u00f3n)<\/em><\/p>\n<\/th>\n<\/tr>\n<tr>\n<td valign=\"top\">Metales: n\u00edquel, plomo, cadmio, cromo, ars\u00e9nico, cobre, cobalto, manganeso, talio, antimonio, zinc, esta\u00f1o y mercurio<\/td>\n<td valign=\"top\">\n<p align=\"center\">&lt;5<\/p>\n<\/td>\n<\/tr>\n<tr>\n<td valign=\"top\">Policloruro de bifenilo (PCB)<\/td>\n<td valign=\"top\">\n<p align=\"center\">&lt;1<\/p>\n<\/td>\n<\/tr>\n<tr>\n<td valign=\"top\">Compuestos org\u00e1nicos halogenados (como cloro total)<\/td>\n<td valign=\"top\">\n<p align=\"center\">&lt;50<\/p>\n<\/td>\n<\/tr>\n<\/tbody>\n<\/table>\n<p>[\/vc_column_text][vc_column_text animation=\u00bbrda_fadeIn\u00bb]Dado que estos requisitos son mucho m\u00e1s exigentes que los aplicados con anterioridad y obligatorios desde el mes de julio de 2018, se ha habilitado un <strong>periodo transitorio de dos a\u00f1os<\/strong>, hasta marzo de 2020, para que puedan adaptarse las instalaciones que lo soliciten.[\/vc_column_text][vc_column_text animation=\u00bbrda_fadeIn\u00bb]En 2018 tambi\u00e9n cabe destacar la labor que el Ministerio para la Transici\u00f3n Ecol\u00f3gica (MITECO) ha realizado en la <strong>Estrategia Espa\u00f1ola de Econom\u00eda Circular<\/strong>, junto al resto de ministerios implicados, las Comunidades Aut\u00f3nomas y la Federaci\u00f3n Espa\u00f1ola de Municipios y Provincias (FEMP).[\/vc_column_text][vc_single_image image=\u00bb505&#8243; img_size=\u00bbfull\u00bb animation=\u00bbrda_fadeIn\u00bb][\/vc_column_inner][\/vc_row_inner][\/vc_column][\/vc_row][vc_row type=\u00bbfull-width-section\u00bb bg_type=\u00bbimage\u00bb parallax_style=\u00bbvcpb-default\u00bb bg_image_new=\u00bbid^2719|url^https:\/\/memoria2018.sigaus.es\/wp-content\/uploads\/2019\/06\/bg-sky.jpg|caption^null|alt^null|title^bg-sky|description^null\u00bb bg_image_repeat=\u00bbno-repeat\u00bb bg_image_posiiton=\u00bbtop center\u00bb bg_override=\u00bbex-full\u00bb css=\u00bb.vc_custom_1563450371719{margin-top: 0px !important;padding-top: 0px !important;}\u00bb el_id=\u00bbfraude\u00bb][vc_column][vc_empty_space height=\u00bb0px\u00bb][vc_column_text animation=\u00bbrda_fadeIn\u00bb css=\u00bb.vc_custom_1561370929688{margin-bottom: 0px !important;padding-bottom: 0px !important;}\u00bb]<\/p>\n<div style=\"text-align: center;\">\n<h2 class=\"iv\" style=\"text-align: center;\">Control de fraude<i class=\"iv-linea\"><\/i><\/h2>\n<\/div>\n<p>[\/vc_column_text][vc_row_inner content_placement=\u00bbtop\u00bb][vc_column_inner width=\u00bb1\/2&#8243; animation=\u00bbrda_fadeInLeft\u00bb][vc_column_text]En algunas ocasiones y por falta de conocimiento de la normativa que regula los aceites industriales usados, existen empresas que comercializan aceites lubricantes en el mercado espa\u00f1ol sin cumplir con las obligaciones exigidas en el Real Decreto 679\/2006. Para evitar estas situaciones que estar\u00edan fuera de la ley y que pueden suponer una desventaja econ\u00f3mica para nuestras empresas adheridas, desde SIGAUS <strong>analizamos peri\u00f3dicamente el mercado<\/strong> para detectar posibles casos de compa\u00f1\u00edas que est\u00e9n comercializando aceites lubricantes sin estar bajo el amparo de la normativa de aceites industriales usados, <strong>con el fin de que puedan cumplir con estas obligaciones adhiri\u00e9ndose a nuestro SIG<\/strong>.[\/vc_column_text][vc_single_image image=\u00bb2362&#8243; img_size=\u00bbfull\u00bb animation=\u00bbrda_fadeIn\u00bb][\/vc_column_inner][vc_column_inner width=\u00bb1\/2&#8243; animation=\u00bbrda_fadeInRight\u00bb][vc_column_text]De esta manera, no s\u00f3lo tratamos de evitar que haya organizaciones en situaci\u00f3n de fraude operando en el mercado, sino que buscamos un beneficio para nuestras empresas adheridas, al permitir que haya m\u00e1s compa\u00f1\u00edas colaborando de manera solidaria con la gesti\u00f3n de los aceites usados, y en definitiva, que puedan competir libremente en el mercado en condiciones de igualdad.<\/p>\n<p>Para realizar este an\u00e1lisis del mercado contamos con distintas herramientas, como los\u00a0<strong>registros de importaciones elaborados por el Consejo Superior de C\u00e1maras de Comercio<\/strong>, en colaboraci\u00f3n con la <strong>Agencia Tributaria<\/strong>. En caso de detectar empresas que operen fuera de la normativa de aceites usados, desde SIGAUS contactamos con ellas para informarles de su situaci\u00f3n y de sus obligaciones legales, d\u00e1ndoles la posibilidad de cumplir con ellas adhiri\u00e9ndose a nuestro Sistema.[\/vc_column_text][vc_single_image image=\u00bb505&#8243; img_size=\u00bbfull\u00bb][\/vc_column_inner][\/vc_row_inner][vc_empty_space height=\u00bb50px\u00bb el_class=\u00bbiv-hidden-m\u00bb][\/vc_column][\/vc_row][vc_row type=\u00bbfull-width-content\u00bb bg_type=\u00bbimage\u00bb parallax_style=\u00bbvcpb-default\u00bb bg_image_new=\u00bbid^683|url^https:\/\/memoria2018.sigaus.es\/wp-content\/uploads\/2019\/06\/bg-water-2.png|caption^null|alt^null|title^bg-water-2|description^null\u00bb bg_override=\u00bbfull\u00bb el_class=\u00bbiv-bg-water-marco iv-hidden-m\u00bb][vc_column offset=\u00bbvc_hidden-xs\u00bb el_class=\u00bbiv-hidden-m\u00bb][vc_raw_html]JTNDJTIxLS0lMjBFZmVjdG8lMjBhY3VhcmVsYSUyMHYxLS0lM0UlMEElM0MlMjEtLSUyMEVmZWN0byUyMGFjdWFyZWxhJTNBJTIwRXN0YSUyMGNhcGElMjBzZSUyMHBvbmUlMjBzb2JyZSUyMGxhJTIwYW50ZXJpb3IlMkMlMjBoYWNpZW5kbyUyMHF1ZSUyMGFsJTIwcGllJTIwZGUlMjBsYSUyMGNhcGElMjBhbnRlcmlvciUyMGJnJTIwYXBhcmV6Y2ElMjB1bmElMjBpbWFnZW4lMjBkZSUyMGFjdWFyZWxhLS0lM0U=[\/vc_raw_html][vc_empty_space height=\u00bb100px\u00bb][\/vc_column][\/vc_row][vc_row css=\u00bb.vc_custom_1563450399343{margin-bottom: 0px !important;padding-bottom: 0px !important;}\u00bb el_id=\u00bbauditoriasgestores\u00bb][vc_column][vc_column_text animation=\u00bbrda_fadeIn\u00bb css=\u00bb.vc_custom_1562662525686{margin-bottom: 0px !important;padding-bottom: 0px !important;}\u00bb]<\/p>\n<div style=\"text-align: center;\">\n<h2 class=\"iv\" style=\"text-align: center;\">Auditor\u00edas a EE.AA. y gestores<i class=\"iv-linea\"><\/i><\/h2>\n<\/div>\n<p>[\/vc_column_text][vc_column_text]En l\u00ednea con nuestra pol\u00edtica de transparencia y de trabajar para que nuestro Sistema funcione de acuerdo a unos principios de eficiencia y rigor, en SIGAUS realizamos cada a\u00f1o un proceso de auditor\u00edas a trav\u00e9s de la firma independiente PwC con el fin de revisar y verificar las declaraciones de fabricantes y gestores recogidas en nuestro Sistema de Informaci\u00f3n Tecnol\u00f3gico.[\/vc_column_text][vc_accordion active_tab=\u00bbfalse\u00bb collapsible=\u00bbyes\u00bb style=\u00bbrd_acc_12&#8243;][vc_accordion_tab title=\u00bbAuditor\u00edas a fabricantes\u00bb title_color=\u00bb#1b1464&#8243; border_color=\u00bb#838383&#8243;][vc_column_text]Con este proceso se verifica que las cantidades declaradas por los fabricantes se corresponden con las que efectivamente se han puesto en el mercado, a partir de la contabilidad de estas empresas. Asimismo se verifica que los criterios seguidos para decidir qu\u00e9 productos se incluyen en las declaraciones son correctos.<\/p>\n<p>En 2018 la campa\u00f1a de revisi\u00f3n de declaraciones se llev\u00f3 a cabo sobre una muestra de <strong>26 empresas adheridas<\/strong>, en la que se efectu\u00f3 una verificaci\u00f3n de las cantidades de aceites industriales puestos en el mercado durante 2016 y 2017. En concreto, <strong>se revisaron 9.429 t declaradas en el a\u00f1o 2016 y 10.266 t en el a\u00f1o 2017<\/strong>, lo que supone un 7,9 % del total puesto en el mercado en 2016 y un 3,5% del total en 2017. Estos bajos porcentajes obedecen al compromiso de SIGAUS de revisar peri\u00f3dicamente a todo tipo de empresas adheridas, incluyendo a las que tienen un menor volumen de mercado, como ha sido en este caso.<\/p>\n<p>Gracias a este tipo de auditor\u00edas, se ha verificado <strong>cerca de un 60%<\/strong> del total del aceite industrial puesto en el mercado en Espa\u00f1a por nuestras empresas adheridas entre los a\u00f1os 2007 y 2017.[\/vc_column_text][vc_row_inner][vc_column_inner width=\u00bb1\/4&#8243;][\/vc_column_inner][vc_column_inner width=\u00bb1\/2&#8243;][vc_column_text animation=\u00bbrda_fadeIn\u00bb]<\/p>\n<h4 style=\"text-align: center;\">Volumen de mercado adherido sometido a verificaci\u00f3n<\/h4>\n<p>[\/vc_column_text][vc_single_image image=\u00bb2694&#8243; img_size=\u00bbfull\u00bb onclick=\u00bblink_image\u00bb][\/vc_column_inner][vc_column_inner width=\u00bb1\/4&#8243;][\/vc_column_inner][\/vc_row_inner][\/vc_accordion_tab][vc_accordion_tab title=\u00bbAuditor\u00edas a gestores\u00bb title_color=\u00bb#1b1464&#8243; border_color=\u00bb#838383&#8243;][vc_column_text]A trav\u00e9s de la revisi\u00f3n de las declaraciones efectuadas por los gestores durante el ejercicio anterior, tratamos de verificar que la financiaci\u00f3n que desde SIGAUS se les aporta se adec\u00faa con las cantidades que han declarado, as\u00ed como con las actividades por las que han solicitado la financiaci\u00f3n, incluyendo operaciones de recogida, de tratamiento previo y regeneraci\u00f3n, as\u00ed como las entradas y salidas a planta, documentaci\u00f3n, registro de pesadas o procesos de recepci\u00f3n, entre otros.<\/p>\n<p>El proceso de verificaci\u00f3n de las operaciones declaradas por los gestores de aceites usados con contrato afect\u00f3 en 2018 al <strong>17,18% del residuo recogido en 2017<\/strong> y a la <strong>pr\u00e1ctica totalidad (un 99,20%) del aceite regenerado <\/strong>ese mismo a\u00f1o. Para verificar estas cantidades se realiz\u00f3 un balance de entradas y salidas de planta de <strong>15 empresas gestoras<\/strong>, sobre la base de los documentos legales para la trazabilidad del residuo, as\u00ed como una comprobaci\u00f3n de la adecuaci\u00f3n de los registros, pesadas, an\u00e1lisis, procesos y tipolog\u00edas de residuo o producto descritas. Por otro lado, se revis\u00f3 un <strong>67% del total de la financiaci\u00f3n aportada a las empresas gestoras<\/strong>.[\/vc_column_text][vc_row_inner][vc_column_inner width=\u00bb1\/4&#8243;][\/vc_column_inner][vc_column_inner width=\u00bb1\/2&#8243;][vc_column_text animation=\u00bbrda_fadeIn\u00bb]<\/p>\n<h4 style=\"text-align: center;\">Volumen de financiaci\u00f3n de la gesti\u00f3n sometido a verificaci\u00f3n<\/h4>\n<p>[\/vc_column_text][vc_single_image image=\u00bb2695&#8243; img_size=\u00bbfull\u00bb onclick=\u00bblink_image\u00bb][\/vc_column_inner][vc_column_inner width=\u00bb1\/4&#8243;][\/vc_column_inner][\/vc_row_inner][vc_column_text animation=\u00bbrda_fadeIn\u00bb]<\/p>\n<h4 style=\"text-align: center;\">Volumen de gesti\u00f3n sometido a verificaci\u00f3n<\/h4>\n<p>[\/vc_column_text][vc_row_inner][vc_column_inner width=\u00bb1\/2&#8243;][vc_single_image image=\u00bb2893&#8243; img_size=\u00bbfull\u00bb onclick=\u00bblink_image\u00bb][\/vc_column_inner][vc_column_inner width=\u00bb1\/2&#8243;][vc_single_image image=\u00bb2892&#8243; img_size=\u00bbfull\u00bb onclick=\u00bblink_image\u00bb][\/vc_column_inner][\/vc_row_inner][\/vc_accordion_tab][\/vc_accordion][vc_empty_space][vc_single_image image=\u00bb505&#8243; img_size=\u00bbfull\u00bb animation=\u00bbrda_fadeIn\u00bb][vc_empty_space][\/vc_column][\/vc_row][vc_row type=\u00bbfull-width-content\u00bb el_class=\u00bbiv-bg-deg iv-hidden-m\u00bb][vc_column el_class=\u00bbiv-hidden-m\u00bb offset=\u00bbvc_hidden-xs\u00bb][vc_raw_html]JTNDJTIxLS0lMjBFZmVjdG8lMjBkZWclMjAtLSUzRQ==[\/vc_raw_html][\/vc_column][\/vc_row][vc_row type=\u00bbfull-width-section\u00bb bg_type=\u00bbgrad\u00bb bg_override=\u00bbex-full\u00bb bg_grad=\u00bbbackground: -webkit-gradient(linear, left top, left bottom, color-stop(0%, #FFFFFF), color-stop(28%, #F5F5F5), color-stop(78%, #EBEBEB), color-stop(99%, #FFFFFF));background: -moz-linear-gradient(top,#FFFFFF 0%,#F5F5F5 28%,#EBEBEB 78%,#FFFFFF 99%);background: -webkit-linear-gradient(top,#FFFFFF 0%,#F5F5F5 28%,#EBEBEB 78%,#FFFFFF 99%);background: -o-linear-gradient(top,#FFFFFF 0%,#F5F5F5 28%,#EBEBEB 78%,#FFFFFF 99%);background: -ms-linear-gradient(top,#FFFFFF 0%,#F5F5F5 28%,#EBEBEB 78%,#FFFFFF 99%);background: linear-gradient(top,#FFFFFF 0%,#F5F5F5 28%,#EBEBEB 78%,#FFFFFF 99%);\u00bb el_id=\u00bbProtecciondatos\u00bb][vc_column][vc_empty_space height=\u00bb75px\u00bb el_class=\u00bbiv-hidden-m\u00bb][vc_row_inner equal_height=\u00bbyes\u00bb][vc_column_inner width=\u00bb1\/2&#8243; animation=\u00bbrda_fadeInLeft\u00bb][vc_column_text animation=\u00bbrda_fadeIn\u00bb css=\u00bb.vc_custom_1561447880804{margin-bottom: 0px !important;padding-bottom: 0px !important;}\u00bb]<\/p>\n<div style=\"text-align: center;\">\n<h2 class=\"iv\" style=\"text-align: left;\">Protecci\u00f3n de datos<i class=\"iv-linea\"><\/i><\/h2>\n<\/div>\n<p>[\/vc_column_text][vc_column_text css=\u00bb.vc_custom_1561633810706{margin-bottom: 0px !important;padding-bottom: 0px !important;}\u00bb]En SIGAUS velamos por <strong>garantizar y proteger el tratamiento de los datos personales<\/strong> y lo que concierne a la circulaci\u00f3n de los mismos, as\u00ed como las libertades p\u00fablicas y los derechos fundamentales de las personas f\u00edsicas. Por ello, y de acuerdo con lo estipulado en el <strong>Reglamento General de Protecci\u00f3n de Datos (RGPD)<\/strong> y en la <strong>Ley Org\u00e1nica de Protecci\u00f3n de Datos (LOPD)<\/strong>, los documentos que formalizan nuestras relaciones contractuales incluyen cl\u00e1usulas en las que se pone de manifiesto:[\/vc_column_text][vc_empty_space][vc_single_image image=\u00bb505&#8243; img_size=\u00bbfull\u00bb css=\u00bb.vc_custom_1561633818620{margin-top: 0px !important;padding-top: 0px !important;}\u00bb][\/vc_column_inner][vc_column_inner width=\u00bb1\/2&#8243; animation=\u00bbrda_fadeInRight\u00bb][vc_single_image image=\u00bb3825&#8243; img_size=\u00bbfull\u00bb alignment=\u00bbcenter\u00bb][\/vc_column_inner][\/vc_row_inner][vc_empty_space height=\u00bb50px\u00bb el_class=\u00bbiv-hidden-m\u00bb][\/vc_column][\/vc_row][vc_row type=\u00bbfull-width-content\u00bb bg_type=\u00bbimage\u00bb parallax_style=\u00bbvcpb-default\u00bb bg_image_new=\u00bbid^683|url^https:\/\/memoria2018.sigaus.es\/wp-content\/uploads\/2019\/06\/bg-water-2.png|caption^null|alt^null|title^bg-water-2|description^null\u00bb bg_override=\u00bbfull\u00bb el_class=\u00bbiv-bg-water-marco iv-hidden-m\u00bb][vc_column el_class=\u00bbiv-hidden-m\u00bb offset=\u00bbvc_hidden-xs\u00bb][vc_raw_html]JTNDJTIxLS0lMjBFZmVjdG8lMjBhY3VhcmVsYSUyMHYxLS0lM0UlMEElM0MlMjEtLSUyMEVmZWN0byUyMGFjdWFyZWxhJTNBJTIwRXN0YSUyMGNhcGElMjBzZSUyMHBvbmUlMjBzb2JyZSUyMGxhJTIwYW50ZXJpb3IlMkMlMjBoYWNpZW5kbyUyMHF1ZSUyMGFsJTIwcGllJTIwZGUlMjBsYSUyMGNhcGElMjBhbnRlcmlvciUyMGJnJTIwYXBhcmV6Y2ElMjB1bmElMjBpbWFnZW4lMjBkZSUyMGFjdWFyZWxhLS0lM0U=[\/vc_raw_html][vc_empty_space height=\u00bb100px\u00bb][\/vc_column][\/vc_row][vc_row css=\u00bb.vc_custom_1563450450822{margin-bottom: 0px !important;padding-bottom: 0px !important;}\u00bb el_id=\u00bbetica\u00bb][vc_column css=\u00bb.vc_custom_1563803549100{margin-bottom: 0px !important;padding-bottom: 0px !important;}\u00bb][vc_column_text animation=\u00bbrda_fadeIn\u00bb css=\u00bb.vc_custom_1561371024442{margin-bottom: 0px !important;padding-bottom: 0px !important;}\u00bb]<\/p>\n<div style=\"text-align: center;\">\n<h2 class=\"iv\" style=\"text-align: center;\">C\u00f3digo \u00e9tico y de competencia<i class=\"iv-linea\"><\/i><\/h2>\n<\/div>\n<p>[\/vc_column_text][vc_column_text animation=\u00bbrda_fadeIn\u00bb]Es un documento aprobado por los \u00d3rganos de Gobierno de SIGAUS y que sirve de marco para regular las relaciones que mantenemos con nuestros grupos de inter\u00e9s, ya sean socios, empresas adheridas, productores del residuo, proveedores, o representantes de las Administraciones P\u00fablicas, entre otros. Este documento que es vinculante contractualmente para todos los empleados de SIGAUS, sus miembros de Gobierno (tanto a t\u00edtulo personal como de la Empresa que representan) y la propia Entidad como persona jur\u00eddica, materializa nuestro compromiso con la neutralidad del mercado y la transparencia informativa. El C\u00f3digo incorpora:[\/vc_column_text][vc_row_inner equal_height=\u00bbyes\u00bb css=\u00bb.vc_custom_1563803456780{margin-bottom: 0px !important;padding-bottom: 0px !important;}\u00bb][vc_column_inner width=\u00bb1\/3&#8243; animation=\u00bbrda_fadeInUp\u00bb offset=\u00bbvc_hidden-xs\u00bb css=\u00bb.vc_custom_1563808401272{margin-bottom: 0px !important;padding-bottom: 0px !important;}\u00bb][vc_single_image image=\u00bb2458&#8243; img_size=\u00bbfull\u00bb alignment=\u00bbcenter\u00bb][vc_column_text animation=\u00bbrda_fadeInDown\u00bb]Una serie de pautas de conducta destinadas a <strong>respetar la competencia y libre mercado<\/strong>, algo fundamental para SIGAUS, habida cuenta de que las empresas que conforman nuestro Consejo son directamente competidoras por lo que el respeto por una econom\u00eda libre y competitiva es un principio b\u00e1sico de nuestra actuaci\u00f3n. En concreto, el C\u00f3digo incluye el compromiso de evitar llegar a acuerdos que pudieran ser anti-competitivos, como fijar precios o condiciones, controlar el desarrollo t\u00e9cnico, repartir el mercado o limitar la producci\u00f3n.[\/vc_column_text][\/vc_column_inner][vc_column_inner width=\u00bb1\/3&#8243; animation=\u00bbrda_fadeInUp\u00bb offset=\u00bbvc_hidden-xs\u00bb css=\u00bb.vc_custom_1563808409265{margin-bottom: 0px !important;padding-bottom: 0px !important;}\u00bb][vc_single_image image=\u00bb2459&#8243; img_size=\u00bbfull\u00bb alignment=\u00bbcenter\u00bb el_class=\u00bbiv-col-8-m iv-mar-2-m\u00bb][vc_column_text animation=\u00bbrda_fadeInDown\u00bb]Un conjunto de <strong>obligaciones y precauciones<\/strong> a tener en cuenta con el fin de garantizar que las actuaciones de SIGAUS se adec\u00faan a la m\u00e1xima <strong>\u00e9tica y correcci\u00f3n profesional<\/strong>, evitando pr\u00e1cticas de corrupci\u00f3n, o actuaciones en contra de la transparencia informativa, de la eficiencia en el uso de los recursos asignados y de la buena reputaci\u00f3n de SIGAUS.[\/vc_column_text][\/vc_column_inner][vc_column_inner width=\u00bb1\/3&#8243; animation=\u00bbrda_fadeInUp\u00bb offset=\u00bbvc_hidden-xs\u00bb css=\u00bb.vc_custom_1563808415936{margin-bottom: 0px !important;padding-bottom: 0px !important;}\u00bb][vc_single_image image=\u00bb2460&#8243; img_size=\u00bbfull\u00bb alignment=\u00bbcenter\u00bb el_class=\u00bbiv-col-8-m iv-mar-2-m\u00bb][vc_column_text animation=\u00bbrda_fadeInDown\u00bb]<\/p>\n<p>Normas espec\u00edficas para asegurar la <strong>estanqueidad de los datos<\/strong> para empleados y directivos, as\u00ed como sistemas inform\u00e1ticos que la garanticen, con el fin de asegurar unos principios de <strong>confidencialidad e independencia<\/strong> en el tratamiento de la informaci\u00f3n.<\/p>\n<p>[\/vc_column_text][\/vc_column_inner][\/vc_row_inner][vc_row_inner equal_height=\u00bbyes\u00bb el_class=\u00bbiv-hidden-l-sup\u00bb css=\u00bb.vc_custom_1563808729080{margin-top: 0px !important;margin-bottom: 0px !important;padding-top: 0px !important;padding-bottom: 0px !important;}\u00bb][vc_column_inner el_class=\u00bbiv-hidden-c\u00bb animation=\u00bbrda_fadeInUp\u00bb offset=\u00bbvc_hidden-lg vc_hidden-md vc_hidden-sm\u00bb][vc_single_image image=\u00bb2458&#8243; img_size=\u00bbfull\u00bb alignment=\u00bbcenter\u00bb][vc_column_text animation=\u00bbrda_fadeInDown\u00bb]Una serie de pautas de conducta destinadas a <strong>respetar la competencia y libre mercado<\/strong>, algo fundamental para SIGAUS, habida cuenta de que las empresas que conforman nuestro Consejo son directamente competidoras por lo que el respeto por una econom\u00eda libre y competitiva es un principio b\u00e1sico de nuestra actuaci\u00f3n. En concreto, el C\u00f3digo incluye el compromiso de evitar llegar a acuerdos que pudieran ser anti-competitivos, como fijar precios o condiciones, controlar el desarrollo t\u00e9cnico, repartir el mercado o limitar la producci\u00f3n.[\/vc_column_text][vc_single_image image=\u00bb2459&#8243; img_size=\u00bbfull\u00bb alignment=\u00bbcenter\u00bb el_class=\u00bbiv-col-8-m iv-mar-2-m\u00bb][vc_column_text animation=\u00bbrda_fadeInDown\u00bb]Un conjunto de <strong>obligaciones y precauciones<\/strong> a tener en cuenta con el fin de garantizar que las actuaciones de SIGAUS se adec\u00faan a la m\u00e1xima <strong>\u00e9tica y correcci\u00f3n profesional<\/strong>, evitando pr\u00e1cticas de corrupci\u00f3n, o actuaciones en contra de la transparencia informativa, de la eficiencia en el uso de los recursos asignados y de la buena reputaci\u00f3n de SIGAUS.[\/vc_column_text][vc_single_image image=\u00bb2460&#8243; img_size=\u00bbfull\u00bb alignment=\u00bbcenter\u00bb el_class=\u00bbiv-col-8-m iv-mar-2-m\u00bb][vc_column_text animation=\u00bbrda_fadeInDown\u00bb]<\/p>\n<p>Normas espec\u00edficas para asegurar la <strong>estanqueidad de los datos<\/strong> para empleados y directivos, as\u00ed como sistemas inform\u00e1ticos que la garanticen, con el fin de asegurar unos principios de <strong>confidencialidad e independencia<\/strong> en el tratamiento de la informaci\u00f3n.<\/p>\n<p>[\/vc_column_text][\/vc_column_inner][\/vc_row_inner][\/vc_column][\/vc_row][vc_row type=\u00bbfull-width-section\u00bb bg_type=\u00bbimage\u00bb parallax_style=\u00bbvcpb-vz-jquery\u00bb bg_image_new=\u00bbid^5395|url^https:\/\/memoria2018.sigaus.es\/wp-content\/uploads\/2019\/05\/NV_fondo.jpg|caption^null|alt^null|title^NV_fondo|description^null\u00bb bg_image_repeat=\u00bbno-repeat\u00bb bg_override=\u00bbex-full\u00bb el_id=\u00bbgri\u00bb][vc_column css=\u00bb.vc_custom_1563807554907{margin-top: 0px !important;padding-top: 0px !important;}\u00bb][vc_row_inner equal_height=\u00bbyes\u00bb content_placement=\u00bbmiddle\u00bb css=\u00bb.vc_custom_1563808215574{margin-top: 0px !important;margin-bottom: 0px !important;padding-top: 0px !important;padding-bottom: 0px !important;}\u00bb][vc_column_inner el_class=\u00bbiv-hidden-c iv-col-8-m iv-mar-2-m\u00bb animation=\u00bbrda_fadeInUp\u00bb offset=\u00bbvc_hidden-lg vc_hidden-md vc_hidden-sm\u00bb css=\u00bb.vc_custom_1563807422000{margin-top: 0px !important;margin-bottom: 0px !important;padding-top: 0px !important;padding-bottom: 0px !important;}\u00bb][vc_single_image image=\u00bb2443&#8243; img_size=\u00bbfull\u00bb alignment=\u00bbcenter\u00bb][\/vc_column_inner][\/vc_row_inner][vc_row_inner equal_height=\u00bbyes\u00bb content_placement=\u00bbmiddle\u00bb css=\u00bb.vc_custom_1563808224880{margin-top: 0px !important;padding-top: 0px !important;}\u00bb][vc_column_inner width=\u00bb1\/2&#8243; animation=\u00bbrda_fadeInUp\u00bb css=\u00bb.vc_custom_1563808260925{margin-top: 0px !important;padding-top: 0px !important;padding-right: 20px !important;padding-bottom: 20px !important;padding-left: 20px !important;background-color: rgba(255,255,255,0.5) !important;*background-color: rgb(255,255,255) !important;}\u00bb][vc_column_text animation=\u00bbrda_fadeIn\u00bb css=\u00bb.vc_custom_1563808855005{margin-top: 0px !important;margin-bottom: 0px !important;padding-top: 15px !important;padding-bottom: 0px !important;}\u00bb]<\/p>\n<div style=\"text-align: center;\">\n<h2 class=\"iv\" style=\"text-align: center;\">Global reporting initiative (GRI)<i class=\"iv-linea\"><\/i><\/h2>\n<\/div>\n<p>[\/vc_column_text][vc_column_text css=\u00bb.vc_custom_1561634030532{margin-bottom: 0px !important;padding-bottom: 0px !important;}\u00bb]Desde el a\u00f1o 2013 elaboramos una Memoria de Sostenibilidad, nuestra principal herramienta para informar a nuestros grupos de inter\u00e9s sobre las actividades que realizamos, bajo las directrices que elabora el <strong>prestigioso organismo GRI (Global Reporting Initiative)<\/strong>.<\/p>\n<p>Adem\u00e1s de alinearse con la metodolog\u00eda que ofrece GRI, la Memoria de Sostenibilidad cuenta con la verificaci\u00f3n externa de una firma auditora independiente que acredita que los criterios seguidos para la elaboraci\u00f3n de dicho documento efectivamente siguen los estipulados por este organismo.[\/vc_column_text][vc_empty_space css=\u00bb.vc_custom_1561633828928{margin-bottom: 0px !important;padding-bottom: 0px !important;}\u00bb][vc_single_image image=\u00bb505&#8243; img_size=\u00bbfull\u00bb css=\u00bb.vc_custom_1561633781174{margin-top: 0px !important;padding-top: 0px !important;}\u00bb][\/vc_column_inner][vc_column_inner el_class=\u00bbiv-hidden-m\u00bb width=\u00bb1\/2&#8243; animation=\u00bbrda_fadeInUp\u00bb offset=\u00bbvc_hidden-xs\u00bb css=\u00bb.vc_custom_1563808578698{margin-top: 0px !important;padding-top: 0px !important;}\u00bb][vc_single_image image=\u00bb2443&#8243; img_size=\u00bbfull\u00bb alignment=\u00bbcenter\u00bb css=\u00bb.vc_custom_1563808572549{margin-top: 0px !important;padding-top: 0px !important;}\u00bb][\/vc_column_inner][\/vc_row_inner][vc_empty_space height=\u00bb50px\u00bb][\/vc_column][\/vc_row][vc_row type=\u00bbfull-width-content\u00bb bg_type=\u00bbimage\u00bb parallax_style=\u00bbvcpb-default\u00bb bg_image_new=\u00bbid^683|url^https:\/\/memoria2018.sigaus.es\/wp-content\/uploads\/2019\/06\/bg-water-2.png|caption^null|alt^null|title^bg-water-2|description^null\u00bb bg_override=\u00bbfull\u00bb el_class=\u00bbiv-bg-water-marco iv-hidden-m\u00bb][vc_column][vc_raw_html]JTNDJTIxLS0lMjBFZmVjdG8lMjBhY3VhcmVsYSUyMHYxLS0lM0UlMEElM0MlMjEtLSUyMEVmZWN0byUyMGFjdWFyZWxhJTNBJTIwRXN0YSUyMGNhcGElMjBzZSUyMHBvbmUlMjBzb2JyZSUyMGxhJTIwYW50ZXJpb3IlMkMlMjBoYWNpZW5kbyUyMHF1ZSUyMGFsJTIwcGllJTIwZGUlMjBsYSUyMGNhcGElMjBhbnRlcmlvciUyMGJnJTIwYXBhcmV6Y2ElMjB1bmElMjBpbWFnZW4lMjBkZSUyMGFjdWFyZWxhLS0lM0U=[\/vc_raw_html][vc_empty_space height=\u00bb120px\u00bb][\/vc_column][\/vc_row][vc_row css=\u00bb.vc_custom_1563450496798{margin-bottom: 0px !important;padding-bottom: 0px !important;}\u00bb el_id=\u00bbpactomundial\u00bb][vc_column][vc_row_inner equal_height=\u00bbyes\u00bb content_placement=\u00bbmiddle\u00bb][vc_column_inner el_class=\u00bbiv-hidden-c iv-col-8-m iv-mar-2-m\u00bb width=\u00bb1\/2&#8243; animation=\u00bbrda_fadeInUp\u00bb][vc_single_image image=\u00bb2439&#8243; img_size=\u00bbfull\u00bb alignment=\u00bbcenter\u00bb][\/vc_column_inner][vc_column_inner width=\u00bb1\/2&#8243; animation=\u00bbrda_fadeInUp\u00bb][vc_column_text animation=\u00bbrda_fadeIn\u00bb css=\u00bb.vc_custom_1561448049117{margin-bottom: 0px !important;padding-bottom: 0px !important;}\u00bb]<\/p>\n<div style=\"text-align: center;\">\n<h2 class=\"iv\" style=\"text-align: center;\">Pacto mundial<i class=\"iv-linea\"><\/i><\/h2>\n<\/div>\n<p>[\/vc_column_text][vc_column_text]Desde 2011 SIGAUS es Entidad firmante del <strong>Pacto Mundial de Naciones Unidas<\/strong>, un compromiso por el que incorporamos a la direcci\u00f3n estrat\u00e9gica de la Entidad los Diez Principios propuestos por el Pacto y que tratan de compatibilizar el desempe\u00f1o empresarial con la responsabilidad en derechos humanos, pr\u00e1cticas laborales, medio ambiente y anticorrupci\u00f3n.<\/p>\n<p>Hemos presentado cinco Informes de Progreso entre los a\u00f1os 2014 y 2018, que han sido validados por la Red Espa\u00f1ola del Pacto Mundial, y que recogen las medidas adoptadas por SIGAUS para que nuestra actividad se adec\u00fae a los Diez Principios propuestos por Naciones Unidas.<\/p>\n<p>En nuestro \u00faltimo Informe presentado en 2018, hemos querido ir un paso m\u00e1s all\u00e1 en el compromiso con el Pacto Mundial de Naciones Unidas, cumplimentando un documento voluntario en el que hemos dado cuenta del <strong>impulso que la labor de SIGAUS ofrece a los ODS<\/strong> (Objetivos de Desarrollo Sostenible) establecidos por la ONU.[\/vc_column_text]<style type=\"text\/css\" >#b_gov57jfv6h8a0qac55sa a{color:#1b1464; background:rgba(255,255,255,0.2); border-style:solid; border-color:#1b1464; margin-top:0px; margin-bottom:0px;  margin-left:0px; margin-right:0px; font-weight:700; border-radius:30px;}#b_gov57jfv6h8a0qac55sa a:hover{color:#1e73be ; background:rgba(30,115,190,0.2) ; border-color:rgba(30,115,190,0.2);}<\/style><div class=\"ta_left tf_btn_pos\" id=\"b_gov57jfv6h8a0qac55sa\" ><a class=\"rd_stroke_bt medium_rd_bt border_1px  bt_icon_right    iv-visible-flex-m\" href=\"https:\/\/fr.zone-secure.net\/18854\/918084\/#page=1\" target=\"yes\"   ><span>Ver \u00faltimo Informe de Progreso<\/span><i class=\"ion-plus\" ><\/i><\/a><\/div><style type=\"text\/css\" >#b_gov57jfv6h8a0qac55sa i {color:#1b1464;}#b_gov57jfv6h8a0qac55sa a:hover i{color:#1e73be;}<\/style><style type='text\/css'> @font-face{font-family: 'ion'; src:url('https:\/\/memoria2018.sigaus.es\/wp-content\/themes\/thefox\/includes\/4k-icons\/icons\/4k-icons-pack03\/icons\/fonts\/ion.eot'); src:url('https:\/\/memoria2018.sigaus.es\/wp-content\/themes\/thefox\/includes\/4k-icons\/icons\/4k-icons-pack03\/icons\/fonts\/ion.eot?#iefix') format('embedded-opentype'), url('https:\/\/memoria2018.sigaus.es\/wp-content\/themes\/thefox\/includes\/4k-icons\/icons\/4k-icons-pack03\/icons\/fonts\/ion.woff') format('woff'), url('https:\/\/memoria2018.sigaus.es\/wp-content\/themes\/thefox\/includes\/4k-icons\/icons\/4k-icons-pack03\/icons\/fonts\/ion.ttf') format('truetype'), url('https:\/\/memoria2018.sigaus.es\/wp-content\/themes\/thefox\/includes\/4k-icons\/icons\/4k-icons-pack03\/icons\/fonts\/ion.svg#oi') format('svg'); font-weight: normal; font-style: normal;}#b_gov57jfv6h8a0qac55sa .ion-plus:before{font-family: 'ion'; font-weight: normal; font-style: normal;}#b_gov57jfv6h8a0qac55sa .ion-plus:before{content: \"\\e9b1\";}<\/style>\n[vc_empty_space][vc_single_image image=\u00bb505&#8243; img_size=\u00bbfull\u00bb][\/vc_column_inner][\/vc_row_inner][\/vc_column][\/vc_row][vc_row type=\u00bbfull-width-section\u00bb bg_type=\u00bbimage\u00bb parallax_style=\u00bbvcpb-vz-jquery\u00bb bg_image_new=\u00bbid^2951|url^https:\/\/memoria2018.sigaus.es\/wp-content\/uploads\/2019\/06\/bgMod.jpg|caption^null|alt^null|title^bgMod|description^null\u00bb bg_image_repeat=\u00bbno-repeat\u00bb bg_override=\u00bbex-full\u00bb css=\u00bb.vc_custom_1563450509614{margin-top: 0px !important;padding-top: 0px !important;}\u00bb el_id=\u00bbods\u00bb][vc_column el_id=\u00bbODS\u00bb][vc_column_text animation=\u00bbrda_fadeIn\u00bb css=\u00bb.vc_custom_1561546334036{margin-bottom: 0px !important;padding-bottom: 0px !important;}\u00bb]<\/p>\n<div style=\"text-align: center;\">\n<h2 class=\"iv\" style=\"text-align: center;\">Objetivos de desarrollo sostenible<i class=\"iv-linea\"><\/i><\/h2>\n<\/div>\n<p>[\/vc_column_text][vc_row_inner equal_height=\u00bbyes\u00bb content_placement=\u00bbtop\u00bb][vc_column_inner width=\u00bb1\/2&#8243; animation=\u00bbrda_fadeInUp\u00bb][vc_column_text]En 2015, la ONU aprob\u00f3 la Agenda 2030 sobre el Desarrollo Sostenible con el fin de establecer nuevas v\u00edas para mejorar la vida de todos. Esta Agenda cuenta con 17 Objetivos de Desarrollo Sostenible, siendo tres de ellos los que est\u00e1n m\u00e1s relacionados con la vertiente social, econ\u00f3mica y ambiental de SIGAUS.<br \/>\nA continuaci\u00f3n se ofrece un detallado an\u00e1lisis de estos objetivos que se han ordenado en tres niveles en funci\u00f3n de las contribuciones que hace SIGAUS a cada uno de ellos.[\/vc_column_text][\/vc_column_inner][vc_column_inner width=\u00bb1\/2&#8243; animation=\u00bbrda_fadeInUp\u00bb][vc_column_text css=\u00bb.vc_custom_1561633742443{margin-bottom: 0px !important;padding-bottom: 0px !important;}\u00bb]Como novedad respecto al an\u00e1lisis efectuado en la Memoria de Sostenibilidad del pasado a\u00f1o, el Objetivo 4, que busca una educaci\u00f3n de calidad, ha subido a un segundo nivel, debido a la gran contribuci\u00f3n realizada durante 2018 al proyecto formativo \u201cAula Ambiental SIGAUS\u201d, que se ha consolidado como una de las grandes \u00e1reas de nuestra actividad de sensibilizaci\u00f3n y divulgativa.[\/vc_column_text][vc_empty_space][vc_single_image image=\u00bb505&#8243; img_size=\u00bbfull\u00bb css=\u00bb.vc_custom_1561633750969{margin-top: 0px !important;padding-top: 0px !important;}\u00bb][\/vc_column_inner][\/vc_row_inner][vc_accordion active_tab=\u00bb\u00bb collapsible=\u00bbyes\u00bb style=\u00bbrd_acc_11&#8243; mb=\u00bb10&#8243; el_class=\u00bbiv-tab\u00bb][vc_accordion_tab title=\u00bbNIVEL 1: Contribuci\u00f3n muy relevante, relaci\u00f3n directa\u00bb title_bg_color=\u00bbrgba(255,255,255,0.5)\u00bb title_altbg_color=\u00bb#00689c\u00bb border_color=\u00bb#ffffff\u00bb content_bg_color=\u00bb#ffffff\u00bb active_title_color=\u00bb#ffffff\u00bb active_bg_color=\u00bb#00689c\u00bb title_color=\u00bb#1b1464&#8243; content_text_color=\u00bb#333333&#8243; active_altbg_color=\u00bb#1b1464&#8243;][vc_row_inner][vc_column_inner el_class=\u00bbiv-col-8-m iv-mar-2-m\u00bb width=\u00bb1\/4&#8243;][vc_single_image image=\u00bb2916&#8243; img_size=\u00bbfull\u00bb][vc_empty_space height=\u00bb10px\u00bb][\/vc_column_inner][vc_column_inner width=\u00bb3\/4&#8243;][vc_column_text]<\/p>\n<h4 class=\"iv iv-big\"><strong>Objetivo 8:<\/strong> Promover el crecimiento econ\u00f3mico sostenido, inclusivo y sostenible, el empleo pleno y productivo y el trabajo decente para todos.<\/h4>\n<p>Nuestras actividades de prevenci\u00f3n, control, servicio universal y cumplimiento legal tienen efectos econ\u00f3micos en numerosos sectores. El servicio capilar de SIGAUS permite garantizar la protecci\u00f3n ambiental en todas las regiones espa\u00f1olas, mientras que la regeneraci\u00f3n de aceites usados genera actividad econ\u00f3mica a trav\u00e9s de la reintroducci\u00f3n de materiales en el ciclo productivo.<\/p>\n<ol class=\"iv-list-num\">\n<li>Fomentamos la prevenci\u00f3n, generando inversiones y creando empleo.<\/li>\n<li>Impulsamos la eficiencia en la actividad industrial: en 2018 hemos promovido acciones de prevenci\u00f3n sobre cerca de 73.000 toneladas de lubricantes formuladas con caracter\u00edsticas t\u00e9cnicas que permiten alargar el periodo medio de cambio de aceite.<\/li>\n<li>Promovemos una selecci\u00f3n de proveedores que se ajusta a criterios de pol\u00edticas justas.<\/li>\n<li>Apoyamos a los gestores locales.<\/li>\n<li>Posibilitamos una gesti\u00f3n eficiente, sometida a rigurosos controles, que reduce riesgos y asegura el cumplimiento de obligaciones: 234 fabricantes de lubricantes se han adherido a nuestro sistema para cumplir sus compromisos legales.<\/li>\n<li>Reducimos el uso de materias primas, lo que redunda en un ahorro de costes econ\u00f3micos y ambientales: 60 millones de barriles de petr\u00f3leo ahorrados en el periodo 2010-2018 gracias al fomento de la regeneraci\u00f3n y a la mayor durabilidad de los aceites lubricantes.<\/li>\n<li>Ofrecemos informaci\u00f3n a los productores de aceite usado, ayud\u00e1ndoles a convertir su colaboraci\u00f3n en ventaja competitiva.<\/li>\n<\/ol>\n<p>[\/vc_column_text][vc_empty_space height=\u00bb10px\u00bb][\/vc_column_inner][\/vc_row_inner][vc_row_inner][vc_column_inner el_class=\u00bbiv-col-8-m iv-mar-2-m\u00bb width=\u00bb1\/4&#8243;][vc_single_image image=\u00bb2920&#8243; img_size=\u00bbfull\u00bb][vc_empty_space height=\u00bb10px\u00bb][\/vc_column_inner][vc_column_inner width=\u00bb3\/4&#8243;][vc_column_text]<\/p>\n<h4 class=\"iv iv-big\"><strong>Objetivo 12:<\/strong> Garantizar modalidades de consumo y producci\u00f3n sostenibles.<\/h4>\n<p>La colaboraci\u00f3n de los consumidores es fundamental para asegurar una gesti\u00f3n correcta del residuo en toda la cadena. Ante una responsabilidad tan importante, dedicamos un gran esfuerzo a labores de concienciaci\u00f3n y sensibilizaci\u00f3n que pongan de manifiesto la importancia para toda la sociedad de gestionar correctamente el aceite usado.<br \/>\nNuestros Planes de Prevenci\u00f3n promueven medidas para reducir la generaci\u00f3n de aceites usados y mejorar las caracter\u00edsticas ambientales de los lubricantes. Apoyamos as\u00ed la competitividad futura de los fabricantes, ligada al desarrollo de tecnolog\u00edas innovadoras y a la adaptaci\u00f3n a un entorno cada vez m\u00e1s exigente.<\/p>\n<ol class=\"iv-list-num\">\n<li>Fomentamos una reducci\u00f3n de la generaci\u00f3n de aceites usados y una mejora de las caracter\u00edsticas de los lubricantes para minimizar su impacto ambiental a trav\u00e9s de nuestros Planes Empresariales de Prevenci\u00f3n: 872 acciones de prevenci\u00f3n registradas por parte de 171 empresas en 2018.<\/li>\n<li>Trabajamos en la concienciaci\u00f3n del ciudadano con el fin de aumentar su compromiso con el reciclaje y el cuidado del entorno: casi 400 impactos en medios de comunicaci\u00f3n en 2018.<\/li>\n<li>Nuestro Plan de comunicaci\u00f3n se dirige a todos los grupos de inter\u00e9s, respondiendo a sus demandas de informaci\u00f3n.<\/li>\n<li>Fomentamos la concienciaci\u00f3n ciudadana en temas como el reciclaje, el consumo responsable y la protecci\u00f3n medioambiental a trav\u00e9s de nuestras redes sociales, la informaci\u00f3n sobre sostenibilidad que difundimos y la participaci\u00f3n en foros divulgativos.<\/li>\n<li>Fortalecemos la competitividad de tecnolog\u00edas innovadoras para el impulso de la econom\u00eda circular, tanto mediante nuestro Plan de Prevenci\u00f3n como a trav\u00e9s del impulso de la regeneraci\u00f3n del aceite usado, que permite un sustancial ahorro de recursos naturales<\/li>\n<\/ol>\n<p>[\/vc_column_text][\/vc_column_inner][\/vc_row_inner][vc_row_inner][vc_column_inner el_class=\u00bbiv-col-8-m iv-mar-2-m\u00bb width=\u00bb1\/4&#8243;][vc_single_image image=\u00bb2907&#8243; img_size=\u00bbfull\u00bb][vc_empty_space height=\u00bb10px\u00bb][\/vc_column_inner][vc_column_inner width=\u00bb3\/4&#8243;][vc_column_text]<\/p>\n<h4 class=\"iv iv-big\"><strong>Objetivo 16:<\/strong> Promover sociedades pac\u00edficas e inclusivas para el desarrollo sostenible, facilitar el acceso a la justicia para todos y crear instituciones eficaces, responsables e inclusivas a todos los niveles.<\/h4>\n<p>Las empresas que desempe\u00f1an su actividad con mejores pr\u00e1cticas pueden prosperar y generar riqueza y empleo en las comunidades donde operan. A trav\u00e9s de SIGAUS, los distintos agentes que intervienen en la cadena de gesti\u00f3n del aceite usado cumplen con sus obligaciones y se garantiza el cumplimiento de los objetivos ecol\u00f3gicos que exige la ley de la manera m\u00e1s eficiente y sostenible para la sociedad.<\/p>\n<ol class=\"iv-list-num\">\n<li>Informamos a los fabricantes de sus obligaciones, ayud\u00e1ndoles a cumplirlas.<\/li>\n<li>Proporcionamos a las AA.PP. informaci\u00f3n puntual y de calidad para el seguimiento y el control de la gesti\u00f3n del aceite usado.<\/li>\n<li>Garantizamos un servicio universal con el que los productores de aceite usado pueden cumplir con sus obligaciones relacionadas con la gesti\u00f3n del aceite usado.<\/li>\n<li>Tenemos acuerdos con gestores homologados y autorizados, cuya labor sometemos peri\u00f3dicamente a controles de calidad.<\/li>\n<li>Nuestros compromisos de \u00e9tica y competencia avalan nuestro compromiso por crear las condiciones para que todas las empresas puedan tener las mismas condiciones de igualdad en el mercado a trav\u00e9s de una operativa leal y transparente.<\/li>\n<li>Tenemos un compromiso con el Pacto Mundial que nos obliga a ser estrictos en el cumplimiento de sus principios.<\/li>\n<li>Informamos de manera transparente a los agentes de la cadena de gesti\u00f3n sobre la operativa de nuestro sistema, ofreci\u00e9ndoles al mismo tiempo mecanismos para rendir cuentas sobre el cumplimiento de sus obligaciones.<\/li>\n<\/ol>\n<p>[\/vc_column_text][vc_empty_space height=\u00bb10px\u00bb][\/vc_column_inner][\/vc_row_inner][\/vc_accordion_tab][vc_accordion_tab title=\u00bbNIVEL 2: Contribuci\u00f3n relevante, relaci\u00f3n directa\u00bb title_bg_color=\u00bbrgba(255,255,255,0.5)\u00bb title_altbg_color=\u00bb#00689c\u00bb border_color=\u00bbrgba(255,255,255,0.4)\u00bb content_bg_color=\u00bb#ffffff\u00bb active_title_color=\u00bb#ffffff\u00bb active_bg_color=\u00bb#00689c\u00bb title_color=\u00bb#1b1464&#8243; content_text_color=\u00bb#333333&#8243; active_altbg_color=\u00bb#1b1464&#8243;][vc_row_inner][vc_column_inner el_class=\u00bbiv-col-8-m iv-mar-2-m\u00bb width=\u00bb1\/4&#8243;][vc_single_image image=\u00bb2912&#8243; img_size=\u00bbfull\u00bb][vc_empty_space height=\u00bb10px\u00bb][\/vc_column_inner][vc_column_inner width=\u00bb3\/4&#8243;][vc_column_text]<\/p>\n<h4 class=\"iv iv-big\"><strong>Objetivo 4:<\/strong> Garantizar una educaci\u00f3n inclusiva, equitativa y de calidad y promover oportunidades de aprendizaje durante toda la vida para todos.<\/h4>\n<p>De acuerdo al Pacto Mundial, la educaci\u00f3n es la base para mejorar nuestra vida y el desarrollo sostenible. Entre sus diferentes \u00e1reas de actividad, SIGAUS cuenta con un proyecto para formar a los futuros profesionales de \u00e1mbitos como la ingenier\u00eda, la industria o la automoci\u00f3n, completando su formaci\u00f3n t\u00e9cnica y te\u00f3rica con otro tipo de conocimientos, imprescindibles para hacer frente a las exigencias en materia de medio ambiente, legislaci\u00f3n o Econom\u00eda Circular con las que se encontrar\u00e1n a lo largo de su vida profesional.<\/p>\n<ol class=\"iv-list-num\">\n<li>Promovemos la formaci\u00f3n y sensibilizaci\u00f3n en sostenibilidad y cuidado medioambiental.<\/li>\n<li>A trav\u00e9s de convenios de colaboraci\u00f3n, SIGAUS aporta su experiencia y conocimiento en la gesti\u00f3n del aceite industrial usado en Escuelas T\u00e9cnicas, Universidades y Centros de Formaci\u00f3n de Grados Medios y Superiores.<\/li>\n<li>La iniciativa de formaci\u00f3n de SIGAUS se articula a trav\u00e9s de su Aula Ambiental, que en 2018 ha intensificado sus esfuerzos para poner al alcance de los futuros profesionales involucrados en el sector industrial y el mundo del motor una formaci\u00f3n con contenidos adaptados a sus necesidades.<\/li>\n<li>SIGAUS ha firmado convenios de colaboraci\u00f3n con distintas universidades y centros educativos de Formaci\u00f3n Profesional para la formaci\u00f3n de alumnos de los sectores de Ingenier\u00eda, Industria y Automoci\u00f3n. En concreto, en 2018 se han firmado acuerdos con la Universidad Antonio de Nebrija, la Universidad Aut\u00f3noma de Madrid y el IES Virgen de la Paloma.<\/li>\n<li>En 2018, m\u00e1s de 500 alumnos y futuros profesionales de los sectores de la industria y la automoci\u00f3n que actualmente cursan alguno de los grados universitarios, Master de Postgrado y Grados Superiores de Formaci\u00f3n Profesional se han beneficiado de esta iniciativa.<\/li>\n<\/ol>\n<p>[\/vc_column_text][vc_empty_space height=\u00bb10px\u00bb][\/vc_column_inner][\/vc_row_inner][vc_row_inner][vc_column_inner el_class=\u00bbiv-col-8-m iv-mar-2-m\u00bb width=\u00bb1\/4&#8243;][vc_single_image image=\u00bb2917&#8243; img_size=\u00bbfull\u00bb][vc_empty_space height=\u00bb10px\u00bb][\/vc_column_inner][vc_column_inner width=\u00bb3\/4&#8243;][vc_column_text]<\/p>\n<h4 class=\"iv iv-big\"><strong>Objetivo 9:<\/strong> Construir infraestructuras resilientes, promover la industrializaci\u00f3n inclusiva y sostenible y fomentar la innovaci\u00f3n.<\/h4>\n<p>Nuestra red de gesti\u00f3n permite a industrias y talleres cumplir con sus obligaciones relativas a la gesti\u00f3n del aceite usado. Adem\u00e1s, impulsamos iniciativas en el \u00e1mbito de la prevenci\u00f3n para promover la entrada al mercado de lubricantes de mayor duraci\u00f3n y menor impacto ambiental.<\/p>\n<ol class=\"iv-list-num\">\n<li>Nuestra misi\u00f3n es cumplir los objetivos ecol\u00f3gicos que fija la Ley fomentando la prevenci\u00f3n y garantizando la recuperaci\u00f3n y correcto destino del residuo.<\/li>\n<li>Promovemos un menor uso de materias primas en el desarrollo de nuevos lubricantes: en 2018, m\u00e1s de 18.000 toneladas de bases procedentes de la regeneraci\u00f3n o del reciclado de aceites usados se utilizaron en la formulaci\u00f3n de nuevos aceites industriales.<\/li>\n<li>Impulsamos el desarrollo de nuevos lubricantes con una mayor vida \u00fatil, reduciendo el consumo de materias primas: en 2018 hemos contribuido a realizar acciones de prevenci\u00f3n sobre cerca de 73.000 toneladas de lubricantes formuladas con caracter\u00edsticas t\u00e9cnicas que permiten alargar el periodo medio de cambio de aceite.<\/li>\n<li>Informamos y sensibilizamos a industrias y talleres, favoreciendo el cumplimiento de sus obligaciones como productores de aceite usado, lo que redunda en una gesti\u00f3n eficaz del residuo: m\u00e1s de 3.000 participantes en el programa Taller Colaborador a finales de 2018.<\/li>\n<\/ol>\n<p>[\/vc_column_text][vc_empty_space height=\u00bb10px\u00bb][\/vc_column_inner][\/vc_row_inner][vc_row_inner][vc_column_inner el_class=\u00bbiv-col-8-m iv-mar-2-m\u00bb width=\u00bb1\/4&#8243;][vc_single_image image=\u00bb2919&#8243; img_size=\u00bbfull\u00bb][vc_empty_space height=\u00bb10px\u00bb][\/vc_column_inner][vc_column_inner width=\u00bb3\/4&#8243;][vc_column_text]<\/p>\n<h4 class=\"iv iv-big\"><strong>Objetivo 11:<\/strong> Lograr que las ciudades y los asentamientos humanos sean inclusivos, seguros, resilientes y sostenibles.<\/h4>\n<p>El crecimiento continuo de las ciudades y sus habitantes conlleva riesgos ambientales que deben ser prevenidos. Las acciones en materia de prevenci\u00f3n y sensibilizaci\u00f3n que llevan a cabo los sistemas de responsabilidad ampliada del productor, como SIGAUS, permiten evitar estos riesgos, gracias tambi\u00e9n a la garant\u00eda que ofrecen en la gesti\u00f3n global de residuos como el aceite usado.<\/p>\n<ol class=\"iv-list-num\">\n<li>Disponemos de mecanismos de control que permiten asegurar una correcta gesti\u00f3n de los residuos.<\/li>\n<li>Contamos con una red de gesti\u00f3n que cubre todo el territorio nacional, llegando a cada punto donde se produce el residuo.<\/li>\n<li>Contribuimos al patrimonio natural plantando cada a\u00f1o 1.000 \u00e1rboles de especies aut\u00f3ctonas.<\/li>\n<li>Hemos reforestado 20 hect\u00e1reas con siete mil \u00e1rboles de las especies m\u00e1s eficientes en la captaci\u00f3n de gases de efecto invernadero.<\/li>\n<\/ol>\n<p>[\/vc_column_text][vc_empty_space height=\u00bb10px\u00bb][\/vc_column_inner][\/vc_row_inner][vc_row_inner][vc_column_inner el_class=\u00bbiv-col-8-m iv-mar-2-m\u00bb width=\u00bb1\/4&#8243;][vc_single_image image=\u00bb2921&#8243; img_size=\u00bbfull\u00bb][vc_empty_space height=\u00bb10px\u00bb][\/vc_column_inner][vc_column_inner width=\u00bb3\/4&#8243;][vc_column_text]<\/p>\n<h4 class=\"iv iv-big\"><strong>Objetivo 13:<\/strong> Adoptar medidas urgentes para combatir el cambio clim\u00e1tico y sus efectos.<\/h4>\n<p>El cambio clim\u00e1tico afecta a todos los pa\u00edses, produciendo un impacto negativo en su econom\u00eda, en la vida de las personas y en las comunidades. Por eso, impulsamos iniciativas de prevenci\u00f3n para el desarrollo de productos con un menor impacto ambiental, promoviendo sobre todo los elaborados a partir de bases regeneradas. Adem\u00e1s, y con el fin de compensar emisiones de CO<sub>2<\/sub> indirectas, plantamos cada a\u00f1o un bosque aut\u00f3ctono con especies eficientes en la absorci\u00f3n de este gas.<\/p>\n<ol class=\"iv-list-num\">\n<li>Desarrollamos nuestra actividad teniendo siempre en cuenta la perspectiva clim\u00e1tica.<\/li>\n<li>Nuestra red de gesti\u00f3n lleva a cabo rutas eficientes en la recogida del aceite industrial usado que reducen las emisiones de CO<sub>2<\/sub> en los trayectos de cada operaci\u00f3n.<\/li>\n<li>Fomentamos la regeneraci\u00f3n de aceites usados y su utilizaci\u00f3n como base para obtener nuevos lubricantes, evitando as\u00ed la emisi\u00f3n de una cantidad de toneladas de CO<sub>2<\/sub> cada a\u00f1o.<\/li>\n<li>Con los Bosques SIGAUS y colaborando con proyectos de otras organizaciones realizamos una labor de reforestaci\u00f3n con las especies m\u00e1s eficientes a la hora de absorber CO<sub>2<\/sub> de la atm\u00f3sfera.<\/li>\n<\/ol>\n<p>[\/vc_column_text][vc_empty_space height=\u00bb10px\u00bb][\/vc_column_inner][\/vc_row_inner][vc_row_inner][vc_column_inner el_class=\u00bbiv-col-8-m iv-mar-2-m\u00bb width=\u00bb1\/4&#8243;][vc_single_image image=\u00bb2908&#8243; img_size=\u00bbfull\u00bb][vc_empty_space height=\u00bb10px\u00bb][\/vc_column_inner][vc_column_inner width=\u00bb3\/4&#8243;][vc_column_text]<\/p>\n<h4 class=\"iv iv-big\"><strong>Objetivo 17:<\/strong> Fortalecer los medios de ejecuci\u00f3n y revitalizar la Alianza Mundial para el Desarrollo Sostenible.<\/h4>\n<p>SIGAUS favorece la colaboraci\u00f3n entre los distintos agentes que intervienen en la cadena de gesti\u00f3n del aceite usado, lo que facilita el logro de los objetivos comunes y redunda en una mayor eficiencia del sistema.<\/p>\n<ol class=\"iv-list-num\">\n<li>Asumimos la responsabilidad legal de los fabricantes de lubricantes a trav\u00e9s de un sistema eficiente que da cobertura a todo el territorio nacional.<\/li>\n<li>Facilitamos los mecanismos necesarios para que los consumidores puedan costear el sistema mediante sus aportaciones al adquirir nuevos lubricantes.<\/li>\n<li>Proporcionamos informaci\u00f3n completa y necesaria para el dise\u00f1o de un marco futuro de gesti\u00f3n.<\/li>\n<li>Apoyamos iniciativas conjuntas para la generaci\u00f3n de soluciones.<\/li>\n<li>La calidad y eficiencia del sistema se sostienen gracias a un riguroso control: realizamos auditor\u00edas tanto de nuestras cuentas, como de las declaraciones aportadas por fabricantes y gestores a trav\u00e9s de una consultora externa.<\/li>\n<\/ol>\n<p>[\/vc_column_text][\/vc_column_inner][\/vc_row_inner][\/vc_accordion_tab][vc_accordion_tab title=\u00bbNIVEL 3: Contribuciones indirectas, resto de ODS\u00bb title_bg_color=\u00bbrgba(255,255,255,0.5)\u00bb title_altbg_color=\u00bb#00689c\u00bb border_color=\u00bb#f7f7f7&#8243; content_bg_color=\u00bb#ffffff\u00bb active_title_color=\u00bb#ffffff\u00bb active_bg_color=\u00bb#00689c\u00bb title_color=\u00bb#1b1464&#8243; content_text_color=\u00bb#333333&#8243; active_altbg_color=\u00bb#1b1464&#8243;][vc_row_inner][vc_column_inner el_class=\u00bbiv-col-8-m iv-mar-2-m\u00bb width=\u00bb1\/4&#8243;][vc_single_image image=\u00bb2911&#8243; img_size=\u00bbfull\u00bb][vc_empty_space height=\u00bb10px\u00bb][\/vc_column_inner][vc_column_inner width=\u00bb3\/4&#8243;][vc_column_text]<\/p>\n<h4 class=\"iv iv-big\"><strong>Objetivo 3:<\/strong> Garantizar una vida sana y promover el bienestar para todos en todas las edades.<\/h4>\n<p>La Consecuci\u00f3n de los Objetivos de Desarrollo Sostenible van unidos a promover el bienestar universal. En este sentido, SIGAUS apoya la creaci\u00f3n de espacios verdes que ayuden a mejorar la calidad de vida de los ciudadanos, colaborando al mismo tiempo con fundaciones que buscan mejorar las condiciones de ni\u00f1os enfermos y de sus familiares.<\/p>\n<ol class=\"iv-list-num\">\n<li>En el marco de su Responsabilidad Social Corporativa, SIGAUS contribuye a la reforestaci\u00f3n con la plantaci\u00f3n de especies aut\u00f3ctonas que contribuyen a una mejora de la calidad de vida de los ciudadanos.<\/li>\n<li>Hacemos una contribuci\u00f3n social ayudando a colectivos desfavorecidos: en 2018 hemos hecho una aportaci\u00f3n de 6.000 euros a las fundaciones de ayuda infantil S\u00edndrome de Dravet y Porque Viven.<\/li>\n<li>En 2018 hemos promovido la comercializaci\u00f3n de 2.363 toneladas de aceites biodegradables.<\/li>\n<li>La red de gesti\u00f3n de SIGAUS optimiza los trayectos realizados en las operaciones de recogida del aceite usado con el fin de reducir las emisiones a la atm\u00f3sfera.<\/li>\n<\/ol>\n<p>[\/vc_column_text][vc_empty_space height=\u00bb10px\u00bb][\/vc_column_inner][\/vc_row_inner][vc_row_inner][vc_column_inner el_class=\u00bbiv-col-8-m iv-mar-2-m\u00bb width=\u00bb1\/4&#8243;][vc_single_image image=\u00bb2914&#8243; img_size=\u00bbfull\u00bb][vc_empty_space height=\u00bb10px\u00bb][\/vc_column_inner][vc_column_inner width=\u00bb3\/4&#8243;][vc_column_text]<\/p>\n<h4 class=\"iv iv-big\"><strong>Objetivo 6:<\/strong> Garantizar la disponibilidad de agua y su gesti\u00f3n sostenible y el saneamiento para todos.<\/h4>\n<p>Garantizamos procesos de prevenci\u00f3n y de calidad de la gesti\u00f3n del aceite usado para evitar vertidos incontrolados de este residuo que puedan contaminar el agua.<\/p>\n<ol class=\"iv-list-num\">\n<li>Un litro de aceite usado puede contaminar un mill\u00f3n de litros de agua. Por ello, la correcta gesti\u00f3n es esencial para su conservaci\u00f3n: 1.115 toneladas de aceite industrial comercializadas en 2018 bajo una formulaci\u00f3n que facilita la gesti\u00f3n final del aceite usado.<\/li>\n<li>Promovemos campa\u00f1as de sensibilizaci\u00f3n entre los productores de aceite usado para que sigan unas buenas pr\u00e1cticas a la hora de extraer y almacenar el residuo que eviten fugas que puedan contaminar el agua.<\/li>\n<li>Aseguramos un servicio universal de recogida en todo el territorio, incluidas las \u00e1reas junto a espacios naturales protegidos y recursos h\u00eddricos.<\/li>\n<\/ol>\n<p>[\/vc_column_text][vc_empty_space height=\u00bb10px\u00bb][\/vc_column_inner][\/vc_row_inner][vc_row_inner][vc_column_inner el_class=\u00bbiv-col-8-m iv-mar-2-m\u00bb width=\u00bb1\/4&#8243;][vc_single_image image=\u00bb2915&#8243; img_size=\u00bbfull\u00bb][vc_empty_space height=\u00bb10px\u00bb][\/vc_column_inner][vc_column_inner width=\u00bb3\/4&#8243;][vc_column_text]<\/p>\n<h4 class=\"iv iv-big\"><strong>Objetivo 7:<\/strong> Garantizar el acceso a una energ\u00eda asequible, segura, sostenible y moderna para todos.<\/h4>\n<p>A trav\u00e9s de su gesti\u00f3n, SIGAUS apuesta por el aprovechamiento del residuo a trav\u00e9s de distintos tratamientos que permiten generar nuevos productos, como puede ser un combustible de uso industrial con un alto poder energ\u00e9tico.<\/p>\n<ol class=\"iv-list-num\">\n<li>Apostando por la regeneraci\u00f3n, favorecemos una mayor eficiencia energ\u00e9tica: se establece un ahorro diferencial de 287 kWh, por barril de aceite usado entrante en planta, entre obtener lubricante a partir del aceite usado y obtener la misma cantidad a partir del refino del petr\u00f3leo: 1,8 kWh por litro de aceite usado.<\/li>\n<li>Gracias al residuo valorizado energ\u00e9ticamente en 2018 se generaron 425 GWh de energ\u00eda, equivalente a la consumida por 122.000 hogares espa\u00f1oles.<\/li>\n<li>Participamos activamente en iniciativas colectivas e institucionales de apoyo a la econom\u00eda circular.<\/li>\n<li>Rutas eficientes que reducen el consumo de carburante en los gestores.<\/li>\n<\/ol>\n<p>[\/vc_column_text][vc_empty_space height=\u00bb10px\u00bb][\/vc_column_inner][\/vc_row_inner][vc_row_inner][vc_column_inner el_class=\u00bbiv-col-8-m iv-mar-2-m\u00bb width=\u00bb1\/4&#8243;][vc_single_image image=\u00bb2905&#8243; img_size=\u00bbfull\u00bb][vc_empty_space height=\u00bb10px\u00bb][\/vc_column_inner][vc_column_inner width=\u00bb3\/4&#8243;][vc_column_text]<\/p>\n<h4 class=\"iv iv-big\"><strong>Objetivo 14:<\/strong> Conservar y utilizar en forma sostenible los oc\u00e9anos, los mares y los recursos marinos para el desarrollo sostenible.<\/h4>\n<p>La actividad de los oc\u00e9anos repercute en los fen\u00f3menos meteorol\u00f3gicos, el agua potable, las costas, gran parte de nuestros alimentos e incluso el ox\u00edgeno del aire. En SIGAUS garantizamos una rigurosa gesti\u00f3n del aceite usado para que en ning\u00fan caso este residuo pueda filtrarse en alcantarillas, r\u00edos o acu\u00edferos que terminen llegando al mar.<\/p>\n<ol class=\"iv-list-num\">\n<li>Un litro de aceite usado puede contaminar un mill\u00f3n de litros de agua. La correcta gesti\u00f3n es esencial para su conservaci\u00f3n: 1.115 toneladas de aceite industrial comercializadas en 2018 bajo una formulaci\u00f3n que facilita la gesti\u00f3n final del aceite usado.<\/li>\n<li>Trabajamos para minimizar el vertido al agua y al mar de un producto peligroso con enorme potencial contaminante, mediante campa\u00f1as de sensibilizaci\u00f3n y asegurando el servicio de recogida en todo el territorio, incluidas islas y zonas costeras aisladas.<\/li>\n<\/ol>\n<p>[\/vc_column_text][vc_empty_space height=\u00bb10px\u00bb][\/vc_column_inner][\/vc_row_inner][vc_row_inner][vc_column_inner el_class=\u00bbiv-col-8-m iv-mar-2-m\u00bb width=\u00bb1\/4&#8243;][vc_single_image image=\u00bb2906&#8243; img_size=\u00bbfull\u00bb][vc_empty_space height=\u00bb10px\u00bb][\/vc_column_inner][vc_column_inner width=\u00bb3\/4&#8243;][vc_column_text]<\/p>\n<h4 class=\"iv iv-big\"><strong>Objetivo 15:<\/strong> Proteger, restablecer y promover el uso sostenible de los ecosistemas terrestres, gestionar los bosques de forma sostenible, luchar contra la desertificaci\u00f3n, detener e invertir la degradaci\u00f3n de las tierras y poner freno a la p\u00e9rdida de la diversidad biol\u00f3gica.<\/h4>\n<p>Los bosques son fundamentales para combatir el cambio clim\u00e1tico. Al protegerlos, se fortalece la gesti\u00f3n de los recursos naturales, aumentando la productividad de la tierra. SIGAUS contribuye a aumentar la masa forestal con la creaci\u00f3n de bosques urbanos y la colaboraci\u00f3n con proyectos de reforestaci\u00f3n.<\/p>\n<ol class=\"iv-list-num\">\n<li>Combatimos la deforestaci\u00f3n creando cada a\u00f1o un nuevo espacio verde formado por especies aut\u00f3ctonas: en 2018 plantamos 1.000 pinos pi\u00f1oneros en el S\u00e9ptimo Bosque SIGAUS, en Colmenar Viejo.<\/li>\n<li>Fomentamos la reforestaci\u00f3n: en 2018 hicimos una aportaci\u00f3n de 1.000 \u20ac al proyecto \u201cG\u00e9nesis\u201d, una iniciativa de reforestaci\u00f3n en el norte de Palencia y oficialmente certificada como proyecto de captura de carbono por el Ministerio para la Transici\u00f3n Ecol\u00f3gica (MITECO) a trav\u00e9s de su Oficina de Cambio Clim\u00e1tico.<\/li>\n<li>Garantizamos la recogida de aceite usado en todo el territorio nacional, tanto en las zonas urbanas como rurales, evitando posibles vertidos en entornos naturales de alto valor ecol\u00f3gico.<\/li>\n<\/ol>\n<p>[\/vc_column_text][\/vc_column_inner][\/vc_row_inner][\/vc_accordion_tab][\/vc_accordion][vc_empty_space height=\u00bb100px\u00bb][\/vc_column][\/vc_row][vc_row type=\u00bbfull-width-content\u00bb bg_type=\u00bbimage\u00bb parallax_style=\u00bbvcpb-default\u00bb bg_image_new=\u00bbid^683|url^https:\/\/memoria2018.sigaus.es\/wp-content\/uploads\/2019\/06\/bg-water-2.png|caption^null|alt^null|title^bg-water-2|description^null\u00bb bg_override=\u00bbfull\u00bb el_class=\u00bbiv-bg-water-marco\u00bb][vc_column][vc_raw_html]JTNDJTIxLS0lMjBFZmVjdG8lMjBhY3VhcmVsYSUyMHYxLS0lM0UlMEElM0MlMjEtLSUyMEVmZWN0byUyMGFjdWFyZWxhJTNBJTIwRXN0YSUyMGNhcGElMjBzZSUyMHBvbmUlMjBzb2JyZSUyMGxhJTIwYW50ZXJpb3IlMkMlMjBoYWNpZW5kbyUyMHF1ZSUyMGFsJTIwcGllJTIwZGUlMjBsYSUyMGNhcGElMjBhbnRlcmlvciUyMGJnJTIwYXBhcmV6Y2ElMjB1bmElMjBpbWFnZW4lMjBkZSUyMGFjdWFyZWxhLS0lM0U=[\/vc_raw_html][\/vc_column][\/vc_row]<\/p>\n","protected":false},"excerpt":{"rendered":"<p>[vc_row type=\u00bbfull-width-section\u00bb content_placement=\u00bbtop\u00bb css=\u00bb.vc_custom_1563368986428{margin-top: 0px !important;padding-top: 0px !important;background-image: url(https:\/\/memoria2018.sigaus.es\/wp-content\/uploads\/2019\/05\/fondoNubes.jpg?id=803) !important;background-position: center !important;background-repeat: no-repeat !important;background-size: cover !important;}\u00bb][vc_column css=\u00bb.vc_custom_1563368977868{margin-top: 0px !important;margin-bottom: 0px !important;padding-top: 0px !important;padding-bottom: 0px !important;}\u00bb][vc_row_inner content_placement=\u00bbmiddle\u00bb css=\u00bb.vc_custom_1563368970844{margin-top: 0px !important;padding-top: 0px !important;}\u00bb][vc_column_inner el_class=\u00bbiv-hidden-c\u00bb animation=\u00bbrda_fadeInRight\u00bb offset=\u00bbvc_hidden-lg vc_hidden-md vc_hidden-sm\u00bb css=\u00bb.vc_custom_1563368796864{margin-top: 0px !important;margin-bottom: 0px !important;padding-top: 0px !important;padding-bottom: 0px !important;}\u00bb][vc_single_image image=\u00bb2683&#8243; img_size=\u00bbfull\u00bb alignment=\u00bbcenter\u00bb css=\u00bb.vc_custom_1563368962428{margin-top: 0px !important;padding-top: 0px !important;}\u00bb][\/vc_column_inner][\/vc_row_inner][vc_row_inner equal_height=\u00bbyes\u00bb content_placement=\u00bbmiddle\u00bb<br \/><a href=\"https:\/\/memoria2018.sigaus.es\/index.php\/nuestros-valores\/\" class=\"more\">Read more<\/a><\/p>\n","protected":false},"author":7,"featured_media":0,"parent":0,"menu_order":18,"comment_status":"closed","ping_status":"closed","template":"","meta":{"_monsterinsights_skip_tracking":false,"_monsterinsights_sitenote_active":false,"_monsterinsights_sitenote_note":"","_monsterinsights_sitenote_category":0,"footnotes":""},"class_list":["post-363","page","type-page","status-publish","hentry"],"_links":{"self":[{"href":"https:\/\/memoria2018.sigaus.es\/index.php\/wp-json\/wp\/v2\/pages\/363","targetHints":{"allow":["GET"]}}],"collection":[{"href":"https:\/\/memoria2018.sigaus.es\/index.php\/wp-json\/wp\/v2\/pages"}],"about":[{"href":"https:\/\/memoria2018.sigaus.es\/index.php\/wp-json\/wp\/v2\/types\/page"}],"author":[{"embeddable":true,"href":"https:\/\/memoria2018.sigaus.es\/index.php\/wp-json\/wp\/v2\/users\/7"}],"replies":[{"embeddable":true,"href":"https:\/\/memoria2018.sigaus.es\/index.php\/wp-json\/wp\/v2\/comments?post=363"}],"version-history":[{"count":236,"href":"https:\/\/memoria2018.sigaus.es\/index.php\/wp-json\/wp\/v2\/pages\/363\/revisions"}],"predecessor-version":[{"id":5726,"href":"https:\/\/memoria2018.sigaus.es\/index.php\/wp-json\/wp\/v2\/pages\/363\/revisions\/5726"}],"wp:attachment":[{"href":"https:\/\/memoria2018.sigaus.es\/index.php\/wp-json\/wp\/v2\/media?parent=363"}],"curies":[{"name":"wp","href":"https:\/\/api.w.org\/{rel}","templated":true}]}}