{"id":3093,"date":"2019-07-01T08:24:12","date_gmt":"2019-07-01T08:24:12","guid":{"rendered":"https:\/\/memoria2018.sigaus.es\/?page_id=3093"},"modified":"2021-11-08T14:48:03","modified_gmt":"2021-11-08T14:48:03","slug":"huella-tecnologica","status":"publish","type":"page","link":"https:\/\/memoria2018.sigaus.es\/index.php\/huella-tecnologica\/","title":{"rendered":"Huella Tecnol\u00f3gica"},"content":{"rendered":"<p>[vc_row type=\u00bbfull-width-section\u00bb content_placement=\u00bbtop\u00bb css=\u00bb.vc_custom_1563369822391{margin-top: 0px !important;padding-top: 0px !important;background-image: url(https:\/\/memoria2018.sigaus.es\/wp-content\/uploads\/2019\/05\/fondoNubes.jpg?id=803) !important;background-position: center !important;background-repeat: no-repeat !important;background-size: cover !important;}\u00bb][vc_column css=\u00bb.vc_custom_1563369831021{margin-top: 0px !important;padding-top: 0px !important;}\u00bb][vc_row_inner content_placement=\u00bbmiddle\u00bb css=\u00bb.vc_custom_1563369839068{margin-top: 0px !important;margin-bottom: 0px !important;padding-top: 0px !important;padding-bottom: 0px !important;}\u00bb][vc_column_inner el_class=\u00bbiv-hidden-c\u00bb animation=\u00bbrda_fadeInRight\u00bb offset=\u00bbvc_hidden-lg vc_hidden-md vc_hidden-sm\u00bb css=\u00bb.vc_custom_1563369846517{margin-top: 0px !important;margin-bottom: 0px !important;padding-top: 0px !important;padding-bottom: 0px !important;}\u00bb][vc_single_image image=\u00bb3738&#8243; img_size=\u00bbfull\u00bb alignment=\u00bbcenter\u00bb css=\u00bb.vc_custom_1563369857207{margin-top: 0px !important;margin-bottom: 0px !important;padding-top: 0px !important;padding-bottom: 0px !important;}\u00bb][\/vc_column_inner][\/vc_row_inner][vc_row_inner equal_height=\u00bbyes\u00bb content_placement=\u00bbmiddle\u00bb css=\u00bb.vc_custom_1563370102234{margin-top: 0px !important;padding-top: 0px !important;}\u00bb][vc_column_inner width=\u00bb1\/2&#8243; animation=\u00bbrda_fadeIn\u00bb css=\u00bb.vc_custom_1563369880139{margin-top: 40px !important;padding-top: 0px !important;}\u00bb][vc_column_text]<\/p>\n<h2 class=\"iv\">Paloma Domingo<\/h2>\n<h3 class=\"iv\">Directora General de la Fundaci\u00f3n Espa\u00f1ola para la Ciencia y la Tecnolog\u00eda (FECYT).<\/h3>\n<div class=\"iv-linea\"><\/div>\n<h4>La transformaci\u00f3n digital se traduce en un avance muy significativo del conocimiento de nuestro entorno y, por tanto, una mayor capacidad de an\u00e1lisis y compresi\u00f3n de \u00e9ste a la hora de llevar a cabo una toma de decisiones m\u00e1s acertada.<\/h4>\n<p>[\/vc_column_text]<div class=\"ult_exp_section_layer ult-adjust-bottom-margin  \" >\r\n\t<div id=\"uvc-exp-wrap-1908\"   data-ultimate-target='#uvc-exp-wrap-1908'  data-responsive-json-new='{\"font-size\":\"desktop:24px;\",\"line-height\":\"desktop:20px;\"}'  class=\"ult_exp_section  ult-responsive \" style=\"color:#1b1464;background-color:rgba(255,255,255,0.01);font-family:Zilla Slab;font-weight:300; padding-top:0px;padding-right:15px;padding-bottom:0px;padding-left:15px;text-align:left;\" data-textcolor=\"#1b1464\"data-texthover=\"#1b1464\"data-icncolor=\"#1b1464\"data-ihover=\"#1b1464\"data-height=\"0\"data-cntbg=\"rgba(255,255,255,0.01)\"data-cnthvrbg=\"rgba(255,255,255,0.01)\"data-headerbg=\"rgba(255,255,255,0.01)\"data-headerhover=\"rgba(255,255,255,0.01)\"data-title=\"Leer m\u00e1s\"data-newtitle=\"Leer menos\"data-icon=\"Defaults-plus\"data-newicon=\"Defaults-minus\"data-activeicon=\"#1b1464\"data-effect=\"slideToggle\"data-override=\"0\"data-activetitle=\"#1b1464\"data-activebg=\"rgba(255,255,255,0.01)\"data-img=\"\"data-newimg=\"\"><div  class=\"ult_exp_section-main ult_expright_icon\">\r\n\t\t\t\t\t<div class=\"ult_expheader\" >Leer m\u00e1s\r\n\t\t\t\t\t <\/div>\t<div class=\"ult-just-icon-wrapper ult_exp_icon\">\r\n\t\t\t\t\t<div class=\"align-icon \">\r\n\t\t\t\t\t\t\n<span class=\"aio-icon  none  ult_expsection_icon \"  style=\"color:#1b1464;font-size:20px;display:inline-block;\">\n\t<i class=\"Defaults-plus ult_ex_icon\"  ><\/i>\n<\/span>\r\n\t\t\t\t\t<\/div>\r\n\t\t\t\t<\/div><\/div>\r\n\t\t\t\t<\/div><div class=\"ult_exp_content \" style=\"background-color:rgba(255,255,255,0.01);  \"><div class=\"ult_ecpsub_cont\" style=\" \" >[vc_column_text]<\/p>\n<p style=\"text-align: left;\">La transformaci\u00f3n digital ha sido en los \u00faltimos a\u00f1os uno de los factores clave en la evoluci\u00f3n y avance de la sociedad, cambiando desde los medios con los que se trabaja hasta las relaciones sociales o la manera en la que se interrelacionan los propios ciudadanos.<\/p>\n<p style=\"text-align: left;\">Actualmente esta transformaci\u00f3n cobra un auge a\u00fan mayor al unirse el incremento del potencial de an\u00e1lisis de la informaci\u00f3n a trav\u00e9s de las nuevas tecnolog\u00edas y el volumen de informaci\u00f3n a analizar, as\u00ed como la capacidad de los canales de transmisi\u00f3n de \u00e9sta (Big Data, 5G, computaci\u00f3n avanzada o inteligencia artificial, entre otros).<\/p>\n<p style=\"text-align: left;\">Esto se traduce en un avance muy significativo del conocimiento de nuestro entorno y, por tanto, una mayor capacidad de an\u00e1lisis y compresi\u00f3n de \u00e9ste a la hora de llevar a cabo una toma de decisiones m\u00e1s acertada, contado con una mayor evidencia al disponer de una mayor informaci\u00f3n.<\/p>\n<p style=\"text-align: left;\">De cara a un futuro, es relevante continuar fomentando, no s\u00f3lo el desarrollo tecnol\u00f3gico, sino tambi\u00e9n la educaci\u00f3n y concienciaci\u00f3n de la sociedad en la importancia de este avance con el fin de que este valor sea percibido como tal por el ciudadano.<\/p>\n<p>[\/vc_column_text]<\/div><\/div>\r\n\r\n\t\t\t<\/div>[vc_single_image image=\u00bb505&#8243; img_size=\u00bbfull\u00bb][\/vc_column_inner][vc_column_inner width=\u00bb1\/2&#8243; animation=\u00bbrda_fadeInRight\u00bb offset=\u00bbvc_hidden-xs\u00bb css=\u00bb.vc_custom_1563369873076{margin-top: 40px !important;padding-top: 0px !important;}\u00bb][vc_single_image image=\u00bb3738&#8243; img_size=\u00bbfull\u00bb alignment=\u00bbcenter\u00bb][\/vc_column_inner][\/vc_row_inner][\/vc_column][\/vc_row][vc_row type=\u00bbfull-width-content\u00bb bg_type=\u00bbimage\u00bb parallax_style=\u00bbvcpb-default\u00bb bg_image_new=\u00bbid^683|url^https:\/\/memoria2018.sigaus.es\/wp-content\/uploads\/2019\/06\/bg-water-2.png|caption^null|alt^null|title^bg-water-2|description^null\u00bb bg_override=\u00bbfull\u00bb el_class=\u00bbiv-bg-water-marco iv-hidden-m\u00bb][vc_column el_class=\u00bbiv-hidden-m\u00bb offset=\u00bbvc_hidden-xs\u00bb][vc_raw_html]JTNDJTIxLS0lMjBFZmVjdG8lMjBhY3VhcmVsYSUyMC0tJTNF[\/vc_raw_html][vc_empty_space height=\u00bb100px\u00bb][\/vc_column][\/vc_row][vc_row type=\u00bbfull-width-section\u00bb content_placement=\u00bbbottom\u00bb bg_type=\u00bbimage\u00bb parallax_style=\u00bbvcpb-default\u00bb bg_image_repeat=\u00bbno-repeat\u00bb bg_image_posiiton=\u00bbcenter bottom\u00bb bg_override=\u00bbex-full\u00bb el_class=\u00bbinfoBG\u00bb css=\u00bb.vc_custom_1560265017574{margin-top: 40px !important;background-position: center !important;background-repeat: no-repeat !important;background-size: contain !important;}\u00bb][vc_column][vc_column_text css=\u00bb.vc_custom_1561969163635{margin-bottom: 0px !important;padding-bottom: 0px !important;}\u00bb]<\/p>\n<div style=\"text-align: center;\">\n<h2 class=\"iv\" style=\"text-align: center;\">Datos bajo control <i class=\"iv-linea\"><\/i><\/h2>\n<\/div>\n<p>[\/vc_column_text][vc_row_inner content_placement=\u00bbbottom\u00bb css=\u00bb.vc_custom_1560264449796{margin-top: 0px !important;padding-top: 0px !important;}\u00bb][vc_column_inner width=\u00bb1\/6&#8243;][\/vc_column_inner][vc_column_inner width=\u00bb2\/3&#8243; animation=\u00bbrda_fadeIn\u00bb css=\u00bb.vc_custom_1560264497579{margin-top: 0px !important;padding-top: 0px !important;}\u00bb][vc_column_text]<\/p>\n<p style=\"text-align: center;\">En la era digital en la que estamos inmersos, los datos son recursos clave para un control exhaustivo del residuo. Cada d\u00eda del a\u00f1o se registran cientos de operaciones de gesti\u00f3n a trav\u00e9s del Sistema de Informaci\u00f3n Tecnol\u00f3gico (SIT), una herramienta inform\u00e1tica que nos permite monitorizar en tiempo real la puesta en el mercado de aceites industriales y el aceite usado que se est\u00e1 recogiendo y tratando en cualquier punto de nuestro pa\u00eds. En 2018 se registraron 160.000 documentos oficiales, con cerca de 200.000 declaraciones inform\u00e1ticas realizadas por los 234 fabricantes adheridos y las 194 instalaciones gestoras con contrato que trabajan en el marco del SIG.<\/p>\n<p>[\/vc_column_text]<style type=\"text\/css\" >#b_3h9ouo8heo57vl37dbgp a{color:#1b1464; background:rgba(255,255,255,0.2); border-style:solid; border-color:#1b1464; margin-top:0px; margin-bottom:0px;  margin-left:0px; margin-right:0px; font-weight:700; border-radius:30px;}#b_3h9ouo8heo57vl37dbgp a:hover{color:#1e73be ; background:rgba(30,115,190,0.2) ; border-color:rgba(30,115,190,0.2);}<\/style><div class=\"ta_center tf_btn_pos\" id=\"b_3h9ouo8heo57vl37dbgp\" ><a class=\"rd_stroke_bt medium_rd_bt border_1px  bt_icon_right   \" href=\"https:\/\/memoria2018.sigaus.es\/wp-content\/uploads\/2019\/07\/Huella-tecnologica.pdf\" target=\"yes\"   ><span>Ver infograf\u00eda<\/span><i class=\"ion-plus\" ><\/i><\/a><\/div><style type=\"text\/css\" >#b_3h9ouo8heo57vl37dbgp i {color:#1b1464;}#b_3h9ouo8heo57vl37dbgp a:hover i{color:#1e73be;}<\/style><style type='text\/css'> @font-face{font-family: 'ion'; src:url('https:\/\/memoria2018.sigaus.es\/wp-content\/themes\/thefox\/includes\/4k-icons\/icons\/4k-icons-pack03\/icons\/fonts\/ion.eot'); src:url('https:\/\/memoria2018.sigaus.es\/wp-content\/themes\/thefox\/includes\/4k-icons\/icons\/4k-icons-pack03\/icons\/fonts\/ion.eot?#iefix') format('embedded-opentype'), url('https:\/\/memoria2018.sigaus.es\/wp-content\/themes\/thefox\/includes\/4k-icons\/icons\/4k-icons-pack03\/icons\/fonts\/ion.woff') format('woff'), url('https:\/\/memoria2018.sigaus.es\/wp-content\/themes\/thefox\/includes\/4k-icons\/icons\/4k-icons-pack03\/icons\/fonts\/ion.ttf') format('truetype'), url('https:\/\/memoria2018.sigaus.es\/wp-content\/themes\/thefox\/includes\/4k-icons\/icons\/4k-icons-pack03\/icons\/fonts\/ion.svg#oi') format('svg'); font-weight: normal; font-style: normal;}#b_3h9ouo8heo57vl37dbgp .ion-plus:before{font-family: 'ion'; font-weight: normal; font-style: normal;}#b_3h9ouo8heo57vl37dbgp .ion-plus:before{content: \"\\e9b1\";}<\/style>\n[vc_empty_space height=\u00bb20px\u00bb][vc_single_image image=\u00bb505&#8243; img_size=\u00bbfull\u00bb alignment=\u00bbcenter\u00bb][\/vc_column_inner][vc_column_inner width=\u00bb1\/6&#8243;][\/vc_column_inner][\/vc_row_inner][\/vc_column][\/vc_row][vc_row equal_height=\u00bbyes\u00bb content_placement=\u00bbmiddle\u00bb bg_type=\u00bbimage\u00bb parallax_style=\u00bbvcpb-default\u00bb bg_image_repeat=\u00bbno-repeat\u00bb bg_image_posiiton=\u00bbcenter bottom\u00bb][vc_column el_class=\u00bbiv-hidden-c iv-col-8-m iv-mar-2-m\u00bb offset=\u00bbvc_hidden-lg vc_hidden-md vc_hidden-sm\u00bb][vc_single_image image=\u00bb3781&#8243; img_size=\u00bbfull\u00bb alignment=\u00bbcenter\u00bb][\/vc_column][\/vc_row][vc_row equal_height=\u00bbyes\u00bb content_placement=\u00bbmiddle\u00bb bg_type=\u00bbimage\u00bb parallax_style=\u00bbvcpb-default\u00bb bg_image_repeat=\u00bbno-repeat\u00bb bg_image_posiiton=\u00bbcenter bottom\u00bb][vc_column width=\u00bb1\/2&#8243;][vc_column_text css=\u00bb.vc_custom_1562237948263{margin-bottom: 0px !important;padding-bottom: 0px !important;}\u00bb]<\/p>\n<h2 class=\"iv\" style=\"text-align: left;\">Sistema de Informaci\u00f3n Tecnol\u00f3gico (SIT)<i class=\"iv-linea\"><\/i><\/h2>\n<p>[\/vc_column_text][vc_column_text css=\u00bb.vc_custom_1561969247310{margin-bottom: 0px !important;padding-bottom: 0px !important;}\u00bb]En un mundo cada vez m\u00e1s competitivo y globalizado, el desarrollo de las capacidades digitales y la implementaci\u00f3n de nuevas tecnolog\u00edas permiten la automatizaci\u00f3n de los procesos, gestionar un gran volumen de datos y, con ello, disponer de un mayor control e incrementar la eficiencia operativa. En nuestro \u00e1mbito, este fundamental proceso de digitalizaci\u00f3n pasa por contar con m\u00e1s y mejores datos, y explotarlos mejor, como la gran materia prima que son para conectar con nuestros p\u00fablicos de inter\u00e9s. P\u00fablicos que, cada vez m\u00e1s, demandan datos pr\u00e1cticamente \u2018a la carta\u2019.[\/vc_column_text]<style type=\"text\/css\" >#b_eomkz5ktqipm9ftye76q a{color:#1b1464; background:rgba(255,255,255,0.01); margin-top:0px; margin-bottom:0px;  margin-left:0px; margin-right:0px; font-weight:700; border-radius:30px;}#b_eomkz5ktqipm9ftye76q a:hover{color:#1e73be ; background:rgba(30,115,190,0.01) ;}<\/style><div class=\"ta_left tf_btn_pos\" id=\"b_eomkz5ktqipm9ftye76q\" ><a class=\"rd_normal_bt smallmedium_rd_bt bt_icon_right   Ah_smallmedium_rd_bt\" href=\"https:\/\/memoria2018.sigaus.es\/index.php\/sit\/\" target=\"\"   ><span>Leer m\u00e1s<\/span><i class=\"fa-long-arrow-right\" ><\/i><\/a><\/div><style type=\"text\/css\" >#b_eomkz5ktqipm9ftye76q i {color:#1b1464;}#b_eomkz5ktqipm9ftye76q a:hover i{color:#1e73be;}<\/style><style type='text\/css'> @font-face{font-family: 'fa'; src:url('https:\/\/memoria2018.sigaus.es\/wp-content\/themes\/thefox\/includes\/4k-icons\/icons\/4k-icons-pack02\/icons\/fonts\/fa.eot'); src:url('https:\/\/memoria2018.sigaus.es\/wp-content\/themes\/thefox\/includes\/4k-icons\/icons\/4k-icons-pack02\/icons\/fonts\/fa.eot?#iefix') format('embedded-opentype'), url('https:\/\/memoria2018.sigaus.es\/wp-content\/themes\/thefox\/includes\/4k-icons\/icons\/4k-icons-pack02\/icons\/fonts\/fa.woff') format('woff'), url('https:\/\/memoria2018.sigaus.es\/wp-content\/themes\/thefox\/includes\/4k-icons\/icons\/4k-icons-pack02\/icons\/fonts\/fa.ttf') format('truetype'), url('https:\/\/memoria2018.sigaus.es\/wp-content\/themes\/thefox\/includes\/4k-icons\/icons\/4k-icons-pack02\/icons\/fonts\/fa.svg#oi') format('svg'); font-weight: normal; font-style: normal;}#b_eomkz5ktqipm9ftye76q .fa-long-arrow-right:before{font-family: 'fa'; font-weight: normal; font-style: normal;}#b_eomkz5ktqipm9ftye76q .fa-long-arrow-right:before{content: \"\\f178\";}<\/style>\n[\/vc_column][vc_column width=\u00bb1\/2&#8243; el_class=\u00bbiv-hidden-m\u00bb offset=\u00bbvc_hidden-xs\u00bb][vc_single_image image=\u00bb3781&#8243; img_size=\u00bbfull\u00bb alignment=\u00bbcenter\u00bb][\/vc_column][\/vc_row][vc_row equal_height=\u00bbyes\u00bb content_placement=\u00bbmiddle\u00bb bg_type=\u00bbimage\u00bb parallax_style=\u00bbvcpb-default\u00bb bg_image_repeat=\u00bbno-repeat\u00bb bg_image_posiiton=\u00bbcenter bottom\u00bb][vc_column width=\u00bb1\/2&#8243; el_class=\u00bbiv-col-8-m iv-mar-2-m\u00bb][vc_single_image image=\u00bb3726&#8243; img_size=\u00bbfull\u00bb alignment=\u00bbcenter\u00bb][\/vc_column][vc_column width=\u00bb1\/2&#8243;][vc_column_text css=\u00bb.vc_custom_1562237930428{margin-bottom: 0px !important;padding-bottom: 0px !important;}\u00bb]<\/p>\n<h2 class=\"iv\" style=\"text-align: left;\">Observatorio del Aceite Industrial Usado <i class=\"iv-linea\"><\/i><\/h2>\n<p>[\/vc_column_text][vc_column_text css=\u00bb.vc_custom_1561969277805{margin-bottom: 0px !important;padding-bottom: 0px !important;}\u00bb]Nuestra plataforma interactiva que muestra informaci\u00f3n pormenorizada de la gesti\u00f3n del aceite industrial usado en Espa\u00f1a. Un entorno online (www.observatoriodelaceiteusado.sigaus.es) donde se pueden realizar consultas de forma segmentada por distintas variables y \u00e1mbitos geogr\u00e1ficos, con an\u00e1lisis estad\u00edsticos, territoriales y ambientales sobre la generaci\u00f3n del residuo.[\/vc_column_text]<style type=\"text\/css\" >#b_o5jazzwf74kv02qp0y6i a{color:#1b1464; background:rgba(255,255,255,0.01); margin-top:0px; margin-bottom:0px;  margin-left:0px; margin-right:0px; font-weight:700; border-radius:30px;}#b_o5jazzwf74kv02qp0y6i a:hover{color:#1e73be ; background:rgba(30,115,190,0.01) ;}<\/style><div class=\"ta_left tf_btn_pos\" id=\"b_o5jazzwf74kv02qp0y6i\" ><a class=\"rd_normal_bt smallmedium_rd_bt bt_icon_right   Ah_smallmedium_rd_bt\" href=\"https:\/\/memoria2018.sigaus.es\/index.php\/observatorio-del-aceite-industrial-usado\/\" target=\"\"   ><span>Leer m\u00e1s<\/span><i class=\"fa-long-arrow-right\" ><\/i><\/a><\/div><style type=\"text\/css\" >#b_o5jazzwf74kv02qp0y6i i {color:#1b1464;}#b_o5jazzwf74kv02qp0y6i a:hover i{color:#1e73be;}<\/style><style type='text\/css'> @font-face{font-family: 'fa'; src:url('https:\/\/memoria2018.sigaus.es\/wp-content\/themes\/thefox\/includes\/4k-icons\/icons\/4k-icons-pack02\/icons\/fonts\/fa.eot'); src:url('https:\/\/memoria2018.sigaus.es\/wp-content\/themes\/thefox\/includes\/4k-icons\/icons\/4k-icons-pack02\/icons\/fonts\/fa.eot?#iefix') format('embedded-opentype'), url('https:\/\/memoria2018.sigaus.es\/wp-content\/themes\/thefox\/includes\/4k-icons\/icons\/4k-icons-pack02\/icons\/fonts\/fa.woff') format('woff'), url('https:\/\/memoria2018.sigaus.es\/wp-content\/themes\/thefox\/includes\/4k-icons\/icons\/4k-icons-pack02\/icons\/fonts\/fa.ttf') format('truetype'), url('https:\/\/memoria2018.sigaus.es\/wp-content\/themes\/thefox\/includes\/4k-icons\/icons\/4k-icons-pack02\/icons\/fonts\/fa.svg#oi') format('svg'); font-weight: normal; font-style: normal;}#b_o5jazzwf74kv02qp0y6i .fa-long-arrow-right:before{font-family: 'fa'; font-weight: normal; font-style: normal;}#b_o5jazzwf74kv02qp0y6i .fa-long-arrow-right:before{content: \"\\f178\";}<\/style>\n[\/vc_column][\/vc_row][vc_row content_placement=\u00bbmiddle\u00bb][vc_column][vc_row_inner equal_height=\u00bbyes\u00bb content_placement=\u00bbmiddle\u00bb][vc_column_inner el_class=\u00bbiv-col-12-s iv-col-6-m\u00bb width=\u00bb1\/2&#8243; animation=\u00bbrda_fadeIn\u00bb][vc_single_image image=\u00bb4884&#8243; img_size=\u00bb300&#215;300&#8243; alignment=\u00bbright\u00bb onclick=\u00bbcustom_link\u00bb link=\u00bbhttps:\/\/memoria2018.sigaus.es\/index.php\/huella-tecnologica\/observatorio-del-aceite-industrial-usado\/\u00bb][vc_empty_space height=\u00bb30px\u00bb][\/vc_column_inner][vc_column_inner el_class=\u00bbiv-col-12-s iv-col-6-m\u00bb width=\u00bb1\/2&#8243; animation=\u00bbrda_fadeIn\u00bb][vc_single_image image=\u00bb4885&#8243; img_size=\u00bb300&#215;300&#8243; onclick=\u00bbcustom_link\u00bb link=\u00bbhttps:\/\/memoria2018.sigaus.es\/index.php\/huella-tecnologica\/sit\/\u00bb][vc_empty_space height=\u00bb30px\u00bb][\/vc_column_inner][\/vc_row_inner][\/vc_column][\/vc_row]<\/p>\n","protected":false},"excerpt":{"rendered":"<p>[vc_row type=\u00bbfull-width-section\u00bb content_placement=\u00bbtop\u00bb css=\u00bb.vc_custom_1563369822391{margin-top: 0px !important;padding-top: 0px !important;background-image: url(https:\/\/memoria2018.sigaus.es\/wp-content\/uploads\/2019\/05\/fondoNubes.jpg?id=803) !important;background-position: center !important;background-repeat: no-repeat !important;background-size: cover !important;}\u00bb][vc_column css=\u00bb.vc_custom_1563369831021{margin-top: 0px !important;padding-top: 0px !important;}\u00bb][vc_row_inner content_placement=\u00bbmiddle\u00bb css=\u00bb.vc_custom_1563369839068{margin-top: 0px !important;margin-bottom: 0px !important;padding-top: 0px !important;padding-bottom: 0px !important;}\u00bb][vc_column_inner el_class=\u00bbiv-hidden-c\u00bb animation=\u00bbrda_fadeInRight\u00bb offset=\u00bbvc_hidden-lg vc_hidden-md vc_hidden-sm\u00bb css=\u00bb.vc_custom_1563369846517{margin-top: 0px !important;margin-bottom: 0px !important;padding-top: 0px !important;padding-bottom: 0px !important;}\u00bb][vc_single_image image=\u00bb3738&#8243; img_size=\u00bbfull\u00bb alignment=\u00bbcenter\u00bb css=\u00bb.vc_custom_1563369857207{margin-top: 0px !important;margin-bottom: 0px !important;padding-top: 0px !important;padding-bottom:<br \/><a href=\"https:\/\/memoria2018.sigaus.es\/index.php\/huella-tecnologica\/\" class=\"more\">Read more<\/a><\/p>\n","protected":false},"author":7,"featured_media":0,"parent":0,"menu_order":10,"comment_status":"closed","ping_status":"closed","template":"","meta":{"_monsterinsights_skip_tracking":false,"_monsterinsights_sitenote_active":false,"_monsterinsights_sitenote_note":"","_monsterinsights_sitenote_category":0,"footnotes":""},"class_list":["post-3093","page","type-page","status-publish","hentry"],"_links":{"self":[{"href":"https:\/\/memoria2018.sigaus.es\/index.php\/wp-json\/wp\/v2\/pages\/3093","targetHints":{"allow":["GET"]}}],"collection":[{"href":"https:\/\/memoria2018.sigaus.es\/index.php\/wp-json\/wp\/v2\/pages"}],"about":[{"href":"https:\/\/memoria2018.sigaus.es\/index.php\/wp-json\/wp\/v2\/types\/page"}],"author":[{"embeddable":true,"href":"https:\/\/memoria2018.sigaus.es\/index.php\/wp-json\/wp\/v2\/users\/7"}],"replies":[{"embeddable":true,"href":"https:\/\/memoria2018.sigaus.es\/index.php\/wp-json\/wp\/v2\/comments?post=3093"}],"version-history":[{"count":45,"href":"https:\/\/memoria2018.sigaus.es\/index.php\/wp-json\/wp\/v2\/pages\/3093\/revisions"}],"predecessor-version":[{"id":5790,"href":"https:\/\/memoria2018.sigaus.es\/index.php\/wp-json\/wp\/v2\/pages\/3093\/revisions\/5790"}],"wp:attachment":[{"href":"https:\/\/memoria2018.sigaus.es\/index.php\/wp-json\/wp\/v2\/media?parent=3093"}],"curies":[{"name":"wp","href":"https:\/\/api.w.org\/{rel}","templated":true}]}}