{"id":2214,"date":"2019-06-21T09:48:53","date_gmt":"2019-06-21T09:48:53","guid":{"rendered":"https:\/\/memoria2018.sigaus.es\/?page_id=2214"},"modified":"2019-08-12T09:57:54","modified_gmt":"2019-08-12T09:57:54","slug":"relaciones-institucionales","status":"publish","type":"page","link":"https:\/\/memoria2018.sigaus.es\/index.php\/huella-social\/relaciones-institucionales\/","title":{"rendered":"Relaciones Institucionales"},"content":{"rendered":"<p>[vc_row css=\u00bb.vc_custom_1563880775605{margin-top: 0px !important;margin-bottom: 0px !important;padding-top: 0px !important;padding-bottom: 0px !important;}\u00bb el_class=\u00bbiv-flotar-der-m \u00ab][vc_column css=\u00bb.vc_custom_1563272877978{margin-top: 0px !important;margin-bottom: 0px !important;padding-top: 0px !important;padding-bottom: 0px !important;}\u00bb]<style type=\"text\/css\" >#b_ieu229se1xckdmd3aumb a{color:#ff9381; background:; border-style:solid; border-color:#ff9381; margin-top:20px; margin-bottom:0px;  margin-left:0px; margin-right:0px; font-weight:700; border-radius:50px;}#b_ieu229se1xckdmd3aumb a:hover{color:#ffffff ; background:rgba(255,147,129,0.83) ; border-color:rgba(255,147,129,0.83);}<\/style><div class=\"ta_right tf_btn_pos\" id=\"b_ieu229se1xckdmd3aumb\" ><a class=\"rd_stroke_bt small_rd_bt border_1px  bt_icon_left    iv-volver\" href=\"https:\/\/memoria2018.sigaus.es\/index.php\/huella-social\/\" target=\"\"   ><i class=\"ion-ios7-arrow-back\" ><\/i><span>Volver<\/span><\/a><\/div><style type=\"text\/css\" >#b_ieu229se1xckdmd3aumb i {color:#ff9381;}#b_ieu229se1xckdmd3aumb a:hover i{color:#ffffff;}<\/style><style type='text\/css'> @font-face{font-family: 'ion'; src:url('https:\/\/memoria2018.sigaus.es\/wp-content\/themes\/thefox\/includes\/4k-icons\/icons\/4k-icons-pack03\/icons\/fonts\/ion.eot'); src:url('https:\/\/memoria2018.sigaus.es\/wp-content\/themes\/thefox\/includes\/4k-icons\/icons\/4k-icons-pack03\/icons\/fonts\/ion.eot?#iefix') format('embedded-opentype'), url('https:\/\/memoria2018.sigaus.es\/wp-content\/themes\/thefox\/includes\/4k-icons\/icons\/4k-icons-pack03\/icons\/fonts\/ion.woff') format('woff'), url('https:\/\/memoria2018.sigaus.es\/wp-content\/themes\/thefox\/includes\/4k-icons\/icons\/4k-icons-pack03\/icons\/fonts\/ion.ttf') format('truetype'), url('https:\/\/memoria2018.sigaus.es\/wp-content\/themes\/thefox\/includes\/4k-icons\/icons\/4k-icons-pack03\/icons\/fonts\/ion.svg#oi') format('svg'); font-weight: normal; font-style: normal;}#b_ieu229se1xckdmd3aumb .ion-ios7-arrow-back:before{font-family: 'ion'; font-weight: normal; font-style: normal;}#b_ieu229se1xckdmd3aumb .ion-ios7-arrow-back:before{content: \"\\e8b4\";}<\/style>\n[\/vc_column][\/vc_row][vc_row type=\u00bbfull-width-content\u00bb el_class=\u00bbiv-bg-deg iv-hidden-m\u00bb][vc_column el_class=\u00bbiv-hidden-m\u00bb offset=\u00bbvc_hidden-xs\u00bb][vc_empty_space height=\u00bb100px\u00bb][vc_raw_html]JTNDJTIxLS0lMjBFZmVjdG8lMjBkZWdyYWRhZG8tLSUzRSUwQSUzQyUyMS0tJTIwRWZlY3RvJTIwZGVncmFkYWRvJTNBJTIwRXN0YSUyMGNhcGElMjBzZSUyMHBvbmUlMjBzb2JyZSUyMGxhJTIwcG9zdGVyaW9yJTJDJTIwaGFjaWVuZG8lMjBxdWUlMjBsYSUyMGNhYmVjZXJhJTIwZGUlMjBsYSUyMGNhcGElMjBwb3N0ZXJpb3IlMjBhcGFyZXpjYSUyMHVuYSUyMGltYWdlbiUyMGJsYW5jYSUyMGRlJTIwZGVncmFkYWRvLS0lM0U=[\/vc_raw_html][\/vc_column][\/vc_row][vc_row type=\u00bbfull-width-section\u00bb content_placement=\u00bbtop\u00bb bg_type=\u00bbimage\u00bb parallax_style=\u00bbvcpb-vz-jquery\u00bb bg_image_new=\u00bbid^1098|url^https:\/\/memoria2018.sigaus.es\/wp-content\/uploads\/2019\/05\/Nosotros_fondoGI.png|caption^null|alt^null|title^Nosotros_fondoGI|description^null\u00bb bg_image_repeat=\u00bbno-repeat\u00bb bg_override=\u00bbex-full\u00bb css=\u00bb.vc_custom_1560168241101{background-position: center !important;background-repeat: no-repeat !important;background-size: cover !important;}\u00bb][vc_column][vc_empty_space height=\u00bb120px\u00bb][vc_row_inner equal_height=\u00bbyes\u00bb content_placement=\u00bbtop\u00bb][vc_column_inner width=\u00bb1\/4&#8243;][vc_single_image image=\u00bb2252&#8243; img_size=\u00bbmedium\u00bb alignment=\u00bbcenter\u00bb animation=\u00bbrda_fadeInUp\u00bb][vc_empty_space height=\u00bb20px\u00bb][\/vc_column_inner][vc_column_inner width=\u00bb3\/4&#8243; animation=\u00bbrda_fadeIn\u00bb][vc_column_text css=\u00bb.vc_custom_1562917587898{margin-bottom: 20px !important;padding-bottom: 0px !important;}\u00bb]<\/p>\n<div>\n<h2 class=\"iv\">RELACIONES INSTITUCIONALES<\/h2>\n<h3 class=\"iv\">Huella Social<\/h3>\n<div class=\"iv-linea\"><\/div>\n<p style=\"text-align: left;\">Desde SIGAUS fomentamos en nuestra d\u00eda a d\u00eda la transparencia y la colaboraci\u00f3n con las Administraciones p\u00fablicas conscientes de que para la Entidad \u00e9stas son clave a la hora de cumplir con la misi\u00f3n que nos ha sido encomendada. Con este objetivo nos esforzamos por mantener siempre abiertos canales de comunicaci\u00f3n y l\u00edneas de trabajo colaborativo y nos encargamos de reportar ante los organismos ambientales de las diferentes CC.AA. y el Ministerio para la Transici\u00f3n Ecol\u00f3gica (MITECO) la labor realizada a lo largo de todo el a\u00f1o en materia de gesti\u00f3n del residuo, empresas involucradas en el Sistema, cantidades de aceites puesta en el mercado, u objetivos ecol\u00f3gicos alcanzados, entre otros aspectos, a trav\u00e9s de nuestros Informes Oficiales.<\/p>\n<\/div>\n<p>[\/vc_column_text][vc_single_image image=\u00bb505&#8243; img_size=\u00bbfull\u00bb css=\u00bb.vc_custom_1561536772042{margin-top: 0px !important;padding-top: 0px !important;}\u00bb][\/vc_column_inner][\/vc_row_inner][vc_empty_space height=\u00bb100px\u00bb][\/vc_column][\/vc_row][vc_row type=\u00bbfull-width-content\u00bb bg_type=\u00bbimage\u00bb parallax_style=\u00bbvcpb-default\u00bb bg_image_new=\u00bbid^683|url^https:\/\/memoria2018.sigaus.es\/wp-content\/uploads\/2019\/06\/bg-water-2.png|caption^null|alt^null|title^bg-water-2|description^null\u00bb bg_override=\u00bbfull\u00bb el_class=\u00bbiv-bg-water-marco iv-hidden-m\u00bb][vc_column el_class=\u00bbiv-hidden-m\u00bb offset=\u00bbvc_hidden-xs\u00bb][vc_raw_html]JTNDJTIxLS0lMjBFZmVjdG8lMjBhY3VhcmVsYSUyMC0tJTNF[\/vc_raw_html][vc_empty_space height=\u00bb100px\u00bb][\/vc_column][\/vc_row][vc_row type=\u00bbfull-width-section\u00bb content_placement=\u00bbbottom\u00bb bg_type=\u00bbimage\u00bb parallax_style=\u00bbvcpb-default\u00bb bg_image_repeat=\u00bbno-repeat\u00bb bg_image_posiiton=\u00bbcenter bottom\u00bb bg_override=\u00bbex-full\u00bb el_class=\u00bbinfoBG\u00bb css=\u00bb.vc_custom_1560856877493{margin-top: 10px !important;background-position: center !important;background-repeat: no-repeat !important;background-size: contain !important;}\u00bb][vc_column][vc_column_text css=\u00bb.vc_custom_1561111026813{margin-bottom: 0px !important;padding-bottom: 0px !important;}\u00bb]<\/p>\n<div style=\"text-align: center;\">\n<h2 class=\"iv\" style=\"text-align: center;\">Transparencia<i class=\"iv-linea\"><\/i><\/h2>\n<\/div>\n<p>[\/vc_column_text][vc_row_inner css=\u00bb.vc_custom_1561045721641{margin-bottom: 20px !important;padding-bottom: 0px !important;}\u00bb][vc_column_inner width=\u00bb1\/2&#8243;][vc_column_text]Para SIGAUS los aspectos relacionados con las relaciones institucionales cobran una importancia fundamental ya que, como Sistema Integrado de Gesti\u00f3n, la relaci\u00f3n fluida y constante con las Administraciones P\u00fablicas, tanto con el actual Ministerio para la Transici\u00f3n Ecol\u00f3gica (MITECO), como con las distintas Comunidades Aut\u00f3nomas, es clave a la hora de desarrollar nuestra labor, as\u00ed como en lo que se refiere a la rendici\u00f3n de cuentas respecto a la gesti\u00f3n del aceite industrial usado en Espa\u00f1a.<\/p>\n<p>Precisamente, esta relaci\u00f3n de cercan\u00eda resulta muy valorada por las empresas adheridas a nuestra Entidad, ya que uno de sus intereses al unirse a nosotros es, precisamente, ganar representatividad y dar visibilidad a su compromiso ambiental ante los organismos competentes, dando muestra de ello a trav\u00e9s de la pertenencia a un sistema de responsabilidad colectiva como es SIGAUS.[\/vc_column_text][vc_single_image image=\u00bb2246&#8243; img_size=\u00bbfull\u00bb css=\u00bb.vc_custom_1561117233042{margin-top: 0px !important;padding-top: 0px !important;}\u00bb][\/vc_column_inner][vc_column_inner width=\u00bb1\/2&#8243;][vc_column_text css=\u00bb.vc_custom_1562918040669{margin-bottom: 10px !important;padding-bottom: 0px !important;}\u00bb]Por esta raz\u00f3n, fomentamos en nuestra d\u00eda a d\u00eda la transparencia y la colaboraci\u00f3n a trav\u00e9s de la puesta en valor de las Relaciones Institucionales con el fin de cumplir con lo establecido en el Real Decreto 679\/2006. Y por ello tambi\u00e9n nos encargamos, a\u00f1o tras a\u00f1o, de presentar nuestros Informes Oficiales ante los organismos ambientales de las diferentes CC.AA. y el propio Ministerio, en los que se recogen los resultados de la labor realizada a lo largo de todo el a\u00f1o en materia de gesti\u00f3n del residuo, detallando adem\u00e1s las empresas involucradas en el Sistema, la cantidad de aceite lubricante puesta en el mercado por las empresas adheridas, los aceites usados recogidos y gestionados, o los objetivos ecol\u00f3gicos alcanzados, entre otros aspectos.<\/p>\n<p>Adem\u00e1s de estos datos, los Informes Oficiales aportan informaci\u00f3n detallada sobre el seguimiento del Plan Empresarial de Prevenci\u00f3n, as\u00ed como un desglose del Plan de Comunicaci\u00f3n que SIGAUS prev\u00e9 desarrollar durante el a\u00f1o en curso. Asimismo, estos documentos recogen datos sobre la cuota de mercado aplicada por la Entidad, que se establece de acuerdo a un estudio sobre el Mercado de los Lubricantes publicado por la consultora independiente PwC.<\/p>\n<h6><em><a href=\"https:\/\/fr.zone-secure.net\/18854\/.ResumenEjecutivo2018_SIGAUS\/#page=1\" target=\"_blank\" rel=\"noopener noreferrer\"><strong>Consultar Resumen Ejecutivo del Informe a las AA.PP. 2018<\/strong> <\/a><\/em><i class=\"fa-long-arrow-right\"><\/i><\/h6>\n<p>[\/vc_column_text][vc_single_image image=\u00bb505&#8243; img_size=\u00bbfull\u00bb css=\u00bb.vc_custom_1561536728026{margin-top: 0px !important;padding-top: 0px !important;}\u00bb][\/vc_column_inner][\/vc_row_inner][\/vc_column][\/vc_row][vc_row type=\u00bbfull-width-section\u00bb bg_type=\u00bbimage\u00bb parallax_style=\u00bbvcpb-default\u00bb bg_image_new=\u00bbid^2254|url^https:\/\/memoria2018.sigaus.es\/wp-content\/uploads\/2019\/06\/fondo_nubesPequ.jpg|caption^null|alt^null|title^fondo_nubesPequ|description^null\u00bb bg_image_posiiton=\u00bbcenter bottom\u00bb css=\u00bb.vc_custom_1561119429769{margin-top: 0px !important;padding-top: 0px !important;padding-bottom: 40px !important;}\u00bb][vc_column][vc_column_text css=\u00bb.vc_custom_1561647204740{margin-bottom: 0px !important;padding-bottom: 0px !important;}\u00bb]<\/p>\n<div style=\"text-align: center;\">\n<h2 class=\"iv\" style=\"text-align: center;\">\u00c1mbito auton\u00f3mico<i class=\"iv-linea\"><\/i><\/h2>\n<\/div>\n<p>[\/vc_column_text][vc_row_inner][vc_column_inner width=\u00bb2\/3&#8243;][vc_column_text]En esta misma l\u00ednea, y en lo que se refiere a la autorizaci\u00f3n de los sistemas integrados de gesti\u00f3n de aceites usados por parte de las Comunidades Aut\u00f3nomas, en 2018 hemos continuado solicitando y atendiendo los requerimientos necesarios para obtener la renovaci\u00f3n de estas autorizaciones auton\u00f3micas, consiguiendo resoluciones favorables para su renovaci\u00f3n en Andaluc\u00eda, Canarias, Castilla-La Mancha, Galicia, La Rioja y Pa\u00eds Vasco. Asimismo, en 2018 solicitamos las renovaciones, concedida ya en Castilla y Le\u00f3n, y a\u00fan en tramitaci\u00f3n en la Comunidad de Madrid y en la Regi\u00f3n de Murcia.<\/p>\n<p>En el marco de esta labor de comunicaci\u00f3n y trabajo colaborativo junto a las Administraciones P\u00fablicas, desde SIGAUS tambi\u00e9n participamos activamente en 2018 en el desarrollo de los tr\u00e1mites de informaci\u00f3n p\u00fablica a los que se someten los borradores de normativas y planes de gesti\u00f3n de residuos auton\u00f3micos, como los casos de Baleares, Catalu\u00f1a, Ceuta y Melilla. Durante el pasado a\u00f1o tambi\u00e9n hemos presentado alegaciones sobre anteproyectos de la Ley de Control Ambiental de Cantabria y la Estrategia de Gesti\u00f3n de Residuos de Madrid y atendido consultas de distintos organismos, como la Agencia de Residuos de Catalu\u00f1a.[\/vc_column_text][\/vc_column_inner][vc_column_inner width=\u00bb1\/3&#8243;][vc_custom_heading text=\u00bbEn 2018 hemos participado activamente en el desarrollo de distintos tr\u00e1mites de informaci\u00f3n p\u00fablica a los que se someten los borradores de normativas y planes de gesti\u00f3n de residuos auton\u00f3micos, como en el caso de Baleares, Catalu\u00f1a, Ceuta y Melilla.\u00bb font_container=\u00bbtag:h4|text_align:left\u00bb use_theme_fonts=\u00bbyes\u00bb css=\u00bb.vc_custom_1562918275999{margin-bottom: 20px !important;padding-bottom: 0px !important;}\u00bb][vc_single_image image=\u00bb505&#8243; img_size=\u00bbfull\u00bb css=\u00bb.vc_custom_1561536728026{margin-top: 0px !important;padding-top: 0px !important;}\u00bb][\/vc_column_inner][\/vc_row_inner][\/vc_column][\/vc_row][vc_row type=\u00bbfull-width-section\u00bb content_placement=\u00bbbottom\u00bb bg_type=\u00bbimage\u00bb parallax_style=\u00bbvcpb-default\u00bb bg_image_repeat=\u00bbno-repeat\u00bb bg_image_posiiton=\u00bbcenter bottom\u00bb bg_override=\u00bbex-full\u00bb el_class=\u00bbinfoBG\u00bb css=\u00bb.vc_custom_1561045759013{margin-top: 20px !important;margin-bottom: 0px !important;padding-bottom: 0px !important;background-position: center !important;background-repeat: no-repeat !important;background-size: contain !important;}\u00bb][vc_column][vc_column_text css=\u00bb.vc_custom_1561538653586{margin-bottom: 0px !important;padding-bottom: 0px !important;}\u00bb]<\/p>\n<div style=\"text-align: center;\">\n<h2 class=\"iv\" style=\"text-align: center;\">\u00c1mbito nacional<i class=\"iv-linea\"><\/i><\/h2>\n<\/div>\n<p>[\/vc_column_text][\/vc_column][\/vc_row][vc_row type=\u00bbfull-width-section\u00bb content_placement=\u00bbbottom\u00bb bg_type=\u00bbimage\u00bb parallax_style=\u00bbvcpb-default\u00bb bg_image_repeat=\u00bbno-repeat\u00bb bg_image_posiiton=\u00bbcenter bottom\u00bb bg_override=\u00bbex-full\u00bb el_class=\u00bbinfoBG\u00bb css=\u00bb.vc_custom_1561025017000{margin-top: 10px !important;margin-bottom: 0px !important;padding-bottom: 0px !important;background-position: center !important;background-repeat: no-repeat !important;background-size: contain !important;}\u00bb][vc_column width=\u00bb1\/3&#8243;][vc_single_image image=\u00bb2727&#8243; img_size=\u00bbfull\u00bb alignment=\u00bbcenter\u00bb css=\u00bb.vc_custom_1561536691856{margin-bottom: 40px !important;}\u00bb][\/vc_column][vc_column width=\u00bb2\/3&#8243;][vc_column_text css=\u00bb.vc_custom_1563109478574{margin-bottom: 20px !important;padding-bottom: 0px !important;}\u00bb]A nivel nacional, nos hemos implicado en el an\u00e1lisis del primer borrador de Estrategia Espa\u00f1ola de Econom\u00eda Circular <em>\u201cEspa\u00f1a Circular 2030\u201d<\/em> y hemos presentado comentarios ante el entonces MAPAMA y la CEOE. Igualmente presentamos propuestas ante la Comisi\u00f3n Europea, como respuesta a la consulta p\u00fablica sobre la aplicaci\u00f3n de la Directiva de veh\u00edculos al final de su vida \u00fatil, y ante el MITECO sobre la propuesta de Real Decreto sobre traslados de residuos.<\/p>\n<p>A esto se suma la consulta atendida sobre una propuesta de cuestionario relativo a la gesti\u00f3n de aceites usados, formulada por la Subdirecci\u00f3n General de Residuos del MITECO. Con este cuestionario, previsto en la modificaci\u00f3n de la directiva de residuos, la Comisi\u00f3n Europea espera conocer la situaci\u00f3n de la gesti\u00f3n de los aceites usados en los distintos Estados Miembro y establecer nuevos requisitos, incluyendo la posible adopci\u00f3n de nuevos objetivos de regeneraci\u00f3n.<\/p>\n<p>A finales del pasado mes de noviembre SIGAUS tambi\u00e9n particip\u00f3 en un Grupo de Trabajo, presidido por la Comisaria Europea de Pol\u00edtica Regional y el Gobierno de Canarias, para abordar la problem\u00e1tica de la gesti\u00f3n de los residuos en las Regiones Ultra Perif\u00e9ricas.[\/vc_column_text][vc_single_image image=\u00bb505&#8243; img_size=\u00bbfull\u00bb css=\u00bb.vc_custom_1561537350238{margin-top: 0px !important;padding-top: 0px !important;}\u00bb][\/vc_column][\/vc_row][vc_row][vc_column][vc_empty_space][\/vc_column][\/vc_row][vc_row content_placement=\u00bbmiddle\u00bb][vc_column][vc_row_inner equal_height=\u00bbyes\u00bb content_placement=\u00bbmiddle\u00bb][vc_column_inner el_class=\u00bbiv-col-12-s iv-col-6-m\u00bb width=\u00bb1\/2&#8243; animation=\u00bbrda_fadeIn\u00bb][vc_single_image image=\u00bb4881&#8243; img_size=\u00bb300&#215;300&#8243; alignment=\u00bbright\u00bb onclick=\u00bbcustom_link\u00bb link=\u00bbhttps:\/\/memoria2018.sigaus.es\/index.php\/huella-social\/responsabilidad-social-corporativa\/\u00bb][vc_empty_space height=\u00bb30px\u00bb][\/vc_column_inner][vc_column_inner el_class=\u00bbiv-col-12-s iv-col-6-m\u00bb width=\u00bb1\/2&#8243; animation=\u00bbrda_fadeIn\u00bb][vc_single_image image=\u00bb4883&#8243; img_size=\u00bb300&#215;300&#8243; onclick=\u00bbcustom_link\u00bb link=\u00bbhttps:\/\/memoria2018.sigaus.es\/index.php\/huella-social\/aula-ambiental-sigaus\/\u00bb][vc_empty_space height=\u00bb30px\u00bb][\/vc_column_inner][\/vc_row_inner][\/vc_column][\/vc_row]<\/p>\n","protected":false},"excerpt":{"rendered":"<p>[vc_row css=\u00bb.vc_custom_1563880775605{margin-top: 0px !important;margin-bottom: 0px !important;padding-top: 0px !important;padding-bottom: 0px !important;}\u00bb el_class=\u00bbiv-flotar-der-m \u00ab][vc_column css=\u00bb.vc_custom_1563272877978{margin-top: 0px !important;margin-bottom: 0px !important;padding-top: 0px !important;padding-bottom: 0px !important;}\u00bb]Volver [\/vc_column][\/vc_row][vc_row type=\u00bbfull-width-content\u00bb el_class=\u00bbiv-bg-deg iv-hidden-m\u00bb][vc_column el_class=\u00bbiv-hidden-m\u00bb offset=\u00bbvc_hidden-xs\u00bb][vc_empty_space height=\u00bb100px\u00bb][vc_raw_html]JTNDJTIxLS0lMjBFZmVjdG8lMjBkZWdyYWRhZG8tLSUzRSUwQSUzQyUyMS0tJTIwRWZlY3RvJTIwZGVncmFkYWRvJTNBJTIwRXN0YSUyMGNhcGElMjBzZSUyMHBvbmUlMjBzb2JyZSUyMGxhJTIwcG9zdGVyaW9yJTJDJTIwaGFjaWVuZG8lMjBxdWUlMjBsYSUyMGNhYmVjZXJhJTIwZGUlMjBsYSUyMGNhcGElMjBwb3N0ZXJpb3IlMjBhcGFyZXpjYSUyMHVuYSUyMGltYWdlbiUyMGJsYW5jYSUyMGRlJTIwZGVncmFkYWRvLS0lM0U=[\/vc_raw_html][\/vc_column][\/vc_row][vc_row type=\u00bbfull-width-section\u00bb content_placement=\u00bbtop\u00bb bg_type=\u00bbimage\u00bb parallax_style=\u00bbvcpb-vz-jquery\u00bb bg_image_new=\u00bbid^1098|url^https:\/\/memoria2018.sigaus.es\/wp-content\/uploads\/2019\/05\/Nosotros_fondoGI.png|caption^null|alt^null|title^Nosotros_fondoGI|description^null\u00bb bg_image_repeat=\u00bbno-repeat\u00bb bg_override=\u00bbex-full\u00bb css=\u00bb.vc_custom_1560168241101{background-position: center !important;background-repeat: no-repeat !important;background-size: cover !important;}\u00bb][vc_column][vc_empty_space height=\u00bb120px\u00bb][vc_row_inner equal_height=\u00bbyes\u00bb content_placement=\u00bbtop\u00bb][vc_column_inner width=\u00bb1\/4&#8243;][vc_single_image image=\u00bb2252&#8243; img_size=\u00bbmedium\u00bb alignment=\u00bbcenter\u00bb animation=\u00bbrda_fadeInUp\u00bb][vc_empty_space height=\u00bb20px\u00bb][\/vc_column_inner][vc_column_inner width=\u00bb3\/4&#8243; animation=\u00bbrda_fadeIn\u00bb][vc_column_text css=\u00bb.vc_custom_1562917587898{margin-bottom: 20px<br \/><a href=\"https:\/\/memoria2018.sigaus.es\/index.php\/huella-social\/relaciones-institucionales\/\" class=\"more\">Read more<\/a><\/p>\n","protected":false},"author":7,"featured_media":0,"parent":1433,"menu_order":10,"comment_status":"closed","ping_status":"closed","template":"","meta":{"_monsterinsights_skip_tracking":false,"_monsterinsights_sitenote_active":false,"_monsterinsights_sitenote_note":"","_monsterinsights_sitenote_category":0,"footnotes":""},"class_list":["post-2214","page","type-page","status-publish","hentry"],"_links":{"self":[{"href":"https:\/\/memoria2018.sigaus.es\/index.php\/wp-json\/wp\/v2\/pages\/2214","targetHints":{"allow":["GET"]}}],"collection":[{"href":"https:\/\/memoria2018.sigaus.es\/index.php\/wp-json\/wp\/v2\/pages"}],"about":[{"href":"https:\/\/memoria2018.sigaus.es\/index.php\/wp-json\/wp\/v2\/types\/page"}],"author":[{"embeddable":true,"href":"https:\/\/memoria2018.sigaus.es\/index.php\/wp-json\/wp\/v2\/users\/7"}],"replies":[{"embeddable":true,"href":"https:\/\/memoria2018.sigaus.es\/index.php\/wp-json\/wp\/v2\/comments?post=2214"}],"version-history":[{"count":47,"href":"https:\/\/memoria2018.sigaus.es\/index.php\/wp-json\/wp\/v2\/pages\/2214\/revisions"}],"predecessor-version":[{"id":5756,"href":"https:\/\/memoria2018.sigaus.es\/index.php\/wp-json\/wp\/v2\/pages\/2214\/revisions\/5756"}],"up":[{"embeddable":true,"href":"https:\/\/memoria2018.sigaus.es\/index.php\/wp-json\/wp\/v2\/pages\/1433"}],"wp:attachment":[{"href":"https:\/\/memoria2018.sigaus.es\/index.php\/wp-json\/wp\/v2\/media?parent=2214"}],"curies":[{"name":"wp","href":"https:\/\/api.w.org\/{rel}","templated":true}]}}