{"id":2019,"date":"2019-06-20T12:11:39","date_gmt":"2019-06-20T12:11:39","guid":{"rendered":"https:\/\/memoria2018.sigaus.es\/?page_id=2019"},"modified":"2019-08-12T09:53:58","modified_gmt":"2019-08-12T09:53:58","slug":"eventos-y-ferias","status":"publish","type":"page","link":"https:\/\/memoria2018.sigaus.es\/index.php\/huella-divulgativa\/eventos-y-ferias\/","title":{"rendered":"Eventos y ferias"},"content":{"rendered":"<p>[vc_row css=\u00bb.vc_custom_1563799341955{margin-top: 0px !important;margin-bottom: 0px !important;padding-top: 0px !important;padding-bottom: 0px !important;}\u00bb el_class=\u00bbiv-flotar-der-m\u00bb][vc_column css=\u00bb.vc_custom_1563272877978{margin-top: 0px !important;margin-bottom: 0px !important;padding-top: 0px !important;padding-bottom: 0px !important;}\u00bb]<style type=\"text\/css\" >#b_d3k48i6h9538kb1cgwfb a{color:#ff6e3e; background:; border-style:solid; border-color:#ff6e3e; margin-top:20px; margin-bottom:0px;  margin-left:0px; margin-right:0px; font-weight:700; border-radius:50px;}#b_d3k48i6h9538kb1cgwfb a:hover{color:#ffffff ; background:#ff6e3e ; border-color:#ff6e3e;}<\/style><div class=\"ta_right tf_btn_pos\" id=\"b_d3k48i6h9538kb1cgwfb\" ><a class=\"rd_stroke_bt small_rd_bt border_1px  bt_icon_left    iv-volver\" href=\" https:\/\/memoria2018.sigaus.es\/index.php\/huella-divulgativa\/\" target=\"\"   ><i class=\"ion-ios7-arrow-back\" ><\/i><span>Volver<\/span><\/a><\/div><style type=\"text\/css\" >#b_d3k48i6h9538kb1cgwfb i {color:#ff6e3e;}#b_d3k48i6h9538kb1cgwfb a:hover i{color:#ffffff;}<\/style><style type='text\/css'> @font-face{font-family: 'ion'; src:url('https:\/\/memoria2018.sigaus.es\/wp-content\/themes\/thefox\/includes\/4k-icons\/icons\/4k-icons-pack03\/icons\/fonts\/ion.eot'); src:url('https:\/\/memoria2018.sigaus.es\/wp-content\/themes\/thefox\/includes\/4k-icons\/icons\/4k-icons-pack03\/icons\/fonts\/ion.eot?#iefix') format('embedded-opentype'), url('https:\/\/memoria2018.sigaus.es\/wp-content\/themes\/thefox\/includes\/4k-icons\/icons\/4k-icons-pack03\/icons\/fonts\/ion.woff') format('woff'), url('https:\/\/memoria2018.sigaus.es\/wp-content\/themes\/thefox\/includes\/4k-icons\/icons\/4k-icons-pack03\/icons\/fonts\/ion.ttf') format('truetype'), url('https:\/\/memoria2018.sigaus.es\/wp-content\/themes\/thefox\/includes\/4k-icons\/icons\/4k-icons-pack03\/icons\/fonts\/ion.svg#oi') format('svg'); font-weight: normal; font-style: normal;}#b_d3k48i6h9538kb1cgwfb .ion-ios7-arrow-back:before{font-family: 'ion'; font-weight: normal; font-style: normal;}#b_d3k48i6h9538kb1cgwfb .ion-ios7-arrow-back:before{content: \"\\e8b4\";}<\/style>\n[\/vc_column][\/vc_row][vc_row type=\u00bbfull-width-content\u00bb el_class=\u00bbiv-bg-deg iv-hidden-m\u00bb][vc_column css=\u00bb.vc_custom_1563284418813{margin-top: 0px !important;padding-top: 0px !important;}\u00bb][vc_raw_html]JTNDJTIxLS0lMjBFZmVjdG8lMjBkZWdyYWRhZG8tLSUzRSUwQSUzQyUyMS0tJTIwRWZlY3RvJTIwZGVncmFkYWRvJTNBJTIwRXN0YSUyMGNhcGElMjBzZSUyMHBvbmUlMjBzb2JyZSUyMGxhJTIwcG9zdGVyaW9yJTJDJTIwaGFjaWVuZG8lMjBxdWUlMjBsYSUyMGNhYmVjZXJhJTIwZGUlMjBsYSUyMGNhcGElMjBwb3N0ZXJpb3IlMjBhcGFyZXpjYSUyMHVuYSUyMGltYWdlbiUyMGJsYW5jYSUyMGRlJTIwZGVncmFkYWRvLS0lM0U=[\/vc_raw_html][\/vc_column][\/vc_row][vc_row type=\u00bbfull-width-section\u00bb content_placement=\u00bbtop\u00bb bg_type=\u00bbimage\u00bb parallax_style=\u00bbvcpb-vz-jquery\u00bb bg_image_new=\u00bbid^1098|url^https:\/\/memoria2018.sigaus.es\/wp-content\/uploads\/2019\/05\/Nosotros_fondoGI.png|caption^null|alt^null|title^Nosotros_fondoGI|description^null\u00bb bg_image_repeat=\u00bbno-repeat\u00bb bg_override=\u00bbex-full\u00bb css=\u00bb.vc_custom_1560168241101{background-position: center !important;background-repeat: no-repeat !important;background-size: cover !important;}\u00bb][vc_column][vc_empty_space height=\u00bb120px\u00bb][vc_row_inner equal_height=\u00bbyes\u00bb content_placement=\u00bbtop\u00bb][vc_column_inner width=\u00bb1\/4&#8243;][vc_single_image image=\u00bb1882&#8243; img_size=\u00bbfull\u00bb alignment=\u00bbcenter\u00bb animation=\u00bbrda_fadeInUp\u00bb][vc_empty_space height=\u00bb20px\u00bb][\/vc_column_inner][vc_column_inner width=\u00bb3\/4&#8243; animation=\u00bbrda_fadeIn\u00bb][vc_column_text]<\/p>\n<div>\n<h2 class=\"iv\">EVENTOS Y FERIAS<\/h2>\n<h3 class=\"iv\">Huella Divulgativa<\/h3>\n<div class=\"iv-linea\"><\/div>\n<p>Desde SIGAUS damos mucha importancia a las ferias, eventos relacionados con el medio ambiente y \u00e1mbitos donde la gesti\u00f3n del aceite industrial usado pueda tener cabida, ya que nos permiten tener un contacto directo con los agentes implicados en la cadena de reciclaje de este contaminante residuo y conocer de primera mano sus posibles dudas e inquietudes.<\/p>\n<\/div>\n<p>[\/vc_column_text][vc_single_image image=\u00bb505&#8243; img_size=\u00bbfull\u00bb][\/vc_column_inner][\/vc_row_inner][vc_empty_space height=\u00bb100px\u00bb el_class=\u00bbiv-hidden-m\u00bb][\/vc_column][\/vc_row][vc_row type=\u00bbfull-width-content\u00bb bg_type=\u00bbimage\u00bb parallax_style=\u00bbvcpb-default\u00bb bg_image_new=\u00bbid^683|url^https:\/\/memoria2018.sigaus.es\/wp-content\/uploads\/2019\/06\/bg-water-2.png|caption^null|alt^null|title^bg-water-2|description^null\u00bb bg_override=\u00bbfull\u00bb el_class=\u00bbiv-bg-water-marco-v2 iv-hidden-m\u00bb][vc_column el_class=\u00bbiv-hidden-m\u00bb offset=\u00bbvc_hidden-xs\u00bb][vc_raw_html]JTNDJTIxLS0lMjBFZmVjdG8lMjBhY3VhcmVsYSUyMHYyLS0lM0UlMEElM0MlMjEtLSUyMEVmZWN0byUyMGFjdWFyZWxhJTNBJTIwRXN0YSUyMGNhcGElMjBzZSUyMHBvbmUlMjBzb2JyZSUyMGxhJTIwYW50ZXJpb3IlMkMlMjBoYWNpZW5kbyUyMHF1ZSUyMGFsJTIwcGllJTIwZGUlMjBsYSUyMGNhcGElMjBhbnRlcmlvciUyMGJnJTIwYXBhcmV6Y2ElMjB1bmElMjBpbWFnZW4lMjBkZSUyMGFjdWFyZWxhLS0lM0U=[\/vc_raw_html][vc_empty_space height=\u00bb100px\u00bb][\/vc_column][\/vc_row][vc_row el_class=\u00bbiv-hidden-m-sup\u00bb][vc_column offset=\u00bbvc_hidden-lg vc_hidden-md vc_hidden-sm\u00bb][vc_row_inner equal_height=\u00bbyes\u00bb content_placement=\u00bbtop\u00bb][vc_column_inner el_class=\u00bbiv-hidden-c iv-col-8-m iv-mar-2-m\u00bb animation=\u00bbrda_fadeInUp\u00bb][vc_single_image image=\u00bb5671&#8243; img_size=\u00bbfull\u00bb alignment=\u00bbcenter\u00bb][\/vc_column_inner][\/vc_row_inner][vc_row_inner equal_height=\u00bbyes\u00bb content_placement=\u00bbtop\u00bb css=\u00bb.vc_custom_1564575735193{margin-bottom: 0px !important;padding-bottom: 0px !important;}\u00bb][vc_column_inner el_class=\u00bbiv-hidden-c\u00bb animation=\u00bbrda_fadeInUp\u00bb][vc_column_text]As\u00ed, en 2018 estuvimos presentes en dos citas de referencia a nivel internacional. En el mes de junio acudimos a la <strong>Bienal Espa\u00f1ola de la M\u00e1quina Herramienta <\/strong>celebrada en Bilbao, el principal encuentro de referencia del \u00e1mbito industrial en Espa\u00f1a y uno de los principales de Europa, donde pudimos conocer las novedades de este sector, e informar de primera mano a las empresas de este sector sobre las buenas pr\u00e1cticas que deben cumplir como productores de aceites usados.[\/vc_column_text][\/vc_column_inner][\/vc_row_inner][vc_row_inner css=\u00bb.vc_custom_1564575802465{margin-top: 20px !important;margin-bottom: 20px !important;padding-top: 0px !important;padding-bottom: 0px !important;}\u00bb][vc_column_inner el_class=\u00bbmiCol\u00bb css=\u00bb.vc_custom_1564575648703{margin-top: 0px !important;margin-bottom: 0px !important;border-top-width: 1px !important;border-right-width: 1px !important;border-bottom-width: 1px !important;border-left-width: 1px !important;padding-top: 0px !important;padding-bottom: 0px !important;border-left-color: #1b1464 !important;border-left-style: solid !important;border-right-color: #1b1464 !important;border-right-style: solid !important;border-top-color: #1b1464 !important;border-top-style: solid !important;border-bottom-color: #1b1464 !important;border-bottom-style: solid !important;border-radius: 35px !important;}\u00bb]<div id=\"modal-trg-txt-wrap-2292\" class=\"ult-modal-input-wrapper ult-adjust-bottom-margin   vc_custom_1564575614442  \" data-keypress-control=\"keypress-control-enable\" data-overlay-control=\"overlay-control-enable\"><span  data-ultimate-target='#modal-trg-txt-wrap-2292 .mycust'  data-responsive-json-new='{\"font-size\":\"desktop:25px;\",\"line-height\":\"desktop:0px;\"}'  style=\"color:#1b1464;cursor:pointer; font-family:&#039;Zilla Slab&#039;;\" data-class-id=\"content-69f35486732630-40258936\" class=\"overlay-show ult-responsive mycust ult-align-center\" data-overlay-class=\"overlay-fade\">Ver v\u00eddeo<\/span><\/div>\n<div class=\"ult-overlay content-69f35486732630-40258936 \" data-class=\"content-69f35486732630-40258936\" id=\"button-click-overlay\" style=\"background:rgba(51,51,51,0.8); display:none;\">\n\t<div class=\"ult_modal ult-fade ult-medium\">\n\t\t<div id=\"ult-modal-wrap-4093\" class=\"ult_modal-content ult-hide\" style=\"border-style:solid;border-width:2px;border-radius:0px;border-color:#333333;\">\n\t\t\t<div  data-ultimate-target='#ult-modal-wrap-4093 .ult_modal-body'  data-responsive-json-new='{\"font-size\":\"\",\"line-height\":\"\"}'  class=\"ult_modal-body ult-responsive ult-youtube\" style=\"\">\n\t\t\t<\/p>\n<p><iframe loading=\"lazy\" width=\"1170\" height=\"658\" src=\"https:\/\/www.youtube.com\/embed\/OIZ8Ff6es2w?feature=oembed\" frameborder=\"0\" allow=\"accelerometer; autoplay; encrypted-media; gyroscope; picture-in-picture\" allowfullscreen><\/iframe><\/p>\n<p>\n\t\t\t<\/div>\n\t<\/div>\n\t<\/div>\n\t<div class=\"ult-overlay-close top-right\" style=\"width:80px;height:80px; background-color: #000000;border-radius: 50%;padding:10px;box-sizing: content-box;\"><div class=\"ult-overlay-close-inside\">Close<\/div><\/div>\n<\/div>[\/vc_column_inner][\/vc_row_inner][vc_row_inner equal_height=\u00bbyes\u00bb content_placement=\u00bbtop\u00bb][vc_column_inner el_class=\u00bbiv-hidden-c iv-col-8-m iv-mar-2-m\u00bb animation=\u00bbrda_fadeInUp\u00bb][vc_single_image image=\u00bb2568&#8243; img_size=\u00bbfull\u00bb alignment=\u00bbcenter\u00bb][\/vc_column_inner][\/vc_row_inner][vc_row_inner equal_height=\u00bbyes\u00bb content_placement=\u00bbtop\u00bb][vc_column_inner el_class=\u00bbiv-hidden-c\u00bb animation=\u00bbrda_fadeInUp\u00bb][vc_column_text]En noviembre estuvimos presentes en el <strong>Congreso Nacional de Medio Ambiente (CONAMA)<\/strong> en Madrid, otra cita ineludible a la que no hemos faltado en las \u00faltimas cuatro ediciones, en la que atendimos a m\u00e1s de 1.000 visitantes desde nuestro stand, interesados en la Econom\u00eda Circular y en c\u00f3mo repercute en el medio ambiente la gesti\u00f3n del aceite usado. Nuestra presencia en el Congreso tambi\u00e9n cont\u00f3 con el apoyo de distintas autoridades, como <strong>Cristina Gallach<\/strong>, Alta Comisionada en Espa\u00f1a para la Agenda 2030 o <strong>Cristina Narbona<\/strong>, exministra de Medio Ambiente, quienes se acercaron a visitar nuestro stand.[\/vc_column_text][\/vc_column_inner][\/vc_row_inner][vc_row_inner equal_height=\u00bbyes\u00bb content_placement=\u00bbtop\u00bb][vc_column_inner el_class=\u00bbiv-hidden-c iv-col-8-m iv-mar-2-m\u00bb animation=\u00bbrda_fadeInUp\u00bb][vc_single_image image=\u00bb2572&#8243; img_size=\u00bbfull\u00bb alignment=\u00bbcenter\u00bb][\/vc_column_inner][\/vc_row_inner][vc_row_inner equal_height=\u00bbyes\u00bb content_placement=\u00bbtop\u00bb][vc_column_inner el_class=\u00bbiv-hidden-c\u00bb animation=\u00bbrda_fadeInUp\u00bb offset=\u00bbvc_hidden-md\u00bb][vc_column_text]Adem\u00e1s, apoyamos el sector de la posventa de automoci\u00f3n patrocinando la <strong>VIII Carrera del Taller<\/strong>, que fomenta la seguridad vial entre los automovilistas a trav\u00e9s del mantenimiento responsable del veh\u00edculo. Asimismo, a finales de a\u00f1o apoyamos al sector de los lubricantes en una jornada organizada por <strong>ASELUBE<\/strong> donde tratamos diversos temas como la Responsabilidad Ampliada del Productor, la dispersa generaci\u00f3n del aceite usado, el servicio capilar de recogida que ofrecemos, o las medidas de prevenci\u00f3n impulsadas junto a nuestras empresas adheridas, entre otros.[\/vc_column_text][\/vc_column_inner][\/vc_row_inner][\/vc_column][\/vc_row][vc_row equal_height=\u00bbyes\u00bb el_class=\u00bbiv-hidden-m\u00bb][vc_column width=\u00bb1\/3&#8243; offset=\u00bbvc_hidden-xs\u00bb][vc_single_image image=\u00bb5671&#8243; img_size=\u00bbfull\u00bb alignment=\u00bbcenter\u00bb][vc_column_text css=\u00bb.vc_custom_1564575693938{margin-bottom: 15px !important;padding-bottom: 0px !important;}\u00bb]As\u00ed, en 2018 estuvimos presentes en dos citas de referencia a nivel internacional. En el mes de junio acudimos a la <strong>Bienal Espa\u00f1ola de la M\u00e1quina Herramienta <\/strong>celebrada en Bilbao, el principal encuentro de referencia del \u00e1mbito industrial en Espa\u00f1a y uno de los principales de Europa, donde pudimos conocer las novedades de este sector, e informar de primera mano a las empresas de este sector sobre las buenas pr\u00e1cticas que deben cumplir como productores de aceites usados.[\/vc_column_text][vc_row_inner css=\u00bb.vc_custom_1564575289509{margin-top: 0px !important;margin-bottom: 0px !important;padding-top: 0px !important;padding-bottom: 0px !important;}\u00bb][vc_column_inner el_class=\u00bbmiCol\u00bb css=\u00bb.vc_custom_1564575648703{margin-top: 0px !important;margin-bottom: 0px !important;border-top-width: 1px !important;border-right-width: 1px !important;border-bottom-width: 1px !important;border-left-width: 1px !important;padding-top: 0px !important;padding-bottom: 0px !important;border-left-color: #1b1464 !important;border-left-style: solid !important;border-right-color: #1b1464 !important;border-right-style: solid !important;border-top-color: #1b1464 !important;border-top-style: solid !important;border-bottom-color: #1b1464 !important;border-bottom-style: solid !important;border-radius: 35px !important;}\u00bb]<div id=\"modal-trg-txt-wrap-2093\" class=\"ult-modal-input-wrapper ult-adjust-bottom-margin   vc_custom_1564576033058  \" data-keypress-control=\"keypress-control-enable\" data-overlay-control=\"overlay-control-enable\"><span  data-ultimate-target='#modal-trg-txt-wrap-2093 .mycust'  data-responsive-json-new='{\"font-size\":\"desktop:25px;tablet:20px;tablet_portrait:15px;mobile_landscape:15px;\",\"line-height\":\"desktop:0px;\"}'  style=\"color:#1b1464;cursor:pointer; font-family:&#039;Zilla Slab&#039;;\" data-class-id=\"content-69f35486738783-96065042\" class=\"overlay-show ult-responsive mycust ult-align-center\" data-overlay-class=\"overlay-fade\">Ver v\u00eddeo<\/span><\/div>\n<div class=\"ult-overlay content-69f35486738783-96065042 \" data-class=\"content-69f35486738783-96065042\" id=\"button-click-overlay\" style=\"background:rgba(51,51,51,0.8); display:none;\">\n\t<div class=\"ult_modal ult-fade ult-medium\">\n\t\t<div id=\"ult-modal-wrap-157\" class=\"ult_modal-content ult-hide\" style=\"border-style:solid;border-width:2px;border-radius:0px;border-color:#333333;\">\n\t\t\t<div  data-ultimate-target='#ult-modal-wrap-157 .ult_modal-body'  data-responsive-json-new='{\"font-size\":\"\",\"line-height\":\"\"}'  class=\"ult_modal-body ult-responsive ult-youtube\" style=\"\">\n\t\t\t<\/p>\n<p><iframe loading=\"lazy\" width=\"1170\" height=\"658\" src=\"https:\/\/www.youtube.com\/embed\/OIZ8Ff6es2w?feature=oembed\" frameborder=\"0\" allow=\"accelerometer; autoplay; encrypted-media; gyroscope; picture-in-picture\" allowfullscreen><\/iframe><\/p>\n<p>\n\t\t\t<\/div>\n\t<\/div>\n\t<\/div>\n\t<div class=\"ult-overlay-close top-right\" style=\"width:80px;height:80px; background-color: #000000;border-radius: 50%;padding:10px;box-sizing: content-box;\"><div class=\"ult-overlay-close-inside\">Close<\/div><\/div>\n<\/div>[\/vc_column_inner][\/vc_row_inner][\/vc_column][vc_column width=\u00bb1\/3&#8243;][vc_single_image image=\u00bb2568&#8243; img_size=\u00bbfull\u00bb alignment=\u00bbcenter\u00bb][vc_column_text]En noviembre estuvimos presentes en el <strong>Congreso Nacional de Medio Ambiente (CONAMA)<\/strong> en Madrid, otra cita ineludible a la que no hemos faltado en las \u00faltimas cuatro ediciones, en la que atendimos a m\u00e1s de 1.000 visitantes desde nuestro stand, interesados en la Econom\u00eda Circular y en c\u00f3mo repercute en el medio ambiente la gesti\u00f3n del aceite usado. Nuestra presencia en el Congreso tambi\u00e9n cont\u00f3 con el apoyo de distintas autoridades, como <strong>Cristina Gallach<\/strong>, Alta Comisionada en Espa\u00f1a para la Agenda 2030 o <strong>Cristina Narbona<\/strong>, exministra de Medio Ambiente, quienes se acercaron a visitar nuestro stand.[\/vc_column_text][\/vc_column][vc_column width=\u00bb1\/3&#8243;][vc_single_image image=\u00bb2572&#8243; img_size=\u00bbfull\u00bb alignment=\u00bbcenter\u00bb][vc_column_text]Adem\u00e1s, apoyamos el sector de la posventa de automoci\u00f3n patrocinando la <strong>VIII Carrera del Taller<\/strong>, que fomenta la seguridad vial entre los automovilistas a trav\u00e9s del mantenimiento responsable del veh\u00edculo. Asimismo, a finales de a\u00f1o apoyamos al sector de los lubricantes en una jornada organizada por <strong>ASELUBE<\/strong> donde tratamos diversos temas como la Responsabilidad Ampliada del Productor, la dispersa generaci\u00f3n del aceite usado, el servicio capilar de recogida que ofrecemos, o las medidas de prevenci\u00f3n impulsadas junto a nuestras empresas adheridas, entre otros.[\/vc_column_text][\/vc_column][\/vc_row][vc_row type=\u00bbfull-width-section\u00bb bg_type=\u00bbimage\u00bb parallax_style=\u00bbvcpb-default\u00bb bg_image_new=\u00bbid^2719|url^https:\/\/memoria2018.sigaus.es\/wp-content\/uploads\/2019\/06\/bg-sky.jpg|caption^null|alt^null|title^bg-sky|description^null\u00bb bg_image_repeat=\u00bbno-repeat\u00bb bg_image_posiiton=\u00bbtop center\u00bb bg_override=\u00bbex-full\u00bb][vc_column][vc_empty_space height=\u00bb0px\u00bb][vc_column_text]<\/p>\n<h4 class=\"iv iv-big\" style=\"text-align: center;\">Galer\u00eda de im\u00e1genes<\/h4>\n<p>[\/vc_column_text][rev_slider_vc alias=\u00bbeventos_y_ferias\u00bb][\/vc_column][\/vc_row][vc_row type=\u00bbfull-width-content\u00bb bg_type=\u00bbimage\u00bb parallax_style=\u00bbvcpb-default\u00bb bg_image_new=\u00bbid^683|url^https:\/\/memoria2018.sigaus.es\/wp-content\/uploads\/2019\/06\/bg-water-2.png|caption^null|alt^null|title^bg-water-2|description^null\u00bb bg_override=\u00bbfull\u00bb el_class=\u00bbiv-bg-water-marco\u00bb][vc_column][vc_raw_html]JTNDJTIxLS0lMjBFZmVjdG8lMjBhY3VhcmVsYSUyMHYxLS0lM0UlMEElM0MlMjEtLSUyMEVmZWN0byUyMGFjdWFyZWxhJTNBJTIwRXN0YSUyMGNhcGElMjBzZSUyMHBvbmUlMjBzb2JyZSUyMGxhJTIwYW50ZXJpb3IlMkMlMjBoYWNpZW5kbyUyMHF1ZSUyMGFsJTIwcGllJTIwZGUlMjBsYSUyMGNhcGElMjBhbnRlcmlvciUyMGJnJTIwYXBhcmV6Y2ElMjB1bmElMjBpbWFnZW4lMjBkZSUyMGFjdWFyZWxhLS0lM0U=[\/vc_raw_html][vc_empty_space height=\u00bb100px\u00bb][\/vc_column][\/vc_row][vc_row css=\u00bb.vc_custom_1561566085656{margin-bottom: 0px !important;padding-bottom: 0px !important;}\u00bb][vc_column][vc_column_text animation=\u00bbrda_fadeIn\u00bb]<\/p>\n<div style=\"text-align: center;\">\n<h2 class=\"iv\" style=\"text-align: center;\">Apuesta por la Econom\u00eda Circular<i class=\"iv-linea\"><\/i><\/h2>\n<\/div>\n<p>[\/vc_column_text][vc_row_inner css=\u00bb.vc_custom_1561566094581{margin-bottom: 0px !important;padding-bottom: 0px !important;}\u00bb][vc_column_inner width=\u00bb1\/2&#8243; animation=\u00bbrda_fadeInLeft\u00bb][vc_column_text]<\/p>\n<p style=\"text-align: left;\">En junio de 2018 tambi\u00e9n decidimos hacernos eco de un paradigma como el de la <strong>Econom\u00eda Circular<\/strong>, organizando un evento con una gran acogida en el que reunimos a representantes de los fabricantes de lubricantes, Administraciones P\u00fablicas, empresas gestoras de aceites usados, medios de comunicaci\u00f3n y otros agentes.<\/p>\n<p style=\"text-align: left;\">En su intervenci\u00f3n, Eduardo de Lecea, Director General de SIGAUS, puso de manifiesto c\u00f3mo tras 11 a\u00f1os de labor de nuestro Sistema se han podido invertir <strong>200 millones de euros<\/strong> en la protecci\u00f3n del medio ambiente, atendiendo al <strong>98% de la poblaci\u00f3n y al 99% de la actividad econ\u00f3mica<\/strong>, y disponiendo de un control estad\u00edstico sin precedentes que nos permite tener una radiograf\u00eda exacta de d\u00f3nde se genera y d\u00f3nde se trata el aceite usado.<\/p>\n<p style=\"text-align: left;\">La jornada tambi\u00e9n cont\u00f3 con la colaboraci\u00f3n de diversas personalidades como <strong>Javier Cach\u00f3n de Mesa<\/strong>, Director General de Calidad y Evaluaci\u00f3n Ambiental y Medio Natural del Ministerio para la Transici\u00f3n Ecol\u00f3gica (MITECO), y de <strong>Clara Eugenia Garc\u00eda Garc\u00eda<\/strong>, Directora General de Pol\u00edtica de Investigaci\u00f3n, Desarrollo e Innovaci\u00f3n del Ministerio de Ciencia, Innovaci\u00f3n y Universidades (MICIU), quienes pusieron el punto de vista de la Administraci\u00f3n en el desarrollo de la Estrategia Espa\u00f1ola de Econom\u00eda Circular.<\/p>\n<p style=\"text-align: left;\">Personajes del \u00e1mbito de la comunicaci\u00f3n tambi\u00e9n participaron en el encuentro, como fue el caso de <strong>Luis Miguel Dom\u00ednguez<\/strong>, naturalista, divulgador ambiental y Director del Gabinete de Historia Natural, y <strong>Jacob Petrus<\/strong>, presentador del programa de televisi\u00f3n sobre medio ambiente \u201cAqu\u00ed la Tierra\u201d de TVE<em>, <\/em>quien actu\u00f3 como maestro de ceremonias.<\/p>\n<p>[\/vc_column_text][\/vc_column_inner][vc_column_inner width=\u00bb1\/2&#8243; animation=\u00bbrda_fadeInRight\u00bb][vc_column_text]Como cierre del encuentro tuvo lugar una mesa de debate que cont\u00f3 con la participaci\u00f3n de Adelaida Sacrist\u00e1n, Directora de Estudios de la Fundaci\u00f3n COTEC, Buenaventura Gonz\u00e1lez, Presidente de SIGAUS y Director General de ENI Iberia, Aitor J\u00e1uregui, Director General de Sertego, y Eduardo de Lecea, Director General de SIGAUS, quienes abordaron c\u00f3mo afectan a la gesti\u00f3n de los aceites usados los cambios legislativos o las nuevas tecnolog\u00edas.[\/vc_column_text][vc_video link=\u00bbhttps:\/\/www.youtube.com\/watch?v=Yf19WMX__XQ\u00bb][\/vc_column_inner][\/vc_row_inner][\/vc_column][\/vc_row][vc_row type=\u00bbfull-width-section\u00bb bg_type=\u00bbimage\u00bb parallax_style=\u00bbvcpb-default\u00bb bg_image_new=\u00bbid^2719|url^https:\/\/memoria2018.sigaus.es\/wp-content\/uploads\/2019\/06\/bg-sky.jpg|caption^null|alt^null|title^bg-sky|description^null\u00bb bg_image_repeat=\u00bbno-repeat\u00bb bg_image_posiiton=\u00bbtop center\u00bb bg_override=\u00bbex-full\u00bb][vc_column][vc_empty_space height=\u00bb100px\u00bb][vc_column_text]<\/p>\n<h4 class=\"iv iv-big\" style=\"text-align: center;\">Galer\u00eda de im\u00e1genes del evento<\/h4>\n<p>[\/vc_column_text]<style type=\"text\/css\" >#ic_mtxa53g2inqjnxr4aks0 {margin:0px auto 0px; }#ic_mtxa53g2inqjnxr4aks0 .ic_left,#ic_mtxa53g2inqjnxr4aks0 .ic_right,#ic_mtxa53g2inqjnxr4aks0 .ic_left:after,#ic_mtxa53g2inqjnxr4aks0 .ic_right:after{border-color:#ecf0f1; background:#ffffff; color:#020202; }#ic_mtxa53g2inqjnxr4aks0 .ic_left:hover,#ic_mtxa53g2inqjnxr4aks0 .ic_right:hover,#ic_mtxa53g2inqjnxr4aks0 .ic_left:hover:after,#ic_mtxa53g2inqjnxr4aks0 .ic_right:hover:after{background:#f9fafb; color:#1b1464; }#ic_mtxa53g2inqjnxr4aks0 .rd_ic_pager a{border-color:#ecf0f1; background:#ffffff; color:#020202; }#ic_mtxa53g2inqjnxr4aks0 .rd_ic_pager a:hover{border-color:#1b1464; background:#1b1464; color:#ffffff; }<\/style><script type=\"text\/javascript\" charset=\"utf-8\">\r\n\t\t\t\t\r\n\t\tjQuery.noConflict();\r\n\t\/\/setup up Carousel\r\n\t\tjQuery(document).ready(function($) {\t\r\n\t\t\t\r\n\t\t\"use strict\";\r\n\t\t\r\n\t\t\t$(window).load(function(){\r\n\t\t$(\"#ic_mtxa53g2inqjnxr4aks0 .rd_img_carousel\").carouFredSel({\r\n\t\t\t\t\t\r\n\t\t\t\t\tresponsive: true,\r\n\t\t\t\t\twidth: \"100%\",scroll: 1,\r\n\t\t\t\t\tauto: false,\r\n\t\t\t\t\tprev: \"#ic_mtxa53g2inqjnxr4aks0 .ic_left\",\r\n\t\t\t\t\tnext: \"#ic_mtxa53g2inqjnxr4aks0 .ic_right\",\r\n\t\t\t\t\tpagination: \"#ic_mtxa53g2inqjnxr4aks0_pager\",\r\n\t\t\t\t\theight : \"variable\",\r\n\t\t\t\t\tswipe       : {\r\n             \t\t   onTouch     : true,\r\n\t\t               onMouse     : false\r\n        \t\t    },\r\n\t\t\t\t\titems: {\r\n\t\t\t\t\theight : \"variable\",\r\n\t\t\t\t\t\tvisible: {\r\n\t\t\t\t\t\t\tmin: 1,\r\n\t\t\t\t\t\t\tmax: 1\r\n\t\t\t\t\t\t}\r\n\t\t\t\t\t}\r\n\t\t\t\t});\r\n\t\t\t\t});\r\n\t\t\t\t});\r\n\t<\/script><div class=\"rd_img_carousel_ctn rda_fadeInUp hover_nav_style\" id=\"ic_mtxa53g2inqjnxr4aks0\"><div class=\"ic_nav\"><div class=\"ic_left\" ><\/div><div class=\"ic_right\" ><\/div><\/div><div class=\"rd_img_carousel\"><img loading=\"lazy\" decoding=\"async\" width=\"2500\" height=\"1669\" src=\"https:\/\/memoria2018.sigaus.es\/wp-content\/uploads\/2019\/06\/ECONOMIA-CIRCULAR-2018-00019.jpeg\" class=\"attachment-full\" alt=\"\" srcset=\"https:\/\/memoria2018.sigaus.es\/wp-content\/uploads\/2019\/06\/ECONOMIA-CIRCULAR-2018-00019.jpeg 2500w, https:\/\/memoria2018.sigaus.es\/wp-content\/uploads\/2019\/06\/ECONOMIA-CIRCULAR-2018-00019-300x200.jpeg 300w, https:\/\/memoria2018.sigaus.es\/wp-content\/uploads\/2019\/06\/ECONOMIA-CIRCULAR-2018-00019-768x513.jpeg 768w, https:\/\/memoria2018.sigaus.es\/wp-content\/uploads\/2019\/06\/ECONOMIA-CIRCULAR-2018-00019-1024x684.jpeg 1024w\" sizes=\"auto, (max-width: 2500px) 100vw, 2500px\" \/><img loading=\"lazy\" decoding=\"async\" width=\"2500\" height=\"1669\" src=\"https:\/\/memoria2018.sigaus.es\/wp-content\/uploads\/2019\/06\/ECONOMIA-CIRCULAR-2018-00002.jpeg\" class=\"attachment-full\" alt=\"\" srcset=\"https:\/\/memoria2018.sigaus.es\/wp-content\/uploads\/2019\/06\/ECONOMIA-CIRCULAR-2018-00002.jpeg 2500w, https:\/\/memoria2018.sigaus.es\/wp-content\/uploads\/2019\/06\/ECONOMIA-CIRCULAR-2018-00002-300x200.jpeg 300w, https:\/\/memoria2018.sigaus.es\/wp-content\/uploads\/2019\/06\/ECONOMIA-CIRCULAR-2018-00002-768x513.jpeg 768w, https:\/\/memoria2018.sigaus.es\/wp-content\/uploads\/2019\/06\/ECONOMIA-CIRCULAR-2018-00002-1024x684.jpeg 1024w\" sizes=\"auto, (max-width: 2500px) 100vw, 2500px\" \/><img loading=\"lazy\" decoding=\"async\" width=\"2500\" height=\"1669\" src=\"https:\/\/memoria2018.sigaus.es\/wp-content\/uploads\/2019\/06\/ECONOMIA-CIRCULAR-2018-00003.jpeg\" class=\"attachment-full\" alt=\"\" srcset=\"https:\/\/memoria2018.sigaus.es\/wp-content\/uploads\/2019\/06\/ECONOMIA-CIRCULAR-2018-00003.jpeg 2500w, https:\/\/memoria2018.sigaus.es\/wp-content\/uploads\/2019\/06\/ECONOMIA-CIRCULAR-2018-00003-300x200.jpeg 300w, https:\/\/memoria2018.sigaus.es\/wp-content\/uploads\/2019\/06\/ECONOMIA-CIRCULAR-2018-00003-768x513.jpeg 768w, https:\/\/memoria2018.sigaus.es\/wp-content\/uploads\/2019\/06\/ECONOMIA-CIRCULAR-2018-00003-1024x684.jpeg 1024w\" sizes=\"auto, (max-width: 2500px) 100vw, 2500px\" \/><img loading=\"lazy\" decoding=\"async\" width=\"2500\" height=\"1669\" src=\"https:\/\/memoria2018.sigaus.es\/wp-content\/uploads\/2019\/06\/ECONOMIA-CIRCULAR-2018-00004.jpeg\" class=\"attachment-full\" alt=\"\" srcset=\"https:\/\/memoria2018.sigaus.es\/wp-content\/uploads\/2019\/06\/ECONOMIA-CIRCULAR-2018-00004.jpeg 2500w, https:\/\/memoria2018.sigaus.es\/wp-content\/uploads\/2019\/06\/ECONOMIA-CIRCULAR-2018-00004-300x200.jpeg 300w, https:\/\/memoria2018.sigaus.es\/wp-content\/uploads\/2019\/06\/ECONOMIA-CIRCULAR-2018-00004-768x513.jpeg 768w, https:\/\/memoria2018.sigaus.es\/wp-content\/uploads\/2019\/06\/ECONOMIA-CIRCULAR-2018-00004-1024x684.jpeg 1024w\" sizes=\"auto, (max-width: 2500px) 100vw, 2500px\" \/><img loading=\"lazy\" decoding=\"async\" width=\"2500\" height=\"1669\" src=\"https:\/\/memoria2018.sigaus.es\/wp-content\/uploads\/2019\/06\/ECONOMIA-CIRCULAR-2018-00005.jpeg\" class=\"attachment-full\" alt=\"\" srcset=\"https:\/\/memoria2018.sigaus.es\/wp-content\/uploads\/2019\/06\/ECONOMIA-CIRCULAR-2018-00005.jpeg 2500w, https:\/\/memoria2018.sigaus.es\/wp-content\/uploads\/2019\/06\/ECONOMIA-CIRCULAR-2018-00005-300x200.jpeg 300w, https:\/\/memoria2018.sigaus.es\/wp-content\/uploads\/2019\/06\/ECONOMIA-CIRCULAR-2018-00005-768x513.jpeg 768w, https:\/\/memoria2018.sigaus.es\/wp-content\/uploads\/2019\/06\/ECONOMIA-CIRCULAR-2018-00005-1024x684.jpeg 1024w\" sizes=\"auto, (max-width: 2500px) 100vw, 2500px\" \/><img loading=\"lazy\" decoding=\"async\" width=\"2500\" height=\"1669\" src=\"https:\/\/memoria2018.sigaus.es\/wp-content\/uploads\/2019\/06\/ECONOMIA-CIRCULAR-2018-00006.jpeg\" class=\"attachment-full\" alt=\"\" srcset=\"https:\/\/memoria2018.sigaus.es\/wp-content\/uploads\/2019\/06\/ECONOMIA-CIRCULAR-2018-00006.jpeg 2500w, https:\/\/memoria2018.sigaus.es\/wp-content\/uploads\/2019\/06\/ECONOMIA-CIRCULAR-2018-00006-300x200.jpeg 300w, https:\/\/memoria2018.sigaus.es\/wp-content\/uploads\/2019\/06\/ECONOMIA-CIRCULAR-2018-00006-768x513.jpeg 768w, https:\/\/memoria2018.sigaus.es\/wp-content\/uploads\/2019\/06\/ECONOMIA-CIRCULAR-2018-00006-1024x684.jpeg 1024w\" sizes=\"auto, (max-width: 2500px) 100vw, 2500px\" \/><img loading=\"lazy\" decoding=\"async\" width=\"2500\" height=\"1669\" src=\"https:\/\/memoria2018.sigaus.es\/wp-content\/uploads\/2019\/06\/ECONOMIA-CIRCULAR-2018-00007.jpeg\" class=\"attachment-full\" alt=\"\" srcset=\"https:\/\/memoria2018.sigaus.es\/wp-content\/uploads\/2019\/06\/ECONOMIA-CIRCULAR-2018-00007.jpeg 2500w, https:\/\/memoria2018.sigaus.es\/wp-content\/uploads\/2019\/06\/ECONOMIA-CIRCULAR-2018-00007-300x200.jpeg 300w, https:\/\/memoria2018.sigaus.es\/wp-content\/uploads\/2019\/06\/ECONOMIA-CIRCULAR-2018-00007-768x513.jpeg 768w, https:\/\/memoria2018.sigaus.es\/wp-content\/uploads\/2019\/06\/ECONOMIA-CIRCULAR-2018-00007-1024x684.jpeg 1024w\" sizes=\"auto, (max-width: 2500px) 100vw, 2500px\" \/><img loading=\"lazy\" decoding=\"async\" width=\"2500\" height=\"1669\" src=\"https:\/\/memoria2018.sigaus.es\/wp-content\/uploads\/2019\/06\/ECONOMIA-CIRCULAR-2018-00008.jpeg\" class=\"attachment-full\" alt=\"\" srcset=\"https:\/\/memoria2018.sigaus.es\/wp-content\/uploads\/2019\/06\/ECONOMIA-CIRCULAR-2018-00008.jpeg 2500w, https:\/\/memoria2018.sigaus.es\/wp-content\/uploads\/2019\/06\/ECONOMIA-CIRCULAR-2018-00008-300x200.jpeg 300w, https:\/\/memoria2018.sigaus.es\/wp-content\/uploads\/2019\/06\/ECONOMIA-CIRCULAR-2018-00008-768x513.jpeg 768w, https:\/\/memoria2018.sigaus.es\/wp-content\/uploads\/2019\/06\/ECONOMIA-CIRCULAR-2018-00008-1024x684.jpeg 1024w\" sizes=\"auto, (max-width: 2500px) 100vw, 2500px\" \/><img loading=\"lazy\" decoding=\"async\" width=\"2500\" height=\"1669\" src=\"https:\/\/memoria2018.sigaus.es\/wp-content\/uploads\/2019\/06\/ECONOMIA-CIRCULAR-2018-00009.jpeg\" class=\"attachment-full\" alt=\"\" srcset=\"https:\/\/memoria2018.sigaus.es\/wp-content\/uploads\/2019\/06\/ECONOMIA-CIRCULAR-2018-00009.jpeg 2500w, https:\/\/memoria2018.sigaus.es\/wp-content\/uploads\/2019\/06\/ECONOMIA-CIRCULAR-2018-00009-300x200.jpeg 300w, https:\/\/memoria2018.sigaus.es\/wp-content\/uploads\/2019\/06\/ECONOMIA-CIRCULAR-2018-00009-768x513.jpeg 768w, https:\/\/memoria2018.sigaus.es\/wp-content\/uploads\/2019\/06\/ECONOMIA-CIRCULAR-2018-00009-1024x684.jpeg 1024w\" sizes=\"auto, (max-width: 2500px) 100vw, 2500px\" \/><img loading=\"lazy\" decoding=\"async\" width=\"2500\" height=\"1669\" src=\"https:\/\/memoria2018.sigaus.es\/wp-content\/uploads\/2019\/06\/ECONOMIA-CIRCULAR-2018-00010.jpeg\" class=\"attachment-full\" alt=\"\" srcset=\"https:\/\/memoria2018.sigaus.es\/wp-content\/uploads\/2019\/06\/ECONOMIA-CIRCULAR-2018-00010.jpeg 2500w, https:\/\/memoria2018.sigaus.es\/wp-content\/uploads\/2019\/06\/ECONOMIA-CIRCULAR-2018-00010-300x200.jpeg 300w, https:\/\/memoria2018.sigaus.es\/wp-content\/uploads\/2019\/06\/ECONOMIA-CIRCULAR-2018-00010-768x513.jpeg 768w, https:\/\/memoria2018.sigaus.es\/wp-content\/uploads\/2019\/06\/ECONOMIA-CIRCULAR-2018-00010-1024x684.jpeg 1024w\" sizes=\"auto, (max-width: 2500px) 100vw, 2500px\" \/><img loading=\"lazy\" decoding=\"async\" width=\"2500\" height=\"1669\" src=\"https:\/\/memoria2018.sigaus.es\/wp-content\/uploads\/2019\/06\/ECONOMIA-CIRCULAR-2018-00011.jpeg\" class=\"attachment-full\" alt=\"\" srcset=\"https:\/\/memoria2018.sigaus.es\/wp-content\/uploads\/2019\/06\/ECONOMIA-CIRCULAR-2018-00011.jpeg 2500w, https:\/\/memoria2018.sigaus.es\/wp-content\/uploads\/2019\/06\/ECONOMIA-CIRCULAR-2018-00011-300x200.jpeg 300w, https:\/\/memoria2018.sigaus.es\/wp-content\/uploads\/2019\/06\/ECONOMIA-CIRCULAR-2018-00011-768x513.jpeg 768w, https:\/\/memoria2018.sigaus.es\/wp-content\/uploads\/2019\/06\/ECONOMIA-CIRCULAR-2018-00011-1024x684.jpeg 1024w\" sizes=\"auto, (max-width: 2500px) 100vw, 2500px\" \/><img loading=\"lazy\" decoding=\"async\" width=\"2500\" height=\"1669\" src=\"https:\/\/memoria2018.sigaus.es\/wp-content\/uploads\/2019\/06\/ECONOMIA-CIRCULAR-2018-00012.jpeg\" class=\"attachment-full\" alt=\"\" srcset=\"https:\/\/memoria2018.sigaus.es\/wp-content\/uploads\/2019\/06\/ECONOMIA-CIRCULAR-2018-00012.jpeg 2500w, https:\/\/memoria2018.sigaus.es\/wp-content\/uploads\/2019\/06\/ECONOMIA-CIRCULAR-2018-00012-300x200.jpeg 300w, https:\/\/memoria2018.sigaus.es\/wp-content\/uploads\/2019\/06\/ECONOMIA-CIRCULAR-2018-00012-768x513.jpeg 768w, https:\/\/memoria2018.sigaus.es\/wp-content\/uploads\/2019\/06\/ECONOMIA-CIRCULAR-2018-00012-1024x684.jpeg 1024w\" sizes=\"auto, (max-width: 2500px) 100vw, 2500px\" \/><img loading=\"lazy\" decoding=\"async\" width=\"2500\" height=\"1669\" src=\"https:\/\/memoria2018.sigaus.es\/wp-content\/uploads\/2019\/06\/ECONOMIA-CIRCULAR-2018-00013.jpeg\" class=\"attachment-full\" alt=\"\" srcset=\"https:\/\/memoria2018.sigaus.es\/wp-content\/uploads\/2019\/06\/ECONOMIA-CIRCULAR-2018-00013.jpeg 2500w, https:\/\/memoria2018.sigaus.es\/wp-content\/uploads\/2019\/06\/ECONOMIA-CIRCULAR-2018-00013-300x200.jpeg 300w, https:\/\/memoria2018.sigaus.es\/wp-content\/uploads\/2019\/06\/ECONOMIA-CIRCULAR-2018-00013-768x513.jpeg 768w, https:\/\/memoria2018.sigaus.es\/wp-content\/uploads\/2019\/06\/ECONOMIA-CIRCULAR-2018-00013-1024x684.jpeg 1024w\" sizes=\"auto, (max-width: 2500px) 100vw, 2500px\" \/><img loading=\"lazy\" decoding=\"async\" width=\"2500\" height=\"1669\" src=\"https:\/\/memoria2018.sigaus.es\/wp-content\/uploads\/2019\/06\/ECONOMIA-CIRCULAR-2018-00014.jpeg\" class=\"attachment-full\" alt=\"\" srcset=\"https:\/\/memoria2018.sigaus.es\/wp-content\/uploads\/2019\/06\/ECONOMIA-CIRCULAR-2018-00014.jpeg 2500w, https:\/\/memoria2018.sigaus.es\/wp-content\/uploads\/2019\/06\/ECONOMIA-CIRCULAR-2018-00014-300x200.jpeg 300w, https:\/\/memoria2018.sigaus.es\/wp-content\/uploads\/2019\/06\/ECONOMIA-CIRCULAR-2018-00014-768x513.jpeg 768w, https:\/\/memoria2018.sigaus.es\/wp-content\/uploads\/2019\/06\/ECONOMIA-CIRCULAR-2018-00014-1024x684.jpeg 1024w\" sizes=\"auto, (max-width: 2500px) 100vw, 2500px\" \/><img loading=\"lazy\" decoding=\"async\" width=\"2500\" height=\"1669\" src=\"https:\/\/memoria2018.sigaus.es\/wp-content\/uploads\/2019\/06\/ECONOMIA-CIRCULAR-2018-00015.jpeg\" class=\"attachment-full\" alt=\"\" srcset=\"https:\/\/memoria2018.sigaus.es\/wp-content\/uploads\/2019\/06\/ECONOMIA-CIRCULAR-2018-00015.jpeg 2500w, https:\/\/memoria2018.sigaus.es\/wp-content\/uploads\/2019\/06\/ECONOMIA-CIRCULAR-2018-00015-300x200.jpeg 300w, https:\/\/memoria2018.sigaus.es\/wp-content\/uploads\/2019\/06\/ECONOMIA-CIRCULAR-2018-00015-768x513.jpeg 768w, https:\/\/memoria2018.sigaus.es\/wp-content\/uploads\/2019\/06\/ECONOMIA-CIRCULAR-2018-00015-1024x684.jpeg 1024w\" sizes=\"auto, (max-width: 2500px) 100vw, 2500px\" \/><img loading=\"lazy\" decoding=\"async\" width=\"2500\" height=\"1669\" src=\"https:\/\/memoria2018.sigaus.es\/wp-content\/uploads\/2019\/06\/ECONOMIA-CIRCULAR-2018-00016.jpeg\" class=\"attachment-full\" alt=\"\" srcset=\"https:\/\/memoria2018.sigaus.es\/wp-content\/uploads\/2019\/06\/ECONOMIA-CIRCULAR-2018-00016.jpeg 2500w, https:\/\/memoria2018.sigaus.es\/wp-content\/uploads\/2019\/06\/ECONOMIA-CIRCULAR-2018-00016-300x200.jpeg 300w, https:\/\/memoria2018.sigaus.es\/wp-content\/uploads\/2019\/06\/ECONOMIA-CIRCULAR-2018-00016-768x513.jpeg 768w, https:\/\/memoria2018.sigaus.es\/wp-content\/uploads\/2019\/06\/ECONOMIA-CIRCULAR-2018-00016-1024x684.jpeg 1024w\" sizes=\"auto, (max-width: 2500px) 100vw, 2500px\" \/><img loading=\"lazy\" decoding=\"async\" width=\"2500\" height=\"1669\" src=\"https:\/\/memoria2018.sigaus.es\/wp-content\/uploads\/2019\/06\/ECONOMIA-CIRCULAR-2018-00017.jpeg\" class=\"attachment-full\" alt=\"\" srcset=\"https:\/\/memoria2018.sigaus.es\/wp-content\/uploads\/2019\/06\/ECONOMIA-CIRCULAR-2018-00017.jpeg 2500w, https:\/\/memoria2018.sigaus.es\/wp-content\/uploads\/2019\/06\/ECONOMIA-CIRCULAR-2018-00017-300x200.jpeg 300w, https:\/\/memoria2018.sigaus.es\/wp-content\/uploads\/2019\/06\/ECONOMIA-CIRCULAR-2018-00017-768x513.jpeg 768w, https:\/\/memoria2018.sigaus.es\/wp-content\/uploads\/2019\/06\/ECONOMIA-CIRCULAR-2018-00017-1024x684.jpeg 1024w\" sizes=\"auto, (max-width: 2500px) 100vw, 2500px\" \/><img loading=\"lazy\" decoding=\"async\" width=\"2500\" height=\"1669\" src=\"https:\/\/memoria2018.sigaus.es\/wp-content\/uploads\/2019\/06\/ECONOMIA-CIRCULAR-2018-00018.jpeg\" class=\"attachment-full\" alt=\"\" srcset=\"https:\/\/memoria2018.sigaus.es\/wp-content\/uploads\/2019\/06\/ECONOMIA-CIRCULAR-2018-00018.jpeg 2500w, https:\/\/memoria2018.sigaus.es\/wp-content\/uploads\/2019\/06\/ECONOMIA-CIRCULAR-2018-00018-300x200.jpeg 300w, https:\/\/memoria2018.sigaus.es\/wp-content\/uploads\/2019\/06\/ECONOMIA-CIRCULAR-2018-00018-768x513.jpeg 768w, https:\/\/memoria2018.sigaus.es\/wp-content\/uploads\/2019\/06\/ECONOMIA-CIRCULAR-2018-00018-1024x684.jpeg 1024w\" sizes=\"auto, (max-width: 2500px) 100vw, 2500px\" \/><img loading=\"lazy\" decoding=\"async\" width=\"2500\" height=\"1669\" src=\"https:\/\/memoria2018.sigaus.es\/wp-content\/uploads\/2019\/06\/ECONOMIA-CIRCULAR-2018-00001.jpeg\" class=\"attachment-full\" alt=\"\" srcset=\"https:\/\/memoria2018.sigaus.es\/wp-content\/uploads\/2019\/06\/ECONOMIA-CIRCULAR-2018-00001.jpeg 2500w, https:\/\/memoria2018.sigaus.es\/wp-content\/uploads\/2019\/06\/ECONOMIA-CIRCULAR-2018-00001-300x200.jpeg 300w, https:\/\/memoria2018.sigaus.es\/wp-content\/uploads\/2019\/06\/ECONOMIA-CIRCULAR-2018-00001-768x513.jpeg 768w, https:\/\/memoria2018.sigaus.es\/wp-content\/uploads\/2019\/06\/ECONOMIA-CIRCULAR-2018-00001-1024x684.jpeg 1024w\" sizes=\"auto, (max-width: 2500px) 100vw, 2500px\" \/><\/div><\/div>[\/vc_column][\/vc_row][vc_row type=\u00bbfull-width-content\u00bb bg_type=\u00bbimage\u00bb parallax_style=\u00bbvcpb-default\u00bb bg_image_new=\u00bbid^683|url^https:\/\/memoria2018.sigaus.es\/wp-content\/uploads\/2019\/06\/bg-water-2.png|caption^null|alt^null|title^bg-water-2|description^null\u00bb bg_override=\u00bbfull\u00bb el_class=\u00bbiv-bg-water-marco\u00bb][vc_column][vc_raw_html]JTNDJTIxLS0lMjBFZmVjdG8lMjBhY3VhcmVsYSUyMHYxLS0lM0UlMEElM0MlMjEtLSUyMEVmZWN0byUyMGFjdWFyZWxhJTNBJTIwRXN0YSUyMGNhcGElMjBzZSUyMHBvbmUlMjBzb2JyZSUyMGxhJTIwYW50ZXJpb3IlMkMlMjBoYWNpZW5kbyUyMHF1ZSUyMGFsJTIwcGllJTIwZGUlMjBsYSUyMGNhcGElMjBhbnRlcmlvciUyMGJnJTIwYXBhcmV6Y2ElMjB1bmElMjBpbWFnZW4lMjBkZSUyMGFjdWFyZWxhLS0lM0U=[\/vc_raw_html][vc_empty_space height=\u00bb100px\u00bb][\/vc_column][\/vc_row][vc_row type=\u00bbfull-width-content\u00bb el_class=\u00bbiv-bg-deg iv-hidden-m\u00bb][vc_column el_class=\u00bbiv-hidden-m\u00bb offset=\u00bbvc_hidden-xs\u00bb][vc_raw_html]JTNDJTIxLS0lMjBFZmVjdG8lMjBkZWclMjAtLSUzRQ==[\/vc_raw_html][\/vc_column][\/vc_row][vc_row type=\u00bbfull-width-section\u00bb content_placement=\u00bbmiddle\u00bb el_class=\u00bbiv-hidden-m-sup\u00bb][vc_column offset=\u00bbvc_hidden-lg vc_hidden-md vc_hidden-sm\u00bb][vc_row_inner equal_height=\u00bbyes\u00bb content_placement=\u00bbmiddle\u00bb][vc_column_inner el_class=\u00bbiv-col-12-s iv-col-4-m\u00bb width=\u00bb1\/3&#8243;][vc_single_image image=\u00bb1142&#8243; img_size=\u00bbmedium\u00bb alignment=\u00bbcenter\u00bb onclick=\u00bbcustom_link\u00bb link=\u00bbhttps:\/\/memoria2018.sigaus.es\/index.php\/huella-divulgativa\/comunicacion-corporativa\/\u00bb][vc_empty_space height=\u00bb30px\u00bb][\/vc_column_inner][vc_column_inner el_class=\u00bbiv-col-12-s iv-col-4-m\u00bb width=\u00bb1\/3&#8243;][vc_single_image image=\u00bb1155&#8243; img_size=\u00bbmedium\u00bb alignment=\u00bbcenter\u00bb onclick=\u00bbcustom_link\u00bb link=\u00bbhttps:\/\/memoria2018.sigaus.es\/index.php\/huella-divulgativa\/redes-sociales\/\u00bb][vc_empty_space height=\u00bb30px\u00bb][\/vc_column_inner][vc_column_inner el_class=\u00bbiv-col-12-s iv-col-4-m\u00bb width=\u00bb1\/3&#8243;][vc_single_image image=\u00bb1158&#8243; img_size=\u00bbmedium\u00bb alignment=\u00bbcenter\u00bb onclick=\u00bbcustom_link\u00bb link=\u00bbhttps:\/\/memoria2018.sigaus.es\/index.php\/huella-divulgativa\/medios-de-comunicacion\/\u00bb][vc_empty_space height=\u00bb30px\u00bb][\/vc_column_inner][\/vc_row_inner][\/vc_column][\/vc_row][vc_row type=\u00bbfull-width-section\u00bb content_placement=\u00bbmiddle\u00bb bg_type=\u00bbimage\u00bb parallax_style=\u00bbvcpb-vz-jquery\u00bb bg_image_new=\u00bbid^1592|url^https:\/\/memoria2018.sigaus.es\/wp-content\/uploads\/2019\/06\/Nuestra-comunicacion-dejando-huellas-en-la-sociedad-footer.jpg|caption^null|alt^null|title^Nuestra-comunicacion-dejando-huellas-en-la-sociedad-footer|description^null\u00bb bg_image_repeat=\u00bbno-repeat\u00bb bg_override=\u00bbex-full\u00bb el_class=\u00bbiv-hidden-m\u00bb][vc_column el_class=\u00bbiv-hidden-m-sup\u00bb offset=\u00bbvc_hidden-xs\u00bb][vc_empty_space height=\u00bb100px\u00bb][vc_row_inner equal_height=\u00bbyes\u00bb content_placement=\u00bbmiddle\u00bb][vc_column_inner el_class=\u00bbiv-col-12-s iv-col-4-m\u00bb width=\u00bb1\/3&#8243;][vc_single_image image=\u00bb1142&#8243; img_size=\u00bbmedium\u00bb alignment=\u00bbcenter\u00bb onclick=\u00bbcustom_link\u00bb link=\u00bbhttps:\/\/memoria2018.sigaus.es\/index.php\/huella-divulgativa\/comunicacion-corporativa\/\u00bb][vc_empty_space height=\u00bb30px\u00bb][\/vc_column_inner][vc_column_inner el_class=\u00bbiv-col-12-s iv-col-4-m\u00bb width=\u00bb1\/3&#8243;][vc_single_image image=\u00bb1155&#8243; img_size=\u00bbmedium\u00bb alignment=\u00bbcenter\u00bb onclick=\u00bbcustom_link\u00bb link=\u00bbhttps:\/\/memoria2018.sigaus.es\/index.php\/huella-divulgativa\/redes-sociales\/\u00bb][vc_empty_space height=\u00bb30px\u00bb][\/vc_column_inner][vc_column_inner el_class=\u00bbiv-col-12-s iv-col-4-m\u00bb width=\u00bb1\/3&#8243;][vc_single_image image=\u00bb1158&#8243; img_size=\u00bbmedium\u00bb alignment=\u00bbcenter\u00bb onclick=\u00bbcustom_link\u00bb link=\u00bbhttps:\/\/memoria2018.sigaus.es\/index.php\/huella-divulgativa\/medios-de-comunicacion\/\u00bb][vc_empty_space height=\u00bb30px\u00bb][\/vc_column_inner][\/vc_row_inner][vc_empty_space height=\u00bb100px\u00bb][\/vc_column][\/vc_row][vc_row type=\u00bbfull-width-content\u00bb bg_type=\u00bbimage\u00bb parallax_style=\u00bbvcpb-default\u00bb bg_image_new=\u00bbid^683|url^https:\/\/memoria2018.sigaus.es\/wp-content\/uploads\/2019\/06\/bg-water-2.png|caption^null|alt^null|title^bg-water-2|description^null\u00bb bg_override=\u00bbfull\u00bb el_class=\u00bbiv-bg-water-marco\u00bb][vc_column][vc_raw_html]JTNDJTIxLS0lMjBFZmVjdG8lMjBhY3VhcmVsYSUyMHYxLS0lM0UlMEElM0MlMjEtLSUyMEVmZWN0byUyMGFjdWFyZWxhJTNBJTIwRXN0YSUyMGNhcGElMjBzZSUyMHBvbmUlMjBzb2JyZSUyMGxhJTIwYW50ZXJpb3IlMkMlMjBoYWNpZW5kbyUyMHF1ZSUyMGFsJTIwcGllJTIwZGUlMjBsYSUyMGNhcGElMjBhbnRlcmlvciUyMGJnJTIwYXBhcmV6Y2ElMjB1bmElMjBpbWFnZW4lMjBkZSUyMGFjdWFyZWxhLS0lM0U=[\/vc_raw_html][\/vc_column][\/vc_row]<\/p>\n","protected":false},"excerpt":{"rendered":"<p>[vc_row css=\u00bb.vc_custom_1563799341955{margin-top: 0px !important;margin-bottom: 0px !important;padding-top: 0px !important;padding-bottom: 0px !important;}\u00bb el_class=\u00bbiv-flotar-der-m\u00bb][vc_column css=\u00bb.vc_custom_1563272877978{margin-top: 0px !important;margin-bottom: 0px !important;padding-top: 0px !important;padding-bottom: 0px !important;}\u00bb]Volver [\/vc_column][\/vc_row][vc_row type=\u00bbfull-width-content\u00bb el_class=\u00bbiv-bg-deg iv-hidden-m\u00bb][vc_column css=\u00bb.vc_custom_1563284418813{margin-top: 0px !important;padding-top: 0px !important;}\u00bb][vc_raw_html]JTNDJTIxLS0lMjBFZmVjdG8lMjBkZWdyYWRhZG8tLSUzRSUwQSUzQyUyMS0tJTIwRWZlY3RvJTIwZGVncmFkYWRvJTNBJTIwRXN0YSUyMGNhcGElMjBzZSUyMHBvbmUlMjBzb2JyZSUyMGxhJTIwcG9zdGVyaW9yJTJDJTIwaGFjaWVuZG8lMjBxdWUlMjBsYSUyMGNhYmVjZXJhJTIwZGUlMjBsYSUyMGNhcGElMjBwb3N0ZXJpb3IlMjBhcGFyZXpjYSUyMHVuYSUyMGltYWdlbiUyMGJsYW5jYSUyMGRlJTIwZGVncmFkYWRvLS0lM0U=[\/vc_raw_html][\/vc_column][\/vc_row][vc_row type=\u00bbfull-width-section\u00bb content_placement=\u00bbtop\u00bb bg_type=\u00bbimage\u00bb parallax_style=\u00bbvcpb-vz-jquery\u00bb bg_image_new=\u00bbid^1098|url^https:\/\/memoria2018.sigaus.es\/wp-content\/uploads\/2019\/05\/Nosotros_fondoGI.png|caption^null|alt^null|title^Nosotros_fondoGI|description^null\u00bb bg_image_repeat=\u00bbno-repeat\u00bb bg_override=\u00bbex-full\u00bb css=\u00bb.vc_custom_1560168241101{background-position: center !important;background-repeat: no-repeat !important;background-size: cover !important;}\u00bb][vc_column][vc_empty_space height=\u00bb120px\u00bb][vc_row_inner equal_height=\u00bbyes\u00bb content_placement=\u00bbtop\u00bb][vc_column_inner width=\u00bb1\/4&#8243;][vc_single_image image=\u00bb1882&#8243; img_size=\u00bbfull\u00bb alignment=\u00bbcenter\u00bb animation=\u00bbrda_fadeInUp\u00bb][vc_empty_space height=\u00bb20px\u00bb][\/vc_column_inner][vc_column_inner width=\u00bb3\/4&#8243; animation=\u00bbrda_fadeIn\u00bb][vc_column_text] EVENTOS<br \/><a href=\"https:\/\/memoria2018.sigaus.es\/index.php\/huella-divulgativa\/eventos-y-ferias\/\" class=\"more\">Read more<\/a><\/p>\n","protected":false},"author":7,"featured_media":0,"parent":1163,"menu_order":16,"comment_status":"closed","ping_status":"closed","template":"","meta":{"_monsterinsights_skip_tracking":false,"_monsterinsights_sitenote_active":false,"_monsterinsights_sitenote_note":"","_monsterinsights_sitenote_category":0,"footnotes":""},"class_list":["post-2019","page","type-page","status-publish","hentry"],"_links":{"self":[{"href":"https:\/\/memoria2018.sigaus.es\/index.php\/wp-json\/wp\/v2\/pages\/2019","targetHints":{"allow":["GET"]}}],"collection":[{"href":"https:\/\/memoria2018.sigaus.es\/index.php\/wp-json\/wp\/v2\/pages"}],"about":[{"href":"https:\/\/memoria2018.sigaus.es\/index.php\/wp-json\/wp\/v2\/types\/page"}],"author":[{"embeddable":true,"href":"https:\/\/memoria2018.sigaus.es\/index.php\/wp-json\/wp\/v2\/users\/7"}],"replies":[{"embeddable":true,"href":"https:\/\/memoria2018.sigaus.es\/index.php\/wp-json\/wp\/v2\/comments?post=2019"}],"version-history":[{"count":135,"href":"https:\/\/memoria2018.sigaus.es\/index.php\/wp-json\/wp\/v2\/pages\/2019\/revisions"}],"predecessor-version":[{"id":5766,"href":"https:\/\/memoria2018.sigaus.es\/index.php\/wp-json\/wp\/v2\/pages\/2019\/revisions\/5766"}],"up":[{"embeddable":true,"href":"https:\/\/memoria2018.sigaus.es\/index.php\/wp-json\/wp\/v2\/pages\/1163"}],"wp:attachment":[{"href":"https:\/\/memoria2018.sigaus.es\/index.php\/wp-json\/wp\/v2\/media?parent=2019"}],"curies":[{"name":"wp","href":"https:\/\/api.w.org\/{rel}","templated":true}]}}